{"id":14906,"date":"2014-04-30T01:00:37","date_gmt":"2014-04-29T23:00:37","guid":{"rendered":"https:\/\/www.antipodes.cafe\/unflagg\/exhibition-utforsking-av-norges-flagg-1\/"},"modified":"2017-03-15T06:36:32","modified_gmt":"2017-03-15T05:36:32","slug":"exhibition-utforsking-av-norges-flagg-1","status":"publish","type":"unf","link":"https:\/\/www.antipodes.cafe\/es\/unflagg\/exhibition-utforsking-av-norges-flagg-1\/","title":{"rendered":"Utforsking av Norges Flagg #1"},"content":{"rendered":"<p>La primera exposici\u00f3n sobre el proyecto\u00bbUtforsking av Norges flagg\u00bb <em>(Exploraciones en la bandera de Noruega)<\/em> incluy\u00f3:<\/p>\n<ul>\n<li>Una linea de tiempo sobre el desarrollo de la bandera de Noruega, incluyendo las utilizadas de forma oficial as\u00ed como diversas propuestas oficiales presentadas a lo largo de los a\u00f1os.<\/li>\n<li>Resultados de los primeros talleres en escuelas relacionados\u00a0a este\u00a0proyecto (Propuestas de banderas personales de cada participante, as\u00ed como palabras para describir Noruega. Estas \u00faltimas escritas con tiza sobre la pared pintada de negro)<\/li>\n<li>Una instalaci\u00f3n interactiva llamada \u00abEndre\u00bb donde los visitantes pod\u00edan explorar en la bandera actual de Noruega.<\/li>\n<li>Una instalaci\u00f3n interactiva donde los visitantes pod\u00edan desarrollar su propia bandera, la cual pod\u00eda ser vista al instante en la exposici\u00f3n. Esta plataforma digital tambi\u00e9n est\u00e1 publicada online, habilitando a otras personas a participar de la muestra a la distancia.<\/li>\n<li>Un ordenador con una p\u00e1gina espec\u00edfica para comentarios en el sitio web del proyecto.<\/li>\n<li>Una obra llamada \u00abMemoria\u00bb que consiste en una ventana cubierta con una pieza de madera OSB, grabada con un texto sobre la muestra y con una perforaci\u00f3n que remite a la bandera de Noruega. Esta madera fue recogida de la basura y fue utilizada para cubrir una de las tantas ventanas rotas el d\u00eda del ataque terrorista en Oslo efectuado por un\u00a0ultra-nacionalista Noruego. Seis a\u00f1os ya han pasado y a\u00fan quedan varias ventanas cubiertas con tales maderas.<\/li>\n<\/ul>\n<p>Durante la muestra, instalamos la primera <a href=\"https:\/\/www.antipodes.cafe\/es\/unflagg\/utforsking-av-norges-flagg\/\">intervencion<\/a>\u00a0urbana relacionada a este\u00a0proyecto\u00a0y\u00a0<a href=\"https:\/\/www.antipodes.cafe\/es\/lecture\/presentacion-utforsking-av-norges-flagg\/\">presentamos<\/a>\u00a0el proyecto a ni\u00f1os de la Escuela Alemana en Oslo.<\/p>\n<p>La exposici\u00f3n fue montada a puertas abiertas durante Oslo Open y cerr\u00f3 durante\u00a0Oslo Art Weeked.<\/p>\n<p><span class=\"text_exposed_show\"><a href=\"https:\/\/www.antipodes.cafe\/norgesflagg\" target=\"_blank\" rel=\"nofollow nofollow\">antipodescafe.org\/<wbr \/>norgesflagg<\/a><\/span><\/p>\n<hr \/>\n<h5><strong>EXPOSICI\u00d3N\u00a0Utforsking av Norges flagg #1<\/strong><\/h5>\n<p><strong>Proyecto presentado:<\/strong>\u00a0Utforsking av Norges flagg. <em>(Exploraciones en la bandera de Noruega)<br \/>\n<\/em><strong>Directores de la galer\u00eda Tenthaus Oslo:<\/strong> <em>Helen Eriksen, Ebba Moi and Stefan Schr\u00f6der<\/em><\/p>\n<h5><span style=\"color: #408edd;\"><strong>Fotos<\/strong><\/span><\/h5>\n<p>Tenthaus Oslo \u00a9 2014<\/p>\n<h5><span style=\"color: #408edd;\"><strong>Poster<\/strong><\/span><\/h5>\n<p>antipodes caf\u00e9<\/p>\n<hr \/>\n<h5><span style=\"color: #408edd;\">GRACIAS<\/span><\/h5>\n<p>&#8211; Tenthaus Oslo<br \/>\n&#8211; CH Prosjekt AS<br \/>\n&#8211;\u00a0Broderi Laser Experten<br \/>\n&#8211; MBE Mail Boxes etc.<br \/>\n&#8211; Francisco Magnone (pancho.uy)<br \/>\n&#8211; &amp;:\u00a0<a href=\"https:\/\/www.antipodes.cafe\/unf\/takk\" target=\"_blank\" rel=\"nofollow nofollow\">https:\/\/www.antipodes.cafe\/<wbr \/>unf\/takk<\/a><\/p>\n<hr \/>\n<h5><span style=\"color: #408edd;\">PRENSA (selecci\u00f3n)<\/span><\/h5>\n<p class=\"title title-large article-title\"><em><a href=\"https:\/\/www.nrk.no\/17mai\/det-norske-flagg-kunne-vaert-gront-1.11683451\">Esta podr\u00eda haber sido la bandera de Noruega <\/a>\u00a0<\/em>(Art\u00edculo en Noruego) por\u00a0<a class=\"author__name\">Tonje Bergmo,\u00a0<\/a>NRK. 2014<\/p>\n<hr \/>\n<p><img loading=\"lazy\" decoding=\"async\" class=\"alignnone size-full wp-image-14831\" src=\"https:\/\/www.antipodes.cafe\/wp-content\/uploads\/2014\/05\/ae14-unf-poster.jpg\" alt=\"\" width=\"212\" height=\"300\" \/><\/p>\n","protected":false},"author":11,"featured_media":9486,"comment_status":"closed","ping_status":"closed","template":"","meta":{"ngg_post_thumbnail":0},"locations":[507,505],"listing_categories":[454],"class_list":["post-14906","unf","type-unf","status-publish","has-post-thumbnail","hentry","locations-norway-es","locations-oslo-es-2","listing_categories-exhibition-es"],"cmb2":{"listing_unf_general":{"listing_title":"Utforsking av Norges Flagg #1","listing_description":"La primera exposici\u00f3n sobre el proyecto\"Utforsking av Norges flagg\" <em>(Exploraciones en la bandera de Noruega)<\/em> incluy\u00f3:\r\n<ul>\r\n \t<li>Una linea de tiempo sobre el desarrollo de la bandera de Noruega, incluyendo las utilizadas de forma oficial as\u00ed como diversas propuestas oficiales presentadas a lo largo de los a\u00f1os.<\/li>\r\n \t<li>Resultados de los primeros talleres en escuelas relacionados\u00a0a este\u00a0proyecto (Propuestas de banderas personales de cada participante, as\u00ed como palabras para describir Noruega. Estas \u00faltimas escritas con tiza sobre la pared pintada de negro)<\/li>\r\n \t<li>Una instalaci\u00f3n interactiva llamada \"Endre\" donde los visitantes pod\u00edan explorar en la bandera actual de Noruega.<\/li>\r\n \t<li>Una instalaci\u00f3n interactiva donde los visitantes pod\u00edan desarrollar su propia bandera, la cual pod\u00eda ser vista al instante en la exposici\u00f3n. Esta plataforma digital tambi\u00e9n est\u00e1 publicada online, habilitando a otras personas a participar de la muestra a la distancia.<\/li>\r\n \t<li>Un ordenador con una p\u00e1gina espec\u00edfica para comentarios en el sitio web del proyecto.<\/li>\r\n \t<li>Una obra llamada \"Memoria\" que consiste en una ventana cubierta con una pieza de madera OSB, grabada con un texto sobre la muestra y con una perforaci\u00f3n que remite a la bandera de Noruega. Esta madera fue recogida de la basura y fue utilizada para cubrir una de las tantas ventanas rotas el d\u00eda del ataque terrorista en Oslo efectuado por un\u00a0ultra-nacionalista Noruego. Seis a\u00f1os ya han pasado y a\u00fan quedan varias ventanas cubiertas con tales maderas.<\/li>\r\n<\/ul>\r\nDurante la muestra, instalamos la primera <a href=\"https:\/\/www.antipodes.cafe\/unflagg\/utforsking-av-norges-flagg\/\">intervencion<\/a>\u00a0urbana relacionada a este\u00a0proyecto\u00a0y\u00a0<a href=\"https:\/\/www.antipodes.cafe\/lecture\/presentation-utforsking-av-norges-flagg\/\">presentamos<\/a>\u00a0el proyecto a ni\u00f1os de la Escuela Alemana en Oslo.\r\n\r\nLa exposici\u00f3n fue montada a puertas abiertas durante Oslo Open y cerr\u00f3 durante\u00a0Oslo Art Weeked.\r\n\r\n<span class=\"text_exposed_show\"><a href=\"https:\/\/www.antipodes.cafe\/norgesflagg\" target=\"_blank\" rel=\"nofollow nofollow\">antipodescafe.org\/<wbr \/>norgesflagg<\/a><\/span>\r\n\r\n<hr \/>\r\n\r\n<h5><strong>EXPOSICI\u00d3N\u00a0Utforsking av Norges flagg #1<\/strong><\/h5>\r\n<strong>Proyecto presentado:<\/strong>\u00a0Utforsking av Norges flagg. <em>(Exploraciones en la bandera de Noruega)\r\n<\/em><strong>Directores de la galer\u00eda Tenthaus Oslo:<\/strong> <em>Helen Eriksen, Ebba Moi and Stefan Schr\u00f6der<\/em>\r\n<h5><span style=\"color: #408edd;\"><strong>Fotos<\/strong><\/span><\/h5>\r\nTenthaus Oslo \u00a9 2014\r\n<h5><span style=\"color: #408edd;\"><strong>Poster<\/strong><\/span><\/h5>\r\nantipodes caf\u00e9\r\n\r\n<hr \/>\r\n\r\n<h5><span style=\"color: #408edd;\">GRACIAS<\/span><\/h5>\r\n- Tenthaus Oslo\r\n- CH Prosjekt AS\r\n-\u00a0Broderi Laser Experten\r\n- MBE Mail Boxes etc.\r\n- Francisco Magnone (pancho.uy)\r\n- &amp;:\u00a0<a href=\"https:\/\/www.antipodes.cafe\/unf\/takk\" target=\"_blank\" rel=\"nofollow nofollow\">https:\/\/www.antipodes.cafe\/<wbr \/>unf\/takk<\/a>\r\n\r\n<hr \/>\r\n\r\n<h5><span style=\"color: #408edd;\">PRENSA (selecci\u00f3n)<\/span><\/h5>\r\n<p class=\"title title-large article-title\"><em><a href=\"https:\/\/www.nrk.no\/17mai\/det-norske-flagg-kunne-vaert-gront-1.11683451\">Esta podr\u00eda haber sido la bandera de Noruega <\/a>\u00a0<\/em>(Art\u00edculo en Noruego) por\u00a0<a class=\"author__name\">Tonje Bergmo,\u00a0<\/a>NRK. 2014<\/p>\r\n\r\n\r\n<hr \/>\r\n\r\n<img class=\"alignnone size-full wp-image-14831\" src=\"https:\/\/www.antipodes.cafe\/wp-content\/uploads\/2014\/05\/ae14-unf-poster.jpg\" alt=\"\" width=\"212\" height=\"300\" \/>","listing_featured_image":"https:\/\/www.antipodes.cafe\/wp-content\/uploads\/2017\/02\/54_mg7747.jpg","listing_featured_image_id":""},"listing_unf_banner":{"listing_banner":"banner_featured_image","listing_banner_image":"","listing_banner_image_id":"","listing_banner_video":"","listing_banner_video_id":"","listing_banner_video_embed":"","listing_banner_map_zoom":"12","listing_banner_map_type":"SATELLITE","listing_banner_map_marker":""},"listing_unf_gallery":{"listing_gallery":{"8424":"https:\/\/www.antipodes.cafe\/wp-content\/uploads\/2017\/02\/54_mg7752.jpg","8423":"https:\/\/www.antipodes.cafe\/wp-content\/uploads\/2017\/02\/54_mg7747.jpg","8422":"https:\/\/www.antipodes.cafe\/wp-content\/uploads\/2017\/02\/54_mg7730.jpg","8421":"https:\/\/www.antipodes.cafe\/wp-content\/uploads\/2017\/02\/54_mg7724.jpg","8420":"https:\/\/www.antipodes.cafe\/wp-content\/uploads\/2017\/02\/54_mg7722.jpg","8419":"https:\/\/www.antipodes.cafe\/wp-content\/uploads\/2017\/02\/54_mg7721.jpg"}},"listing_unf_video":{"listing_video":""},"listing_unf_listing_category":{"listing_listing_category":["exhibition"]},"listing_unf_location":{"listing_address":"Maridalsveien 3, \r\n0178 Oslo, Norway","listing_locations":["norway","oslo"],"listing_map_location":{"address":" Maridalsveien 3, 0178 Oslo","latitude":"59.920097358908386","longitude":"10.75151056627044"},"listing_map_location_polygon":"","listing_street_view":"","listing_street_view_location":{"latitude":"37.81240457820649","longitude":"-122.4760775295691","zoom":"1.1668725314523716","heading":"-18","pitch":"25"},"listing_inside_view":"","listing_inside_view_location":{"latitude":"37.81240457820649","longitude":"-122.4760775295691","zoom":"1.1668725314523716","heading":"-18","pitch":"25"},"listing_venue":"Tenthaus Oslo"},"listing_unf_date":{"listing_date":""},"listing_unf_time":{"listing_time":""},"listing_unf_date_interval":{"listing_date_from":"1398729600","listing_date_to":"1400889600"},"listing_unf_datetime_interval":{"listing_datetime_from":"","listing_datetime_to":""},"listing_unf_time_interval":{"listing_time_from":"","listing_time_to":""},"listing_unf_date_and_time_interval":{"listing_date":"","listing_time_from":"","listing_time_to":""}},"_links":{"self":[{"href":"https:\/\/www.antipodes.cafe\/es\/wp-json\/wp\/v2\/unf\/14906","targetHints":{"allow":["GET"]}}],"collection":[{"href":"https:\/\/www.antipodes.cafe\/es\/wp-json\/wp\/v2\/unf"}],"about":[{"href":"https:\/\/www.antipodes.cafe\/es\/wp-json\/wp\/v2\/types\/unf"}],"author":[{"embeddable":true,"href":"https:\/\/www.antipodes.cafe\/es\/wp-json\/wp\/v2\/users\/11"}],"replies":[{"embeddable":true,"href":"https:\/\/www.antipodes.cafe\/es\/wp-json\/wp\/v2\/comments?post=14906"}],"wp:featuredmedia":[{"embeddable":true,"href":"https:\/\/www.antipodes.cafe\/es\/wp-json\/wp\/v2\/media\/9486"}],"wp:attachment":[{"href":"https:\/\/www.antipodes.cafe\/es\/wp-json\/wp\/v2\/media?parent=14906"}],"wp:term":[{"taxonomy":"locations","embeddable":true,"href":"https:\/\/www.antipodes.cafe\/es\/wp-json\/wp\/v2\/locations?post=14906"},{"taxonomy":"listing_categories","embeddable":true,"href":"https:\/\/www.antipodes.cafe\/es\/wp-json\/wp\/v2\/listing_categories?post=14906"}],"curies":[{"name":"wp","href":"https:\/\/api.w.org\/{rel}","templated":true}]}}