{"id":37149,"date":"2021-03-08T10:00:51","date_gmt":"2021-03-08T09:00:51","guid":{"rendered":"https:\/\/www.antipodes.cafe\/souvenirs\/sin%20categor\u00eda\/unf-2012-2021-2a-edicion-prueba-de-impresion\/"},"modified":"2025-07-28T15:06:18","modified_gmt":"2025-07-28T13:06:18","slug":"unf-2012-2021-2a-edicion-prueba-de-impresion","status":"publish","type":"product","link":"https:\/\/www.antipodes.cafe\/es\/souvenirs\/illustration-es\/unf-2012-2021-2a-edicion-prueba-de-impresion\/","title":{"rendered":"UNF 2012-2021 (2a edici\u00f3n, prueba de impresi\u00f3n)"},"content":{"rendered":"<p><strong>PI.OFFSET<\/strong><\/p>\n<p><strong>2\u00aa Edici\u00f3n<\/strong><span style=\"color: #ff0000;\">\u00a0<\/span><strong><span style=\"color: #ff0000;\">[distribuci\u00f3n: Bokbasen.no]<\/span><br \/>\n<\/strong><\/p>\n<p><strong>\u2022 Noviembre 2021<\/strong><br \/>\n<strong>\u2022 Impresi\u00f3n Offset<\/strong><br \/>\n<strong>\u2022 50 copias numeradas<\/strong><br \/>\n\u2022 Tapas: Dura con relleno acolchonado y cuierta en tela blanca opaca.<br \/>\n\u2022 Lomo recto.<br \/>\n\u2022 Canto nergo.<br \/>\n\u2022 2 marcalibros de tela negros.<br \/>\n\u2022 Guardas negras (115 gr ), impresas con laca UV (dos dise\u00f1os).<br \/>\n\u2022<strong> 1184 p\u00e1ginas<\/strong> papel 90gr semi-estucado (CMYK+ gold: PMS 874 + gold: PMS 871) Propenso a ondulaciones como las banderas al flamear<br \/>\n\u2022 ca. 1kg.<br \/>\n\u2022 Numerosas correcciones e informaci\u00f3n agregada en relaci\u00f3n a exploraciones desarrolladas por antipodes caf\u00e9 en Bergen 2021.<br \/>\n\u2022 Impreso en Riga.<\/p>\n<p>\u2022 Lanzamiento: Noviembre 4, 2021, Sala de actos principal, Biblioteca Nacional de Noruega, Oslo. Seminario sobre Secularizaci\u00f3n del estado y s\u00edmbolos nacionales.<\/p>\n<p>\/\/\/\/\/\/\/\/\/\/\/\/\/\/\/\/\/\/\/\/\/\/\/\/\/<br \/>\n<strong>1\u00aa edici\u00f3n <\/strong><span style=\"color: #ff0000;\">[no disponible]<\/span><\/p>\n<p><strong>\u2022 Abril 2021<\/strong><br \/>\n<strong>\u2022 Impresi\u00f3n digital (CMYK)<\/strong><br \/>\n\u2022 Tapas: Dura con relleno acolchonado y cuierta en tela blanca opaca.<br \/>\n\u2022 Lomo recto.<br \/>\n\u2022 Canto nergo.<br \/>\n\u2022 2 marcalibros de tela negros.<br \/>\n\u2022 Guardas negras (115 gr ), impresas con laca UV (dos dise\u00f1os).<br \/>\n<strong>\u2022 1152 p\u00e1ginas<\/strong> 90gr papel semi-estucado<br \/>\n\u2022 ca. 1kg.<br \/>\n\u2022 Primera edici\u00f3n del libro. (video)<br \/>\n\u2022 Impreso en Riga.<\/p>\n<p>\u2022 Lanzamiento: Mayo 4 2021, Simposio: \u00abUtforsking av Norges flagg\u00bb Bymuseet i Bergen.<\/p>\n<div style=\"width: 550px;\" class=\"wp-video\"><video class=\"wp-video-shortcode\" id=\"video-37149-1\" width=\"550\" height=\"410\" preload=\"metadata\" controls=\"controls\"><source type=\"video\/mp4\" src=\"https:\/\/www.antipodes.cafe\/wp-content\/uploads\/2021\/03\/unf_1ed-test-2.mp4?_=1\" \/><a href=\"https:\/\/www.antipodes.cafe\/wp-content\/uploads\/2021\/03\/unf_1ed-test-2.mp4\">https:\/\/www.antipodes.cafe\/wp-content\/uploads\/2021\/03\/unf_1ed-test-2.mp4<\/a><\/video><\/div>\n","protected":false},"excerpt":{"rendered":"<p>La publicaci\u00f3n m\u00e1s completa sobre la historia visual del principal s\u00edmbolo nacional de Noruega.<\/p>\n<p>Siguiendo su evoluci\u00f3n desde la \u00e9poca medieval hasta la actualidad, la publicaci\u00f3n presenta dos l\u00edneas de tiempo: una muestra banderas reci\u00e9n ilustradas y propuestas a lo largo de la historia, concluyendo con dise\u00f1os creados por ni\u00f1os durante talleres dirigidos por el caf\u00e9 Antipodes en todos los condados de Noruega (incluido Svalbard). La segunda l\u00ednea de tiempo vincula cada bandera con investigaciones y documentos hist\u00f3ricos, junto con hechos clave y perspectivas de diversas exploraciones art\u00edsticas sobre el tema.<\/p>\n<p>Esta publicaci\u00f3n ofrece valiosas perspectivas sobre el significado de la bandera y su impacto en la identidad nacional. Tambi\u00e9n invita a los lectores a reflexionar sobre el futuro de la bandera a medida que la sociedad aclara las ambig\u00fcedades constitucionales sobre la identidad secular de Noruega.<\/p>\n<p>\u2022 Todas las exploraciones de antipodes caf\u00e9 son realizadas sin fines de lucro.<\/p>\n<p>\u2014<br \/>\n\u2022 Lanzamiento: 4 de noviembre de 2021. Nasjonalbiblioteket, Oslo<br data-start=\"64\" data-end=\"67\" \/>\u2022 Fotos: Rafael Lejtreger [\u00a1gracias!]<br data-start=\"104\" data-end=\"107\" \/>\u2022 Sin fines comerciales. El apoyo ayudar\u00e1 a cubrir los costos de la serie UNF<br data-start=\"181\" data-end=\"184\" \/><strong><span style=\"color: #ff0000;\">\u2014<br data-start=\"185\" data-end=\"188\" \/>Distribuci\u00f3n: <a href=\"http:\/\/www.bokbasen.no\">Bokbasen.no<\/a><\/p>\n<p><\/span><\/strong><\/p>\n","protected":false},"featured_media":37150,"template":"","meta":{"ngg_post_thumbnail":0},"product_brand":[],"product_cat":[782,712,791],"product_tag":[826,825],"class_list":{"0":"post-37149","1":"product","2":"type-product","3":"status-publish","4":"has-post-thumbnail","6":"product_cat-illustration-es","7":"product_cat-impresiones","8":"product_cat-publication-es","9":"product_tag-object-es","10":"product_tag-publication-es","11":"product_shipping_class-no2k-big-es-2","13":"first","14":"instock","15":"sold-individually","16":"shipping-taxable","17":"purchasable","18":"product-type-simple"},"_links":{"self":[{"href":"https:\/\/www.antipodes.cafe\/es\/wp-json\/wp\/v2\/product\/37149","targetHints":{"allow":["GET"]}}],"collection":[{"href":"https:\/\/www.antipodes.cafe\/es\/wp-json\/wp\/v2\/product"}],"about":[{"href":"https:\/\/www.antipodes.cafe\/es\/wp-json\/wp\/v2\/types\/product"}],"wp:featuredmedia":[{"embeddable":true,"href":"https:\/\/www.antipodes.cafe\/es\/wp-json\/wp\/v2\/media\/37150"}],"wp:attachment":[{"href":"https:\/\/www.antipodes.cafe\/es\/wp-json\/wp\/v2\/media?parent=37149"}],"wp:term":[{"taxonomy":"product_brand","embeddable":true,"href":"https:\/\/www.antipodes.cafe\/es\/wp-json\/wp\/v2\/product_brand?post=37149"},{"taxonomy":"product_cat","embeddable":true,"href":"https:\/\/www.antipodes.cafe\/es\/wp-json\/wp\/v2\/product_cat?post=37149"},{"taxonomy":"product_tag","embeddable":true,"href":"https:\/\/www.antipodes.cafe\/es\/wp-json\/wp\/v2\/product_tag?post=37149"}],"curies":[{"name":"wp","href":"https:\/\/api.w.org\/{rel}","templated":true}]}}