{"id":21452,"date":"2017-12-07T20:00:19","date_gmt":"2017-12-07T19:00:19","guid":{"rendered":"https:\/\/www.antipodes.cafe\/lecture\/bjorvika-traversed\/"},"modified":"2025-03-08T22:04:45","modified_gmt":"2025-03-08T21:04:45","slug":"bjorvika-traversed","status":"publish","type":"lecture","link":"https:\/\/www.antipodes.cafe\/es\/lecture\/bjorvika-traversed\/","title":{"rendered":"\u00abBj\u00f8rvika traversed\u00bb"},"content":{"rendered":"<p>Vamos bastante abiertos y expuestos en nuestra vida diaria. Es muy f\u00e1cil saber m\u00e1s sobre nuestras acciones y modalidades, tanto ayer como ma\u00f1ana. Estamos listos para las conversaciones y acciones que todo tipo de encuentros puedan provocar. As\u00ed que, s\u00ed, vayamos a un bar despu\u00e9s de las palabras. Y comencemos con una pregunta abierta y mordaz:<br \/>\n<strong>\u2022 \u00bfPodemos estar todos de acuerdo aqu\u00ed en que una cosa que quiz\u00e1s nos relacione es que todos queremos <em>hacer del mundo un lugar mejor<\/em>?<\/strong><br \/>\nEn matem\u00e1ticas, cuando un problema llega a una no-soluci\u00f3n o \u00abse rompe\u00bb, como dicen, nuevos n\u00fameros aparecen en la conversaci\u00f3n para ayudar a resolver el caso. Contamos: 1, 2, 3\u2026 y luego a\u00f1adimos fracciones, y as\u00ed sucesivamente\u2026 pero no todas las personas se adaptan a los nuevos escenarios. Confirmando el miedo a lo desconocido, incluso en sus nombres, los n\u00fameros cayeron en cierta oscuridad: positivos, negativos, y \u00a1ay! los n\u00fameros imaginarios\u2026<\/p>\n<p>En este siglo nos enganchamos con una met\u00e1fora matem\u00e1tica \u2013de Hiroshi Hara\u2013 que relaciona el mundo en el que vivimos con los n\u00fameros complejos, llam\u00e1ndolo un \u00abmundo complejo\u00bb. Y que gracias a nuestra conciencia, siempre hemos podido vivir simult\u00e1neamente en el \u00abmundo real\u00bb y en el \u00abmundo imaginario\u00bb. En consecuencia, en el \u00abmundo real\u00bb podemos encontrar solo lo que es medible, como la mano derecha de Descartes, mientras que en el \u00abmundo imaginario\u00bb podemos encontrar mitos, y todo tipo de virtualidad y desdistanciamiento. Para ir al grano, mientras vamos capturando Pokemons, habitamos ese \u00abmundo imaginario\u00bb, y a\u00fan as\u00ed ocupamos espacio en el \u00abmundo real\u00bb. Pero llev\u00f3 siglos para que los n\u00fameros negativos e incluso el cero fueran aceptados mundialmente, ya que se entend\u00eda que todo lo humano debe existir solo en el \u00abmundo real\u00bb. Lo mismo ocurri\u00f3 m\u00e1s recientemente con los n\u00fameros imaginarios, y por supuesto, sigue ocurriendo con el \u00abmundo imaginario\u00bb, aunque pol\u00edticos juegan Pokemon en Parlamentos de Reinos.<\/p>\n<p>As\u00ed, se nos hace ineludible la siguiente pregunta:<br \/>\n<strong>\u2022 \u00bfQu\u00e9 queremos decir con: \u201cun lugar mejor\u201d?<\/strong><br \/>\n<em>antipodes caf\u00e9<\/em> comenz\u00f3 como una continuaci\u00f3n de exploraciones en definiciones de l\u00edmites de todo lo que damos por sentado. Un viaje que quiz\u00e1s comenz\u00f3 con los primeros pasos\u2026 s\u00ed, esos tiempos de \u00ab<a href=\"https:\/\/www.youtube.com\/watch?v=BBWVQF8C0yQ\"><em>A desalambrar<\/em><\/a>\u00bb y tantas guitarras de madera\u2026<br \/>\nDesde su nombre, <em>antipodes caf\u00e9<\/em> destaca su inter\u00e9s en un enfoque hol\u00edstico no disciplinario. \u00abantipodes\u00bb es la palabra encargada de eso, mientras que \u00abcaf\u00e9\u00bb est\u00e1 claramente en el \u00abmundo real\u00bb del que habl\u00e1bamos. <em>antipodes caf\u00e9<\/em>, de hecho, es para nosotros un recordatorio del \u00abmundo complejo\u00bb. Uno simple sobre el mejor lugar en el que queremos vivir.<br \/>\nPodemos hablar de urbanismo, estrategias, temporalidad y cualquier dualismo que disfruten, pero si no exploramos qu\u00e9 queremos decir con \u201cun lugar mejor\u201d, iremos en c\u00edrculos tras nuestras colas \u00a1Y eso se ve bastante mal y huele peor!<br \/>\nNo, no tenemos una respuesta. Tenemos muchas preguntas sobre este \u201clugar mejor\u201d:<br \/>\n\u00bfes solo medible y funcional? \u00bfO tambi\u00e9n incluye nuestra conciencia? \u00bfSe trata del ahora con nosotros? \u00bfSe trata del futuro que no conocemos?<br \/>\n\u00bfY qu\u00e9 hay de la confianza y las relaciones? \u00bfIncluye dinero? \u00bfY dioses? \u00bfHay espacio para las divisiones de poder y clase? \u00bfY c\u00f3mo producimos nuestras necesidades all\u00ed? \u00bfY nuestros deseos? Pero, \u00bfqui\u00e9n lo construye? \u00bfC\u00f3mo son los habitantes? \u00bfSon especialistas? \u00bfQu\u00e9 significa extranjero? \u00bfY local? \u00bfSiguen siendo mon\u00f3gamos? \u00bfC\u00f3mo se cr\u00eda la gente en este mundo mejor? \u00bfQu\u00e9 significa crecer all\u00ed? \u00bfEs este mundo mejor basdado en el continuo crecimiento? \u00bfQu\u00e9 significa jugar? \u00bfQu\u00e9 hay de los cuentos de hadas?\u2026<\/p>\n<p>As\u00ed que la respuesta \u00abS\u00cd\u00bb a la primera pregunta que aqu\u00ed dej\u00e9 nos desgarrar\u00e1 si la damos por sentada. Para nosotros, el \u00abmundo como un lugar mejor\u00bb es un \u00abmundo complejo\u00bb, donde el \u00abmundo imaginario\u00bb aparece simult\u00e1neamente con el \u00abmundo real\u00bb. Para llegar all\u00ed, tenemos que construir estructuras para abrir di\u00e1logos sobre ese \u00abmundo complejo\u00bb, de lo contrario, solo hablaremos de vestir con sal* o cubos de az\u00facar** el espectacular \u00abmundo real\u00bb.<\/p>\n<p>antipodes caf\u00e9, Oslo 2017.12.07<\/p>\n<p>\u2014<\/p>\n<p>sobre el evento: [del sitio web de los organizadores]<\/p>\n<p><strong>\u00abBystemmer: \u00b4Voces urbanas\u00b4\u00bb<\/strong><\/p>\n<p>\u00ab<em>\u00b4Voces urbanas\u00b4<\/em> es una arena organizada como parte del proyecto de investigaci\u00f3n Demosspace. El 7 de diciembre, el profesor Don Mitchell de la Universidad de Uppsala presentar\u00e1 ideas sobre el desarrollo urbano con\/temporal, seguido de seis charlas sobre tres lugares en Oslo. Deseamos discutir si y c\u00f3mo las nuevas formas de proyectos temporales, peque\u00f1os y callejeros contribuyen a una ciudad verdaderamente creativa, a un desarrollo urbano inclusivo y a una distribuci\u00f3n m\u00e1s equitativa del poder entre los ciudadanos y los peque\u00f1os empresarios.\u00bb<\/p>\n<p><a href=\"http:\/\/www.hioa.no\/Hva-skjer\/Bystemmer-Tactical-urbanism-and-the-right-to-the-con-temporary-city\">M\u00e1s informaci\u00f3n<\/a><\/p>\n<p>Foto:\u00a0Instituto de Investigaci\u00f3n Urbana y Regional NIBR (\u00a1gracias!)<\/p>\n<p>*Sal (ref: SALT, Oslo)<br \/>\n** Cubos de az\u00facar (ref: SUKKERBITTEN, Oslo)<\/p>\n","protected":false},"author":11,"featured_media":21453,"comment_status":"closed","ping_status":"closed","template":"","meta":{"ngg_post_thumbnail":0},"locations":[507,505],"listing_categories":[465],"class_list":["post-21452","lecture","type-lecture","status-publish","has-post-thumbnail","hentry","locations-norway-es","locations-oslo-es-2","listing_categories-lecture-es"],"cmb2":{"listing_lecture_general":{"listing_title":"Bj\u00f8rvika traversed","listing_description":"Vamos bastante abiertos y expuestos en nuestra vida diaria. Es muy f\u00e1cil saber m\u00e1s sobre nuestras acciones y modalidades, tanto ayer como ma\u00f1ana. Estamos listos para las conversaciones y acciones que todo tipo de encuentros puedan provocar. As\u00ed que, s\u00ed, vayamos a un bar despu\u00e9s de las palabras. Y comencemos con una pregunta abierta y mordaz:\r\n<strong>\u2022 \u00bfPodemos estar todos de acuerdo aqu\u00ed en que una cosa que quiz\u00e1s nos relacione es que todos queremos <em>hacer del mundo un lugar mejor<\/em>?<\/strong>\r\nEn matem\u00e1ticas, cuando un problema llega a una no-soluci\u00f3n o \"se rompe\", como dicen, nuevos n\u00fameros aparecen en la conversaci\u00f3n para ayudar a resolver el caso. Contamos: 1, 2, 3\u2026 y luego a\u00f1adimos fracciones, y as\u00ed sucesivamente\u2026 pero no todas las personas se adaptan a los nuevos escenarios. Confirmando el miedo a lo desconocido, incluso en sus nombres, los n\u00fameros cayeron en cierta oscuridad: positivos, negativos, y \u00a1ay! los n\u00fameros imaginarios\u2026\r\n\r\nEn este siglo nos enganchamos con una met\u00e1fora matem\u00e1tica \u2013de Hiroshi Hara\u2013 que relaciona el mundo en el que vivimos con los n\u00fameros complejos, llam\u00e1ndolo un \u00abmundo complejo\u00bb. Y que gracias a nuestra conciencia, siempre hemos podido vivir simult\u00e1neamente en el \u00abmundo real\u00bb y en el \u00abmundo imaginario\u00bb. En consecuencia, en el \u00abmundo real\u00bb podemos encontrar solo lo que es medible, como la mano derecha de Descartes, mientras que en el \u00abmundo imaginario\u00bb podemos encontrar mitos, y todo tipo de virtualidad y desdistanciamiento. Para ir al grano, mientras vamos capturando Pokemons, habitamos ese \u00abmundo imaginario\u00bb, y a\u00fan as\u00ed ocupamos espacio en el \u00abmundo real\u00bb. Pero llev\u00f3 siglos para que los n\u00fameros negativos e incluso el cero fueran aceptados mundialmente, ya que se entend\u00eda que todo lo humano debe existir solo en el \u00abmundo real\u00bb. Lo mismo ocurri\u00f3 m\u00e1s recientemente con los n\u00fameros imaginarios, y por supuesto, sigue ocurriendo con el \u00abmundo imaginario\u00bb, aunque pol\u00edticos juegan Pokemon en Parlamentos de Reinos.\r\n\r\nAs\u00ed, se nos hace ineludible la siguiente pregunta:\r\n<strong>\u2022 \u00bfQu\u00e9 queremos decir con: \u201cun lugar mejor\u201d?<\/strong>\r\n<em>antipodes caf\u00e9<\/em> comenz\u00f3 como una continuaci\u00f3n de exploraciones en definiciones de l\u00edmites de todo lo que damos por sentado. Un viaje que quiz\u00e1s comenz\u00f3 con los primeros pasos\u2026 s\u00ed, esos tiempos de \u00ab<a href=\"https:\/\/www.youtube.com\/watch?v=BBWVQF8C0yQ\"><em>A desalambrar<\/em><\/a>\u00bb y tantas guitarras de madera\u2026\r\nDesde su nombre, <em>antipodes caf\u00e9<\/em> destaca su inter\u00e9s en un enfoque hol\u00edstico no disciplinario. \u00abantipodes\u00bb es la palabra encargada de eso, mientras que \u00abcaf\u00e9\u00bb est\u00e1 claramente en el \u00abmundo real\u00bb del que habl\u00e1bamos. <em>antipodes caf\u00e9<\/em>, de hecho, es para nosotros un recordatorio del \u00abmundo complejo\u00bb. Uno simple sobre el mejor lugar en el que queremos vivir.\r\nPodemos hablar de urbanismo, estrategias, temporalidad y cualquier dualismo que disfruten, pero si no exploramos qu\u00e9 queremos decir con \u201cun lugar mejor\u201d, iremos en c\u00edrculos tras nuestras colas \u00a1Y eso se ve bastante mal y huele peor!\r\nNo, no tenemos una respuesta. Tenemos muchas preguntas sobre este \u201clugar mejor\u201d:\r\n\u00bfes solo medible y funcional? \u00bfO tambi\u00e9n incluye nuestra conciencia? \u00bfSe trata del ahora con nosotros? \u00bfSe trata del futuro que no conocemos?\r\n\u00bfY qu\u00e9 hay de la confianza y las relaciones? \u00bfIncluye dinero? \u00bfY dioses? \u00bfHay espacio para las divisiones de poder y clase? \u00bfY c\u00f3mo producimos nuestras necesidades all\u00ed? \u00bfY nuestros deseos? Pero, \u00bfqui\u00e9n lo construye? \u00bfC\u00f3mo son los habitantes? \u00bfSon especialistas? \u00bfQu\u00e9 significa extranjero? \u00bfY local? \u00bfSiguen siendo mon\u00f3gamos? \u00bfC\u00f3mo se cr\u00eda la gente en este mundo mejor? \u00bfQu\u00e9 significa crecer all\u00ed? \u00bfEs este mundo mejor basdado en el continuo crecimiento? \u00bfQu\u00e9 significa jugar? \u00bfQu\u00e9 hay de los cuentos de hadas?\u2026\r\n\r\nAs\u00ed que la respuesta \u00abS\u00cd\u00bb a la primera pregunta que aqu\u00ed dej\u00e9 nos desgarrar\u00e1 si la damos por sentada. Para nosotros, el \u00abmundo como un lugar mejor\u00bb es un \u00abmundo complejo\u00bb, donde el \u00abmundo imaginario\u00bb aparece simult\u00e1neamente con el \u00abmundo real\u00bb. Para llegar all\u00ed, tenemos que construir estructuras para abrir di\u00e1logos sobre ese \u00abmundo complejo\u00bb, de lo contrario, solo hablaremos de vestir con sal* o cubos de az\u00facar** el espectacular \u00abmundo real\u00bb.\r\n\r\nantipodes caf\u00e9, Oslo 2017.12.07\r\n\r\n\u2014\r\n\r\nsobre el evento: [del sitio web de los organizadores]\r\n\r\n<strong>\"Bystemmer: \u00b4Voces urbanas\u00b4\"<\/strong>\r\n\r\n\"<em>\u00b4Voces urbanas\u00b4<\/em> es una arena organizada como parte del proyecto de investigaci\u00f3n Demosspace. El 7 de diciembre, el profesor Don Mitchell de la Universidad de Uppsala presentar\u00e1 ideas sobre el desarrollo urbano con\/temporal, seguido de seis charlas sobre tres lugares en Oslo. Deseamos discutir si y c\u00f3mo las nuevas formas de proyectos temporales, peque\u00f1os y callejeros contribuyen a una ciudad verdaderamente creativa, a un desarrollo urbano inclusivo y a una distribuci\u00f3n m\u00e1s equitativa del poder entre los ciudadanos y los peque\u00f1os empresarios.\"\r\n\r\n<a href=\"http:\/\/www.hioa.no\/Hva-skjer\/Bystemmer-Tactical-urbanism-and-the-right-to-the-con-temporary-city\">M\u00e1s informaci\u00f3n<\/a>\r\n\r\nFoto:\u00a0Instituto de Investigaci\u00f3n Urbana y Regional NIBR (\u00a1gracias!)\r\n\r\n*Sal (ref: SALT, Oslo)\r\n** Cubos de az\u00facar (ref: SUKKERBITTEN, Oslo)","listing_featured_image":"https:\/\/www.antipodes.cafe\/wp-content\/uploads\/2017\/12\/24883541_1156899061108727_6505590299596259675_o.jpg","listing_featured_image_id":""},"listing_lecture_banner":{"listing_banner":"banner_featured_image","listing_banner_image":"","listing_banner_image_id":"","listing_banner_video":"","listing_banner_video_id":"","listing_banner_video_embed":"","listing_banner_map_zoom":"12","listing_banner_map_type":"SATELLITE","listing_banner_map_marker":""},"listing_lecture_gallery":{"listing_gallery":""},"listing_lecture_video":{"listing_video":""},"listing_lecture_price":{"listing_price":"","listing_price_prefix":"","listing_price_suffix":"","listing_price_custom":""},"listing_lecture_listing_category":{"listing_listing_category":""},"listing_lecture_location":{"listing_address":"","listing_locations":["norway","oslo"],"listing_map_location":{"address":"Litteraturhuset, Wergelandsveien, Oslo, Norway","latitude":"59.92035199999999","longitude":"10.728514000000018"},"listing_map_location_polygon":"","listing_street_view":"","listing_street_view_location":{"latitude":"37.81240457820649","longitude":"-122.47607752956908","zoom":"0.7119999999999997","heading":"-18","pitch":"25"},"listing_inside_view":"","listing_inside_view_location":{"latitude":"37.81240457820649","longitude":"-122.47607752956908","zoom":"0.7060000000000001","heading":"-18","pitch":"25"},"listing_venue":"Litteraturhuset, Oslo."},"listing_lecture_social":{"listing_facebook":"https:\/\/www.facebook.com\/events\/1631202953599257\/permalink\/1680642438655308\/","listing_twitter":"","listing_google":"","listing_instagram":"","listing_vimeo":"","listing_youtube":"","listing_linkedin":"","listing_dribbble":"","listing_skype":"","listing_foursquare":"","listing_behance":""},"listing_lecture_date":{"listing_date":"1512518400"},"listing_lecture_time":{"listing_time":"07:00 PM"}},"_links":{"self":[{"href":"https:\/\/www.antipodes.cafe\/es\/wp-json\/wp\/v2\/lecture\/21452","targetHints":{"allow":["GET"]}}],"collection":[{"href":"https:\/\/www.antipodes.cafe\/es\/wp-json\/wp\/v2\/lecture"}],"about":[{"href":"https:\/\/www.antipodes.cafe\/es\/wp-json\/wp\/v2\/types\/lecture"}],"author":[{"embeddable":true,"href":"https:\/\/www.antipodes.cafe\/es\/wp-json\/wp\/v2\/users\/11"}],"replies":[{"embeddable":true,"href":"https:\/\/www.antipodes.cafe\/es\/wp-json\/wp\/v2\/comments?post=21452"}],"wp:featuredmedia":[{"embeddable":true,"href":"https:\/\/www.antipodes.cafe\/es\/wp-json\/wp\/v2\/media\/21453"}],"wp:attachment":[{"href":"https:\/\/www.antipodes.cafe\/es\/wp-json\/wp\/v2\/media?parent=21452"}],"wp:term":[{"taxonomy":"locations","embeddable":true,"href":"https:\/\/www.antipodes.cafe\/es\/wp-json\/wp\/v2\/locations?post=21452"},{"taxonomy":"listing_categories","embeddable":true,"href":"https:\/\/www.antipodes.cafe\/es\/wp-json\/wp\/v2\/listing_categories?post=21452"}],"curies":[{"name":"wp","href":"https:\/\/api.w.org\/{rel}","templated":true}]}}