{"id":10433,"date":"2015-04-16T14:00:22","date_gmt":"2015-04-16T12:00:22","guid":{"rendered":"https:\/\/www.antipodes.cafe\/lecture\/not-for\/"},"modified":"2017-02-24T17:33:28","modified_gmt":"2017-02-24T16:33:28","slug":"not-for","status":"publish","type":"lecture","link":"https:\/\/www.antipodes.cafe\/es\/lecture\/not-for\/","title":{"rendered":"No para"},"content":{"rendered":"<p>De \u00abtrabajar para\u00bb a \u00abcrear con\u00bb. Charla acerca de nuestra modalidad de trabajo previo al taller\u00a0realizado en el mismo instituto.<\/p>\n<hr \/>\n<h5><span style=\"color: #408edd;\">ORGANIZACI\u00d3N<\/span><\/h5>\n<p>Usandizaga Dise\u00f1o<\/p>\n<h5><span style=\"color: #408edd;\">PATROCINAN<\/span><\/h5>\n<h5><img loading=\"lazy\" decoding=\"async\" class=\"alignnone size-full wp-image-8682\" src=\"https:\/\/www.antipodes.cafe\/wp-content\/uploads\/2015\/05\/logo_donostiakoudala_small.jpg\" alt=\"\" width=\"226\" height=\"100\" \/><a href=\"http:\/\/oca.no\"><img loading=\"lazy\" decoding=\"async\" class=\"alignnone size-full wp-image-8685\" src=\"https:\/\/www.antipodes.cafe\/wp-content\/uploads\/2015\/05\/logo_oca-h-100.jpg\" alt=\"\" width=\"124\" height=\"100\" \/><\/a><br \/>\n<span style=\"color: #408edd;\">COORDINACI\u00d3N<\/span><\/h5>\n<p>Gondolin Klub<\/p>\n<h5><\/h5>\n<h5><span style=\"color: #408edd;\">GRACIAS<\/span><\/h5>\n<p>Marcelo D\u00edaz<br \/>\nItziar Aranburu<br \/>\nJon Ander Garc\u00eda<\/p>\n<hr \/>\n<h5><span style=\"color: #408edd;\">No para: hablando de dise\u00f1o como estrategia de dise\u00f1o<\/span><\/h5>\n<p><em>Por <a href=\"http:\/\/www.usandizaga.com\/design\/no-para-diseno-como-estrategia-de-diseno\/\">Usandizaga Dise\u00f1o<\/a><\/em><\/p>\n<p><em>\u00abFelipe nos cuenta su trayectoria. No para. Nos cuenta c\u00f3mo comienza trabajando para corporaciones\u00a0e\u00a0instituciones. Termina dise\u00f1ando junto con la gente que es usuaria de sus propios dise\u00f1o. Las personas que se convierte en co-creadoras de sus propios dise\u00f1os.<\/em><\/p>\n<p><em>Tras seis a\u00f1os dise\u00f1ando, hacia 2003 empez\u00f3 a hacerse preguntas ante lo que le rodeaba. <strong>Por qu\u00e9, por qu\u00e9 y por qu\u00e9.<\/strong><\/em><\/p>\n<p><em>Y comenz\u00f3 a buscar la trampa en las reglas, se\u00f1alar las barreras por las que colarse, y a intervenir los espacios vac\u00edos que dejaba la crisis en Uruguay.<\/em><\/p>\n<p><em>Y as\u00ed, en lo que ya estaba ah\u00ed, materiales, espacios, personas, letras y color va encontrando las respuestas a todo.<\/em><\/p>\n<p><em>Utiliza el dise\u00f1o para acceder a aquello que le proponen o se propone, una buena resoluci\u00f3n gr\u00e1fica como herramienta de comunicaci\u00f3n que le permite desarrollar los proyectos que quiere. Trabajando con la gente y no para esta.<\/em><\/p>\n<p><em>Vincula ideas y personas.<\/em><\/p>\n<p><em>El dise\u00f1o ha pasado de ser un objetivo a formar parte de su andar.\u00bb<\/em><\/p>\n<p>Usandizaga Dise\u00f1o, Donostia \/ San Sebasti\u00e1n, Abril 2015.<\/p>\n<hr \/>\n<h5><span style=\"color: #408edd;\">POSTER<\/span><\/h5>\n<p>antipodes caf\u00e9<\/p>\n<p><img loading=\"lazy\" decoding=\"async\" class=\"alignnone\" src=\"https:\/\/www.antipodes.cafe\/wp-content\/uploads\/2015\/04\/ae15_nopara_poster.jpg\" width=\"212\" height=\"300\" \/><\/p>\n","protected":false},"author":11,"featured_media":10432,"comment_status":"closed","ping_status":"closed","template":"","meta":{"ngg_post_thumbnail":0},"locations":[],"listing_categories":[465],"class_list":["post-10433","lecture","type-lecture","status-publish","has-post-thumbnail","hentry","listing_categories-lecture-es"],"cmb2":{"listing_lecture_general":{"listing_title":"No para","listing_description":"De \"trabajar para\" a \"crear con\". Charla acerca de nuestra modalidad de trabajo previo al taller\u00a0realizado en el mismo instituto.\r\n\r\n<hr \/>\r\n\r\n<h5><span style=\"color: #408edd;\">ORGANIZACI\u00d3N<\/span><\/h5>\r\nUsandizaga Dise\u00f1o\r\n<h5><span style=\"color: #408edd;\">PATROCINAN<\/span><\/h5>\r\n<h5><img class=\"alignnone size-full wp-image-8682\" src=\"https:\/\/www.antipodes.cafe\/wp-content\/uploads\/2015\/05\/logo_donostiakoudala_small.jpg\" alt=\"\" width=\"226\" height=\"100\" \/><a href=\"http:\/\/oca.no\"><img class=\"alignnone size-full wp-image-8685\" src=\"https:\/\/www.antipodes.cafe\/wp-content\/uploads\/2015\/05\/logo_oca-h-100.jpg\" alt=\"\" width=\"124\" height=\"100\" \/><\/a>\r\n<span style=\"color: #408edd;\">COORDINACI\u00d3N<\/span><\/h5>\r\nGondolin Klub\r\n<h5><\/h5>\r\n<h5><span style=\"color: #408edd;\">GRACIAS<\/span><\/h5>\r\nMarcelo D\u00edaz\r\nItziar Aranburu\r\nJon Ander Garc\u00eda\r\n\r\n<hr \/>\r\n\r\n<h5><span style=\"color: #408edd;\">No para: hablando de dise\u00f1o como estrategia de dise\u00f1o<\/span><\/h5>\r\n<em>Por <a href=\"http:\/\/www.usandizaga.com\/design\/no-para-diseno-como-estrategia-de-diseno\/\">Usandizaga Dise\u00f1o<\/a><\/em>\r\n\r\n<em>\"Felipe nos cuenta su trayectoria. No para. Nos cuenta c\u00f3mo comienza trabajando para corporaciones\u00a0e\u00a0instituciones. Termina dise\u00f1ando junto con la gente que es usuaria de sus propios dise\u00f1o. Las personas que se convierte en co-creadoras de sus propios dise\u00f1os.<\/em>\r\n\r\n<em>Tras seis a\u00f1os dise\u00f1ando, hacia 2003 empez\u00f3 a hacerse preguntas ante lo que le rodeaba. <strong>Por qu\u00e9, por qu\u00e9 y por qu\u00e9.<\/strong><\/em>\r\n\r\n<em>Y comenz\u00f3 a buscar la trampa en las reglas, se\u00f1alar las barreras por las que colarse, y a intervenir los espacios vac\u00edos que dejaba la crisis en Uruguay.<\/em>\r\n\r\n<em>Y as\u00ed, en lo que ya estaba ah\u00ed, materiales, espacios, personas, letras y color va encontrando las respuestas a todo.<\/em>\r\n\r\n<em>Utiliza el dise\u00f1o para acceder a aquello que le proponen o se propone, una buena resoluci\u00f3n gr\u00e1fica como herramienta de comunicaci\u00f3n que le permite desarrollar los proyectos que quiere. Trabajando con la gente y no para esta.<\/em>\r\n\r\n<em>Vincula ideas y personas.<\/em>\r\n\r\n<em>El dise\u00f1o ha pasado de ser un objetivo a formar parte de su andar.\"<\/em>\r\n\r\nUsandizaga Dise\u00f1o, Donostia \/ San Sebasti\u00e1n, Abril 2015.\r\n\r\n<hr \/>\r\n\r\n<h5><span style=\"color: #408edd;\">POSTER<\/span><\/h5>\r\nantipodes caf\u00e9\r\n\r\n<img class=\"alignnone\" src=\"https:\/\/www.antipodes.cafe\/wp-content\/uploads\/2015\/04\/ae15_nopara_poster.jpg\" width=\"212\" height=\"300\" \/>","listing_featured_image":"https:\/\/www.antipodes.cafe\/wp-content\/uploads\/2017\/02\/ae15-nopara.jpg","listing_featured_image_id":""},"listing_lecture_banner":{"listing_banner":"banner_featured_image","listing_banner_image":"","listing_banner_image_id":"0","listing_banner_video":"","listing_banner_video_id":"0","listing_banner_video_embed":"","listing_banner_map_zoom":"12","listing_banner_map_type":"SATELLITE","listing_banner_map_marker":""},"listing_lecture_gallery":{"listing_gallery":{"10401":"https:\/\/www.antipodes.cafe\/wp-content\/uploads\/2017\/02\/ae15-nopara-00poster.jpg","10405":"https:\/\/www.antipodes.cafe\/wp-content\/uploads\/2017\/02\/ae15-nopara-00talk.jpg","10409":"https:\/\/www.antipodes.cafe\/wp-content\/uploads\/2017\/02\/ae15-nopara-01talk.jpg","10413":"https:\/\/www.antipodes.cafe\/wp-content\/uploads\/2017\/02\/ae15-nopara-02talk.jpg","10417":"https:\/\/www.antipodes.cafe\/wp-content\/uploads\/2017\/02\/ae15-nopara-03talk.jpg","10421":"https:\/\/www.antipodes.cafe\/wp-content\/uploads\/2017\/02\/ae15-nopara-04talk.jpg","10425":"https:\/\/www.antipodes.cafe\/wp-content\/uploads\/2017\/02\/ae15-nopara-05talk.jpg"}},"listing_lecture_video":{"listing_video":""},"listing_lecture_price":{"listing_price":"","listing_price_prefix":"","listing_price_suffix":"","listing_price_custom":""},"listing_lecture_listing_category":{"listing_listing_category":["lecture"]},"listing_lecture_location":{"listing_address":"","listing_locations":["dss"],"listing_map_location":{"address":"Instituto Usandizaga 1\u00b0 Bachillerato Artistico, De Felipe IV Hiribidea, San Sebasti\u00e1n, Spain","latitude":"43.30697952177919","longitude":"-1.977659096295156"},"listing_map_location_polygon":"","listing_street_view":"","listing_street_view_location":{"latitude":"37.81240457820649","longitude":"-122.47607752956912","zoom":"0.873037052396048","heading":"-18","pitch":"25"},"listing_inside_view":"","listing_inside_view_location":{"latitude":"37.81240457820649","longitude":"-122.47607752956912","zoom":"0.873037052396048","heading":"-18","pitch":"25"},"listing_venue":""},"listing_lecture_social":{"listing_facebook":"","listing_twitter":"","listing_google":"","listing_instagram":"","listing_vimeo":"","listing_youtube":"","listing_linkedin":"","listing_dribbble":"","listing_skype":"","listing_foursquare":"","listing_behance":""},"listing_lecture_date":{"listing_date":"1429142400"},"listing_lecture_time":{"listing_time":"02:30 PM"}},"_links":{"self":[{"href":"https:\/\/www.antipodes.cafe\/es\/wp-json\/wp\/v2\/lecture\/10433","targetHints":{"allow":["GET"]}}],"collection":[{"href":"https:\/\/www.antipodes.cafe\/es\/wp-json\/wp\/v2\/lecture"}],"about":[{"href":"https:\/\/www.antipodes.cafe\/es\/wp-json\/wp\/v2\/types\/lecture"}],"author":[{"embeddable":true,"href":"https:\/\/www.antipodes.cafe\/es\/wp-json\/wp\/v2\/users\/11"}],"replies":[{"embeddable":true,"href":"https:\/\/www.antipodes.cafe\/es\/wp-json\/wp\/v2\/comments?post=10433"}],"wp:featuredmedia":[{"embeddable":true,"href":"https:\/\/www.antipodes.cafe\/es\/wp-json\/wp\/v2\/media\/10432"}],"wp:attachment":[{"href":"https:\/\/www.antipodes.cafe\/es\/wp-json\/wp\/v2\/media?parent=10433"}],"wp:term":[{"taxonomy":"locations","embeddable":true,"href":"https:\/\/www.antipodes.cafe\/es\/wp-json\/wp\/v2\/locations?post=10433"},{"taxonomy":"listing_categories","embeddable":true,"href":"https:\/\/www.antipodes.cafe\/es\/wp-json\/wp\/v2\/listing_categories?post=10433"}],"curies":[{"name":"wp","href":"https:\/\/api.w.org\/{rel}","templated":true}]}}