{"id":22954,"date":"2019-04-10T18:54:51","date_gmt":"2019-04-10T16:54:51","guid":{"rendered":"https:\/\/www.antipodes.cafe\/exhibition\/pintxo-poster\/"},"modified":"2019-10-30T19:18:50","modified_gmt":"2019-10-30T18:18:50","slug":"pintxo-poster","status":"publish","type":"exhibition","link":"https:\/\/www.antipodes.cafe\/es\/exhibition\/pintxo-poster\/","title":{"rendered":"PINTXO POSTER"},"content":{"rendered":"<p class=\"p1\"><i>Fugaz exposici\u00f3n sobre nuestro uso de la fotograf\u00eda para comunicaci\u00f3n de diversas iniciativas, con especial foco en el dise\u00f1o de carteles. Aunque, poniendo las cartas en la mesa, es un tema tan intr\u00ednseco que a menudo pasamos por alto.<\/i><\/p>\n<p class=\"p1\"><i>Algunos de estos carteles traen gratos recuerdos, y otros dan risa y mejor descartarlos.<br \/>\nCarteles que nunca fueron un fin en s\u00ed mismos y sin papel alguno fuera de sus contextos, pero que ahora, enfrent\u00e1ndoles al un\u00edsono y a trav\u00e9s del lente de la fotograf\u00eda, une podr\u00e1 encontrar lo que siempre estuvo all\u00ed\u00a0 que no pudimos ver.<\/i><\/p>\n<p class=\"p1\"><i>Una parte de este andar en la vuelta de los desv\u00edos, donde no hay reyes, ni hay castillos.<br \/>\n<\/i><i>Donde no hay puertos de palos, ni oro que valga.\u00a0<\/i><i>Donde las espadas son pintxos, y las copas se desconocen, de tanta buena leche y sidra. Ah\u00ed mismo, donde la poes\u00eda es hecha por todas\u00a0y no s\u00f3lo por ases. <\/i><\/p>\n<p class=\"p1\"><i>Los carteles est\u00e1n echados.<\/i><\/p>\n<hr \/>\n<p class=\"p1\"><i>Fotograf\u00edas fotografiadas.<br \/>\nFotograf\u00edas sin edici\u00f3n. <\/i><\/p>\n<p class=\"p1\"><i>Fotograf\u00edas convertidas<br \/>\nen dibujos y dibujos fotografiados.<br \/>\nFotograf\u00edas de fot\u00f3grafos<br \/>\ncon quienes tuvimos la suerte de compartir quehaceres<br \/>\n<\/i><span class=\"s1\"><i>\u2013incluyendo entre otros a Gianni Ciaccia<\/i> <\/span><span class=\"s2\">[FRA]<\/span><span class=\"s1\"><i>,<span class=\"Apple-converted-space\">\u00a0 <\/span><br \/>\nSergio Llameras<\/i><\/span><span class=\"s2\"> (ARG)<\/span><span class=\"s1\"><i>, Alex Asensi<\/i> <\/span><span class=\"s2\">[ESP]<\/span><span class=\"s1\"><i>,\u00a0<\/i><\/span><\/p>\n<p class=\"p2\"><i>Niko Iturralde<\/i> <span class=\"s2\">[EUS)<\/span><i>, Marcelo D\u00edaz <\/i> <span class=\"s2\">[URU\/EUS]<\/span><i>.<\/i><\/p>\n<p class=\"p1\"><i>Fotograf\u00edas encontradas en la basura impresa y digital. <\/i><\/p>\n<p class=\"p1\"><i>Fotograf\u00edas de dominio p\u00fablico y de las liberadas.\u00a0<\/i><\/p>\n<p class=\"p1\"><i>Fotograf\u00edas de s\u00faper c\u00e1maras del momento; digitales y an\u00e1logas. Fotograf\u00edas propias y de amigas. Fotograf\u00edas de la vida cotidiana, de esas que toma el tel\u00e9fono de turno. <\/i><\/p>\n<p class=\"p1\"><i>Fotograf\u00edas retocadas al detalle, recortadas con los dientes y pixeladas de mil amores. Fotograf\u00edas<br \/>\ncomo materia, textura, letra\u2026 como el papel en vida.<\/i><\/p>\n<p class=\"p1\"><i>Fotograf\u00edas en las calles<br \/>\nde todos los d\u00edas.<\/i><\/p>\n<p class=\"p1\"><i>Pel\u00edcula y fantas\u00eda <\/i><\/p>\n<p class=\"p1\"><i>identidad revelada.<\/i><\/p>\n<p class=\"p1\"><i>\u00bfS\u00f3lo fotograf\u00edas?<\/i><\/p>\n<p class=\"p1\"><i>antipodes caf\u00e9<\/i><\/p>\n<p class=\"p1\">Oslo, 2019<\/p>\n<hr \/>\n<h5>APOYAN<\/h5>\n<p class=\"p2\">L\u00e4ntoki \u2013Iniciativas fotogr\u00e1ficas\u2013<\/p>\n<p class=\"p2\">Gondolin Klub<\/p>\n<p class=\"p4\"><span class=\"s1\"><a href=\"https:\/\/www.grafill.no\/magasin\/grafill-travel-grant-became-activities-in-the-iberian-peninsula\">Grafill<\/a><br \/>\n<\/span><i>Organizaci\u00f3n Noruega de Comunicaci\u00f3n Visual<\/i><\/p>\n<h5 class=\"p4\">GRACIAS<\/h5>\n<p>Deichman Hovedbiblioteket\u00a0Folkeverkstedet,\u00a0<i>Niko, Marcelo, Oscar, Olibia, <\/i><i>Ainara,<\/i><i>\u00a0Peyo, Bruno, Aitor, Katia, Sarah, Hirikilabs,\u00a0<\/i><i>KKTUA y a Gilda.<\/i><\/p>\n<hr \/>\n<h5>RESHOW<\/h5>\n<p>En la exposici\u00f3n se reutilizaron materiales:<\/p>\n<ul>\n<li>OSB panels de la se\u00f1al\u00e9tica previa de Tabakalera<\/li>\n<li>Papel de una exposici\u00f3n realizada en DOGA, Oslo<\/li>\n<li>Una se\u00f1al de \u00abno tocar\u00bb de la trienal de arquitectura de Oslo, OAT&#8217;16<\/li>\n<li>Camisetas amarillas y marrones\u00a0que fueran uniformes del proyecto \u00e6DEG15.<\/li>\n<\/ul>\n<p><a href=\"http:\/\/reshow.no\"><img loading=\"lazy\" decoding=\"async\" class=\"alignnone size-full wp-image-23151\" src=\"https:\/\/antipodescafe.org\/wp-content\/uploads\/2019\/04\/ae19_reshow-web-red-tiny.png\" alt=\"\" width=\"60\" height=\"20\" \/><\/a><\/p>\n<p>&nbsp;<\/p>\n","protected":false},"author":11,"featured_media":23061,"comment_status":"closed","ping_status":"closed","template":"","meta":{"ngg_post_thumbnail":0},"locations":[692,427],"listing_categories":[454],"class_list":["post-22954","exhibition","type-exhibition","status-publish","has-post-thumbnail","hentry","locations-donostia-es","locations-euskadi","listing_categories-exhibition-es"],"cmb2":{"listing_exhibition_general":{"listing_title":"PINTXO POSTER","listing_description":"<p class=\"p1\"><i>Fugaz exposici\u00f3n sobre nuestro uso de la fotograf\u00eda para comunicaci\u00f3n de diversas iniciativas, con especial foco en el dise\u00f1o de carteles.\r\nAunque, poniendo las cartas en la mesa, es un tema tan intr\u00ednseco que a menudo pasamos por alto.<\/i><\/p>\r\n<p class=\"p1\"><i>Algunos de estos carteles traen gratos recuerdos, y otros dan risa y mejor descartarlos.\r\nCarteles que nunca fueron un fin en s\u00ed mismos y sin papel alguno fuera de sus contextos, pero que ahora, enfrent\u00e1ndoles al un\u00edsono y a trav\u00e9s del lente de la fotograf\u00eda, une podr\u00e1 encontrar lo que siempre estuvo all\u00ed\u00a0 que no pudimos ver.<\/i><\/p>\r\n<p class=\"p1\"><i>Una parte de este andar en la vuelta de los desv\u00edos, donde no hay reyes, ni hay castillos.\r\n<\/i><i>Donde no hay puertos de palos, ni oro que valga.\u00a0<\/i><i>Donde las espadas son pintxos, y las copas se desconocen, de tanta buena leche y sidra. Ah\u00ed mismo, donde la poes\u00eda es hecha por todas\u00a0y no s\u00f3lo por ases. <\/i><\/p>\r\n<p class=\"p1\"><i>Los carteles est\u00e1n echados.<\/i><\/p>\r\n\r\n\r\n<hr \/>\r\n<p class=\"p1\"><i>Fotograf\u00edas fotografiadas.\r\nFotograf\u00edas sin edici\u00f3n. <\/i><\/p>\r\n<p class=\"p1\"><i>Fotograf\u00edas convertidas\r\nen dibujos y dibujos fotografiados.\r\nFotograf\u00edas de fotografos\r\ncon quienes tuvimos la suerte de compartir quehaceres\r\n<\/i><span class=\"s1\"><i>\u2013incluyendo entre otros a Gianni Ciaccia<\/i> <\/span><span class=\"s2\">[FRA]<\/span><span class=\"s1\"><i>,<span class=\"Apple-converted-space\">\u00a0 <\/span>\r\nSergio llameras<\/i><\/span><span class=\"s2\"> (ARG)<\/span><span class=\"s1\"><i>, Alex Asensi<\/i> <\/span><span class=\"s2\">[ESP]<\/span><span class=\"s1\"><i>,\u00a0<\/i><\/span><\/p>\r\n<p class=\"p2\"><i>Niko Iturralde<\/i> <span class=\"s2\">[EUS)<\/span><i>, Marcelo D\u00edaz <\/i> <span class=\"s2\">[URU\/EUS]<\/span><i>.<\/i><\/p>\r\n<p class=\"p1\"><i>Fotograf\u00edas encontradas en la basura impresa y digital. <\/i><\/p>\r\n<p class=\"p1\"><i>Fotograf\u00edas de dominio p\u00fablico y de las liberadas.\u00a0<\/i><\/p>\r\n<p class=\"p1\"><i>Fotograf\u00edas de s\u00faper c\u00e1maras del momento; digitales y an\u00e1logas. Fotograf\u00edas propias y de amigas. Fotograf\u00edas de la vida cotidiana, de esas que toma el tel\u00e9fono de turno. <\/i><\/p>\r\n<p class=\"p1\"><i>Fotograf\u00edas retocadas al detalle, recortadas con los dientes y pixeladas de mil amores. Fotograf\u00edas\r\ncomo materia, textura, letra\u2026 como el papel en vida.<\/i><\/p>\r\n<p class=\"p1\"><i>Fotograf\u00edas en las calles\r\nde todos los d\u00edas.<\/i><\/p>\r\n<p class=\"p1\"><i>Pel\u00edcula y fantas\u00eda <\/i><\/p>\r\n<p class=\"p1\"><i>identidad revelada.<\/i><\/p>\r\n<p class=\"p1\"><i>\u00bfS\u00f3lo fotograf\u00edas?<\/i><\/p>\r\n<p class=\"p1\"><i>antipodes caf\u00e9<\/i><\/p>\r\n<p class=\"p1\">Oslo, 2019<\/p>\r\n\r\n\r\n<hr \/>\r\n\r\n<h5>APOYAN<\/h5>\r\n<p class=\"p2\">L\u00e4ntoki \u2013Iniciativas fotogr\u00e1ficas\u2013<\/p>\r\n<p class=\"p2\">Gondolin Klub<\/p>\r\n<p class=\"p4\"><span class=\"s1\">Grafill\r\n<\/span><i>Organizaci\u00f3n Noruega de Comunicaci\u00f3n Visual<\/i><\/p>\r\n\r\n<h5 class=\"p4\">GRACIAS<\/h5>\r\n<p class=\"p2\"><i>Niko, Marcelo, Oscar,\u00a0Olibia, Ainara, Peyo, Bruno, Aitor, Katia, Sarah, Hirikilabs,\u00a0KKTUA y Gilda.<\/i><\/p>","listing_featured_image":"https:\/\/www.antipodes.cafe\/wp-content\/uploads\/2019\/04\/ae19_pintxoposter_35niko.jpg","listing_featured_image_id":""},"listing_exhibition_banner":{"listing_banner":"banner_featured_image","listing_banner_image":"","listing_banner_image_id":"","listing_banner_video":"","listing_banner_video_id":"","listing_banner_video_embed":"","listing_banner_map_zoom":"12","listing_banner_map_type":"SATELLITE","listing_banner_map_marker":""},"listing_exhibition_gallery":{"listing_gallery":{"23012":"https:\/\/www.antipodes.cafe\/wp-content\/uploads\/2019\/04\/ae19_pintxoposter_21niko.jpg","23017":"https:\/\/www.antipodes.cafe\/wp-content\/uploads\/2019\/04\/ae19_pintxoposter_25niko.jpg","23007":"https:\/\/www.antipodes.cafe\/wp-content\/uploads\/2019\/04\/ae19_pintxoposter_17niko.jpg","23002":"https:\/\/www.antipodes.cafe\/wp-content\/uploads\/2019\/04\/ae19_pintxoposter_15niko.jpg","22997":"https:\/\/www.antipodes.cafe\/wp-content\/uploads\/2019\/04\/ae19_pintxoposter_13niko.jpg","22992":"https:\/\/www.antipodes.cafe\/wp-content\/uploads\/2019\/04\/ae19_pintxoposter_12niko.jpg","22987":"https:\/\/www.antipodes.cafe\/wp-content\/uploads\/2019\/04\/ae19_pintxoposter_11niko.jpg","22982":"https:\/\/www.antipodes.cafe\/wp-content\/uploads\/2019\/04\/ae19_pintxoposter_10niko.jpg","22977":"https:\/\/www.antipodes.cafe\/wp-content\/uploads\/2019\/04\/ae19_pintxoposter_9niko.jpg","22972":"https:\/\/www.antipodes.cafe\/wp-content\/uploads\/2019\/04\/ae19_pintxoposter_8niko.jpg","22967":"https:\/\/www.antipodes.cafe\/wp-content\/uploads\/2019\/04\/ae19_pintxoposter_4niko.jpg","23117":"https:\/\/www.antipodes.cafe\/wp-content\/uploads\/2019\/04\/ae19_pintxoposter01_48niko.jpg","23112":"https:\/\/www.antipodes.cafe\/wp-content\/uploads\/2019\/04\/ae19_pintxoposter000_50niko.jpg","23107":"https:\/\/www.antipodes.cafe\/wp-content\/uploads\/2019\/04\/ae19_pintxoposter-00_42niko.jpg","23102":"https:\/\/www.antipodes.cafe\/wp-content\/uploads\/2019\/04\/ae19_pintxoposter_montage-niko.jpg","23097":"https:\/\/www.antipodes.cafe\/wp-content\/uploads\/2019\/04\/ae19_pintxoposter_52niko.jpg","23092":"https:\/\/www.antipodes.cafe\/wp-content\/uploads\/2019\/04\/ae19_pintxoposter_52niko-a.jpg","23087":"https:\/\/www.antipodes.cafe\/wp-content\/uploads\/2019\/04\/ae19_pintxoposter_51niko.jpg","23082":"https:\/\/www.antipodes.cafe\/wp-content\/uploads\/2019\/04\/ae19_pintxoposter_49niko.jpg","23077":"https:\/\/www.antipodes.cafe\/wp-content\/uploads\/2019\/04\/ae19_pintxoposter_45niko.jpg","23072":"https:\/\/www.antipodes.cafe\/wp-content\/uploads\/2019\/04\/ae19_pintxoposter_43niko.jpg","23067":"https:\/\/www.antipodes.cafe\/wp-content\/uploads\/2019\/04\/ae19_pintxoposter_41niko.jpg","23062":"https:\/\/www.antipodes.cafe\/wp-content\/uploads\/2019\/04\/ae19_pintxoposter_36niko.jpg","23057":"https:\/\/www.antipodes.cafe\/wp-content\/uploads\/2019\/04\/ae19_pintxoposter_35niko.jpg","23052":"https:\/\/www.antipodes.cafe\/wp-content\/uploads\/2019\/04\/ae19_pintxoposter_34niko.jpg","23047":"https:\/\/www.antipodes.cafe\/wp-content\/uploads\/2019\/04\/ae19_pintxoposter_33niko.jpg","23042":"https:\/\/www.antipodes.cafe\/wp-content\/uploads\/2019\/04\/ae19_pintxoposter_32niko.jpg","23037":"https:\/\/www.antipodes.cafe\/wp-content\/uploads\/2019\/04\/ae19_pintxoposter_31niko.jpg","23032":"https:\/\/www.antipodes.cafe\/wp-content\/uploads\/2019\/04\/ae19_pintxoposter_30niko.jpg","23027":"https:\/\/www.antipodes.cafe\/wp-content\/uploads\/2019\/04\/ae19_pintxoposter_29niko.jpg","23022":"https:\/\/www.antipodes.cafe\/wp-content\/uploads\/2019\/04\/ae19_pintxoposter_27niko.jpg"}},"listing_exhibition_video":{"listing_video":""},"listing_exhibition_listing_category":{"listing_listing_category":["exhibition-es"]},"listing_exhibition_location":{"listing_locations":["basquecountry","donostia"],"listing_map_location":{"address":"Tabakalera, Donostia \/ San Sebasti\u00e1n, Spain","latitude":"43.3165972","longitude":"-1.9755236999999397"},"listing_map_location_polygon":"","listing_street_view":"","listing_street_view_location":{"latitude":"37.81240457820649","longitude":"-122.47607752956912","zoom":"1.228","heading":"-18","pitch":"25"},"listing_inside_view":"","listing_inside_view_location":{"latitude":"37.81240457820649","longitude":"-122.47607752956912","zoom":"1.2210000000000003","heading":"-18","pitch":"25"},"listing_venue":"Lantoki, Tabakalera"},"listing_exhibition_date_interval":{"listing_date_from":"1554508800","listing_date_to":"1555113600"}},"_links":{"self":[{"href":"https:\/\/www.antipodes.cafe\/es\/wp-json\/wp\/v2\/exhibition\/22954","targetHints":{"allow":["GET"]}}],"collection":[{"href":"https:\/\/www.antipodes.cafe\/es\/wp-json\/wp\/v2\/exhibition"}],"about":[{"href":"https:\/\/www.antipodes.cafe\/es\/wp-json\/wp\/v2\/types\/exhibition"}],"author":[{"embeddable":true,"href":"https:\/\/www.antipodes.cafe\/es\/wp-json\/wp\/v2\/users\/11"}],"replies":[{"embeddable":true,"href":"https:\/\/www.antipodes.cafe\/es\/wp-json\/wp\/v2\/comments?post=22954"}],"wp:featuredmedia":[{"embeddable":true,"href":"https:\/\/www.antipodes.cafe\/es\/wp-json\/wp\/v2\/media\/23061"}],"wp:attachment":[{"href":"https:\/\/www.antipodes.cafe\/es\/wp-json\/wp\/v2\/media?parent=22954"}],"wp:term":[{"taxonomy":"locations","embeddable":true,"href":"https:\/\/www.antipodes.cafe\/es\/wp-json\/wp\/v2\/locations?post=22954"},{"taxonomy":"listing_categories","embeddable":true,"href":"https:\/\/www.antipodes.cafe\/es\/wp-json\/wp\/v2\/listing_categories?post=22954"}],"curies":[{"name":"wp","href":"https:\/\/api.w.org\/{rel}","templated":true}]}}