{"id":15225,"date":"2016-11-29T10:00:34","date_gmt":"2016-11-29T09:00:34","guid":{"rendered":"https:\/\/www.antipodes.cafe\/exhibition\/hoy-noquis-installation\/"},"modified":"2017-04-25T21:21:13","modified_gmt":"2017-04-25T19:21:13","slug":"hoy-noquis-installation","status":"publish","type":"exhibition","link":"https:\/\/www.antipodes.cafe\/es\/exhibition\/hoy-noquis-installation\/","title":{"rendered":"HOY \u00d1OQUIS -installation-"},"content":{"rendered":"<p>La exposici\u00f3n desarrollada el \u00faltimo d\u00eda 29 en el\u00a0proyecto <em>antipodes caf\u00e9 DEG15 <\/em>fue basada en una instalaci\u00f3n que incluy\u00f3 una proyecci\u00f3n de una <strong>imagen<\/strong> fija ubicada entre un <strong>delantal<\/strong> roto y <strong>tres cuadros<\/strong> hechos de tal delantal.\u00a0Adem\u00e1s, en la vereda se coloc\u00f3 un <strong>p\u00f3ster <\/strong>con la frase\u00a0\u00abHOY \u00d1OQUIS\u00bb.<\/p>\n<p>Como era un 29, obviamente se prepararon\u00a0y compartieron \u00f1oquis caseros\u00a0con todos los visitantes.<\/p>\n<h5><span style=\"color: #408edd;\">Imagen<\/span><\/h5>\n<p>Proyecci\u00f3n de una imagen de un barco lleno de emigrantes italianos rumbo a Am\u00e9rica del Sur, imagen intervenida con ciertas l\u00edneas que vibraban\u00a0en relaci\u00f3n al sonido del ambiente.<\/p>\n<h5><span style=\"color: #408edd;\">Delantal<\/span><\/h5>\n<p>El delantal fue un regalo que recibimos en Junio de 2014 por parte de la organizaci\u00f3n de San Sebasti\u00e1n como capital cultural Europea en 2016. Esta regalo publicitario\u00a0era de tela negra e inclu\u00eda en su frente el por entonces logotipo de tal evento impreso en dos tintas serigr\u00e1ficas.<\/p>\n<p>Fue utilizado con su reverso al frente solamente para cocinar \u00f1oquis en cada reuni\u00f3n hasta el 29 de octubre de 2016. Y nunca fue lavado.<\/p>\n<h5><span style=\"color: #408edd;\">3\u00a0Cuadros<\/span><\/h5>\n<p>Remplazamos la tela blanca de 3 cuadros A4 de esos prontos para pintores, por la tela negra y sucia del delantal, como una memoria de esos 3 a\u00f1os de reuniones \u00abHOY \u00d1OQUIS\u00bb.<\/p>\n<h5><span style=\"color: #408edd;\">P\u00f3ster<\/span><\/h5>\n<p>Collage utilizando 1 papel amarillo impreso con el texto \u00abHOY \u00d1OQUIS\u00bb y cortado de forma irregular y 9 de 10 fotocopias \u00fanicas hechas en 2007 en Uruguay (precisamente con una fotocopiadora rentada para la obra desarrollada por Felipe en el Sal\u00f3n Anual de Artes visuales 2007, en el Centro Municipal de Exposiciones, Subte) Las fotocopias son 9 ampliaciones de la tapa de la ahora extinta revista \u00abDeutschland\u00bb apoyada por el la oficina de asuntos internacionales de Alemania. La ilustraci\u00f3n -que recuerda a la chica de \u00abM-Maybe\u00bb de Lichtenstein- es una impresi\u00f3n de medio tono ded la cara de una mujer cauc\u00e1sica de pelo largo -seguramente rubia-, ojos claros y una mano con un guante blanco en una posici\u00f3n que sugiere pensamiento.\u00a0 Uno de estos papeles incluye una fotocopia de una moneda uruguaya, y otro papel incluye los p\u00e1rrafos 49 y 50 en Castellano, de la Sociedad del Espect\u00e1culo de Guy Debord:<\/p>\n<p><em>\u00ab<strong>49.<\/strong><\/em><br \/>\n<em>El espect\u00e1culo es la otra cara del dinero: el equivalente general abstracto de todas las mercanc\u00edas. Pero si el dinero ha dominado la sociedad como representaci\u00f3n de la equivalencia central, es decir, del car\u00e1cter intercambiable de bienes m\u00faltiples cuyo uso segu\u00eda siendo incomparable, el espect\u00e1culo es su complemento moderno desarrollado donde la totalidad del mundo mercantil aparece en bloque, como una equivalencia general a cuanto el conjunto de la sociedad pueda ser o hacer. El espect\u00e1culo es el dinero que <i>solamente se contempla<\/i> porque en \u00e9l la totalidad del uso ya se ha intercambiado con la totalidad de la representaci\u00f3n abstracta. El espect\u00e1culo no es s\u00f3lo el servidor del <i>pseudo-uso<\/i>, \u00e9l es ya en s\u00ed mismo el seudo-uso de la vida.<\/em><\/p>\n<h3><em>50<strong>.<\/strong><\/em><\/h3>\n<p><em>El resultado concentrado del trabajo social, en el momento de la abundancia <i>econ\u00f3mica<\/i>, se transforma en aparente y somete toda realidad a la apariencia, que es ahora su producto. El capital ya no es el centro invisible que dirige el modo de producci\u00f3n: su acumulaci\u00f3n lo despliega hasta en la periferia bajo la forma de objetos sensibles. Toda la extensi\u00f3n de la sociedad es su retrato.<\/em><\/p>\n<p><em> G.E.D. [Trad. revisada por Maldeojo para el Archivo Situacionista (1998).\u00a0(<a href=\"http:\/\/www.sindominio.net\/ash\/espect2.htm\">source<\/a>)]<\/em><\/p>\n<hr \/>\n<p style=\"text-align: left;\" align=\"center\">Poster, delantal\u00a0y cuadros fueron exhibidos en la muestra \u00ab<a href=\"https:\/\/www.antipodes.cafe\/es\/exhibition\/antipodes-cafe-visita-elefante\/\">antipodes caf\u00e9 visits Elefante<\/a>\u00bb en Brasilia, 2017.01<\/p>\n<hr \/>\n<p style=\"text-align: left;\" align=\"center\">\r\n\t\t\t\r\n\t\t\t\r\n\t\t\t\r\n\t\t\t<script>jQuery(document).ready(function($){$(\"#accordions-15227.accordions\").accordion({event: \"click\",collapsible: true,heightStyle: \"content\",animate: (\"linear\", 150),navigation: true,active: 999999,changestart: function(event, ui) {\r\n\t\t\t\t\t\t\t\tchild.accordion(\"activate\", false); \r\n\t\t\t\t\t\t\t}\r\n\t\t\t\t\t\t});\r\n\t\t\t\t\t\tvar child = $(\".child-accordion\").accordion({\r\n\t\t\t\t\t\t\tactive:true,heightStyle: \"content\",\r\n\t\t\t\t\t\t\tcollapsible: true,\r\n\t\t\t\t\t\t\tanimated: \"swing\",\r\n\t\t\t\t\t\t});\r\n\t\t\t\t\t})<\/script><style type='text\/css'>\r\n\t#accordions-15227{\r\n\t\t\ttext-align: left;}\r\n\t#accordions-15227{\r\n\t\t\tbackground: url() repeat scroll 0 0;\r\n\t\t\tpadding: 0px;\r\n\t\t\t}\r\n\t#accordions-15227 .accordions-head{\r\n\t\t\r\n\t\tbackground:rgba(134,118,103,1) none repeat scroll 0 0;\r\n\t\tmargin:1px;\r\n\t\tpadding:7px;\t\t\t\r\n\t\t}\t\t\r\n\t\r\n\t#accordions-15227 .accordions-head-title{\r\n\t\tcolor:#ffffff;\r\n\t\tfont-size:13px;\r\n\t\t}\r\n\t\r\n\t#accordions-15227 .accordions-head-title-toogle{\r\n\t\tcolor:#ffffff;\r\n\t\tfont-size:13px;\r\n\t\t}\t\r\n\t\r\n\t\r\n\t#accordions-15227 .accordions-head:hover .accordions-head-title{\r\n\t\tcolor:#ffffff;\r\n\t\t}\t\t\r\n\t\r\n\t\r\n\t#accordions-15227 .ui-accordion-header-active{\r\n\t\tbackground: #408edd;\r\n\t\r\n\t\t}\r\n\t#accordions-15227 .accordion-content{\r\n\t\t\tbackground:rgba(255,255,255,1) none repeat scroll 0 0;\r\n\t\t\tcolor:#666666;\r\n\t\t\tfont-size:13px;\r\n\t\t\tmargin:0;\r\n\t\t\tpadding:10px;\r\n\t\t\t}\r\n\t\t\t\r\n\t\r\n\t#accordions-15227 .accordion-icons{\r\n\t\t\tcolor:#ffffff;\r\n\t\t\tfont-size:13px;\t\t\t\t\r\n\t\t\t}\r\n\t\t\t\r\n\t#accordions-15227 .accordions-head:hover .accordion-icons{\r\n\t\t\tcolor:#ffffff;\t\t\t\r\n\t\t\t}\t\t\t\t\r\n\t\t\t\r\n\t\t\t<\/style><style type=\"text\/css\">#accordions-15227 {border:0px !important;}\r\n#accordions-15227 .accordions-head{border:0px !important;}\r\n#accordions-15227 .accordion-content{border:0px !important;}<\/style><div id=\"accordions-15227\" class=\"accordions accordions-themes flat accordions-15227\"><div id=\"0\" style=\"\" class=\"accordions-head head0\" toogle-text=\"HOY \u00d1OQUIS\" main-text=\"MAS INFORMACI\u00d3N\" ><div class=\"accordion-icons left accordion-plus fa fa-question-circle\"><\/div><div class=\"accordion-icons left accordion-minus fa fa-question-circle-o\"><\/div><div id=\"0\"    class=\"accordions-head-title\">MAS INFORMACI\u00d3N<\/div><\/div><div class=\"accordion-content content0\"><p>En Uruguay y Argentina\u00a0es tradici\u00f3n comer \u00f1oquis caseros los 29 de cada mes, tanto en casas como en restaurantes. En \u00e9stos \u00faltimos as\u00ed como en f\u00e1bricas de pasta, esos d\u00edas usualmente agregan una se\u00f1al en la vereda que clama\u00a0\"HOY \u00d1OQUIS\"<\/p>\n<p>Tambi\u00e9n como parte de la tradici\u00f3n,\u00a0algunas personas suelen poner una moneda (o billete) debajo del plato,\u00a0deseando fortuna.<\/p>\n<p>Esta historia tiene varias versiones, as\u00ed como todas las buenas historias, y quiz\u00e1s deba comenzarse resaltando el viaje de las papas desde Am\u00e9rica del Sur al resto del mundo, comenzando por la voraz Europa y sus descubrimientos. Luego, pobres agricultores italianos descubrieron que pod\u00edan reducir el consumo del inaccesible trigo\u00a0y crear una suerte de pasta basada en las accesibles papas, b\u00e1sicamente bollos de masa hervida, llamados gnocchi. Estos tub\u00e9rculos tienen una relaci\u00f3n muy ligada a vicisitudes econ\u00f3micas, salvando de hambrunas a diversos pueblos al rededor del mundo. Los ahora ricos pa\u00edses n\u00f3rdicos\u00a0conocen y muy bien a las papas por este motivo.<\/p>\n<p>El comienzo del siglo XX, vio el\u00a0crecimiento exponencial de Uruguay y Argentina en todo sentido.\u00a0Por ese entonces la mayor\u00eda de los europeos no estaba en un buen momento. Particularmente de\u00a0Italia, pueblo emigrante si los hay, partieron\u00a0millonesrumbo\u00a0a esos dos\u00a0j\u00f3venes pa\u00edses escapando de crisis y guerras.\u00a0Pa\u00edses que estaban construyendo\u00a0su identidad en el d\u00eda a d\u00eda\u00a0y esta masiva inmigraci\u00f3n afect\u00f3 radicalmente en tal construcci\u00f3n, \u00a0\"a trav\u00e9s de una pol\u00edtica de sincretismo cultural muy fuerte\". De hecho, \"hay muchas tradiciones italianas que los argentinos [y Uruguayos] a\u00fan mantienen y que en Italia ya casi no existen.\"\u00a0<a href=\"http:\/\/argentinainvestiga.edu.ar\/noticia.php?titulo=historias_de_inmigrantes_italianos_en_argentina&amp;id=1432#.U2cKkYHa70s\">*<\/a>\u00a0Una de \u00e9stas es comer \u00f1oquis los 29 de cada mes.\u00a0Un plato simple para desear prosperidad.<\/p>\n<p>Felipe, naci\u00f3 en Uruguay pero tiene en sus ra\u00edces esa historia italiana, de hecho legalmente tambi\u00e9n es italiano. Y gracias a esos papeles pudo mudarse a los pa\u00edses N\u00f3rdicos sin tantas complicaciones como si lo hubiese hecho como Sudamericano.<\/p>\n<p>Desde que se mud\u00f3 a Noruega, impresionado por:<\/p>\n<ul>\n<li>El corto tiempo que el viejo reinado se comporta como una naci\u00f3n independiente.<\/li>\n<li>La\u00a0reciente extrema riqueza<\/li>\n<li>La historia de extrema pobreza no lejos en tiempo, a\u00fan presente en diversos gestos de cruda simplicidad y austeridad<\/li>\n<li>Las facilidad en que las papas crecen en este suelo y clima<\/li>\n<li>El rol de la papa en la historia de Noruega, salvando a la poblaci\u00f3n en varias oportunidades (tales como durante el bloqueo Ingl\u00e9s en \u00e9pocas de guerras Napole\u00f3nicas o durante la segunda guerra mundial)\u00a0tanto en platos como en vasos.<\/li>\n<li>El remplazo\u00a0de la papa por\u00a0importaciones tales como el arroz, la pasta y los noodles.<\/li>\n<li>La fuerte pol\u00edtica contra la inmigraci\u00f3n.<\/li>\n<li>La apat\u00eda hacia lo extranjero, certificada por la ley de Jante de 1933.<\/li>\n<li>La incre\u00edble tradici\u00f3n de comer taco los Viernes de noche.<\/li>\n<\/ul>\n<p>comenz\u00f3 a cocinar \u00f1oquis espor\u00e1dicamente los 29 (y durante los \u00faltimos a\u00f1os en cada 29) en reuniones informales con el objetivo de hablar sobre tradiciones.<br \/>\nLas sedes y cantidad de visitantes var\u00edan de reuni\u00f3n en reuni\u00f3n pero los \u00f1oquis siempre se sirven de manera gratuita.<\/p>\n<p>En 2016 las reuniones \"HOY \u00d1OQUIS\" contaron con el apoyo de Oslo Kommune, Bydel Gamle Oslo (Frivillighetsmidler 2016)<\/p>\n<\/div><\/div><\/p>\n","protected":false},"author":11,"featured_media":10856,"comment_status":"closed","ping_status":"closed","template":"","meta":{"ngg_post_thumbnail":0},"locations":[507,505],"listing_categories":[463,451,454,472],"class_list":["post-15225","exhibition","type-exhibition","status-publish","has-post-thumbnail","hentry","locations-norway-es","locations-oslo-es-2","listing_categories-aedeg15-es","listing_categories-artworks-es","listing_categories-exhibition-es","listing_categories-hoy-gnocchi-es-2"],"cmb2":{"listing_exhibition_general":{"listing_title":"HOY \u00d1OQUIS -installation-","listing_description":"La exposici\u00f3n desarrollada el \u00faltimo d\u00eda 29 en el\u00a0proyecto <em>antipodes caf\u00e9 DEG15 <\/em>fue basada en una instalaci\u00f3n que incluy\u00f3 una proyecci\u00f3n de una <strong>imagen<\/strong> fija ubicada entre un <strong>delantal<\/strong> roto y <strong>tres cuadros<\/strong> hechos de tal delantal.\u00a0Adem\u00e1s, en la vereda se coloc\u00f3 un <strong>p\u00f3ster <\/strong>con la frase\u00a0\"HOY \u00d1OQUIS\".\r\n\r\nComo era un 29, obviamente se prepararon\u00a0y compartieron \u00f1oquis caseros\u00a0con todos los visitantes.\r\n<h5><span style=\"color: #408edd;\">Imagen<\/span><\/h5>\r\nProyecci\u00f3n de una imagen de un barco lleno de emigrantes italianos rumbo a Am\u00e9rica del Sur, imagen intervenida con ciertas l\u00edneas que vibraban\u00a0en relaci\u00f3n al sonido del ambiente.\r\n<h5><span style=\"color: #408edd;\">Delantal<\/span><\/h5>\r\nEl delantal fue un regalo que recibimos en Junio de 2014 por parte de la organizaci\u00f3n de San Sebasti\u00e1n como capital cultural Europea en 2016. Esta regalo publicitario\u00a0era de tela negra e inclu\u00eda en su frente el por entonces logotipo de tal evento impreso en dos tintas serigr\u00e1ficas.\r\n\r\nFue utilizado con su reverso al frente solamente para cocinar \u00f1oquis en cada reuni\u00f3n hasta el 29 de octubre de 2016. Y nunca fue lavado.\r\n<h5><span style=\"color: #408edd;\">3\u00a0Cuadros<\/span><\/h5>\r\nRemplazamos la tela blanca de 3 cuadros A4 de esos prontos para pintores, por la tela negra y sucia del delantal, como una memoria de esos 3 a\u00f1os de reuniones \"HOY \u00d1OQUIS\".\r\n<h5><span style=\"color: #408edd;\">P\u00f3ster<\/span><\/h5>\r\nCollage utilizando 1 papel amarillo impreso con el texto \"HOY \u00d1OQUIS\" y cortado de forma irregular y 9 de 10 fotocopias \u00fanicas hechas en 2007 en Uruguay (precisamente con una fotocopiadora rentada para la obra desarrollada por Felipe en el Sal\u00f3n Anual de Artes visuales 2007, en el Centro Municipal de Exposiciones, Subte) Las fotocopias son 9 ampliaciones de la tapa de la ahora extinta revista \"Deutschland\" apoyada por el la oficina de asuntos internacionales de Alemania. La ilustraci\u00f3n -que recuerda a la chica de \"M-Maybe\" de Lichtenstein- es una impresi\u00f3n de medio tono ded la cara de una mujer cauc\u00e1sica de pelo largo -seguramente rubia-, ojos claros y una mano con un guante blanco en una posici\u00f3n que sugiere pensamiento.\u00a0 Uno de estos papeles incluye una fotocopia de una moneda uruguaya, y otro papel incluye los p\u00e1rrafos 49 y 50 en Castellano, de la Sociedad del Espect\u00e1culo de Guy Debord:\r\n\r\n<em>\"<strong>49.<\/strong><\/em>\r\n<em>El espect\u00e1culo es la otra cara del dinero: el equivalente general abstracto de todas las mercanc\u00edas. Pero si el dinero ha dominado la sociedad como representaci\u00f3n de la equivalencia central, es decir, del car\u00e1cter intercambiable de bienes m\u00faltiples cuyo uso segu\u00eda siendo incomparable, el espect\u00e1culo es su complemento moderno desarrollado donde la totalidad del mundo mercantil aparece en bloque, como una equivalencia general a cuanto el conjunto de la sociedad pueda ser o hacer. El espect\u00e1culo es el dinero que <i>solamente se contempla<\/i> porque en \u00e9l la totalidad del uso ya se ha intercambiado con la totalidad de la representaci\u00f3n abstracta. El espect\u00e1culo no es s\u00f3lo el servidor del <i>pseudo-uso<\/i>, \u00e9l es ya en s\u00ed mismo el seudo-uso de la vida.<\/em>\r\n<h3><em>50<strong>.<\/strong><\/em><\/h3>\r\n<em>El resultado concentrado del trabajo social, en el momento de la abundancia <i>econ\u00f3mica<\/i>, se transforma en aparente y somete toda realidad a la apariencia, que es ahora su producto. El capital ya no es el centro invisible que dirige el modo de producci\u00f3n: su acumulaci\u00f3n lo despliega hasta en la periferia bajo la forma de objetos sensibles. Toda la extensi\u00f3n de la sociedad es su retrato.<\/em>\r\n\r\n<em> G.E.D. [Trad. revisada por Maldeojo para el Archivo Situacionista (1998).\u00a0(<a href=\"http:\/\/www.sindominio.net\/ash\/espect2.htm\">source<\/a>)]<\/em>\r\n\r\n<hr \/>\r\n<p style=\"text-align: left;\" align=\"center\">Poster, delantal\u00a0y cuadros fueron exhibidos en la muestra \"<a href=\"https:\/\/www.antipodes.cafe\/es\/exhibition\/antipodes-cafe-visita-elefante\/\">antipodes caf\u00e9 visits Elefante<\/a>\" en Brasilia, 2017.01<\/p>\r\n\r\n\r\n<hr \/>\r\n<p style=\"text-align: left;\" align=\"center\">[accordions id=\"15227\"]<\/p>","listing_featured_image":"https:\/\/www.antipodes.cafe\/wp-content\/uploads\/2016\/11\/ae16-hoygnocchi-exhibition-featured.jpg","listing_featured_image_id":""},"listing_exhibition_banner":{"listing_banner":"banner_image","listing_banner_image":"https:\/\/www.antipodes.cafe\/wp-content\/uploads\/2017\/02\/ae16-hoygnocchi-exhibition-01.jpg","listing_banner_image_id":"10811","listing_banner_video":"","listing_banner_video_id":"","listing_banner_video_embed":"","listing_banner_map_zoom":"12","listing_banner_map_type":"SATELLITE","listing_banner_map_marker":""},"listing_exhibition_gallery":{"listing_gallery":{"10846":"https:\/\/www.antipodes.cafe\/wp-content\/uploads\/2017\/02\/ae16-hoygnocchi-exhibition-08.jpg","10826":"https:\/\/www.antipodes.cafe\/wp-content\/uploads\/2017\/02\/ae16-hoygnocchi-exhibition-04.jpg","10816":"https:\/\/www.antipodes.cafe\/wp-content\/uploads\/2017\/02\/ae16-hoygnocchi-exhibition-02.jpg","10821":"https:\/\/www.antipodes.cafe\/wp-content\/uploads\/2017\/02\/ae16-hoygnocchi-exhibition-03.jpg","10841":"https:\/\/www.antipodes.cafe\/wp-content\/uploads\/2017\/02\/ae16-hoygnocchi-exhibition-07.jpg","10831":"https:\/\/www.antipodes.cafe\/wp-content\/uploads\/2017\/02\/ae16-hoygnocchi-exhibition-05.jpg","10836":"https:\/\/www.antipodes.cafe\/wp-content\/uploads\/2017\/02\/ae16-hoygnocchi-exhibition-06.jpg"}},"listing_exhibition_video":{"listing_video":""},"listing_exhibition_listing_category":{"listing_listing_category":["aedeg15","artwork","exhibition","hoy-gnocchi"]},"listing_exhibition_location":{"listing_locations":["norway","oslo"],"listing_map_location":{"address":"Dronning Eufemias gate, Oslo, Norway","latitude":"59.90748596688892","longitude":"10.7580317916794"},"listing_map_location_polygon":"","listing_street_view":"","listing_street_view_location":{"latitude":"37.81240457820649","longitude":"-122.47607752956912","zoom":"0.8759999999999999","heading":"-18","pitch":"25"},"listing_inside_view":"","listing_inside_view_location":{"latitude":"37.81240457820649","longitude":"-122.47607752956912","zoom":"0.8759999999999999","heading":"-18","pitch":"25"},"listing_venue":""},"listing_exhibition_date_interval":{"listing_date_from":"1480377600","listing_date_to":"1480377600"}},"_links":{"self":[{"href":"https:\/\/www.antipodes.cafe\/es\/wp-json\/wp\/v2\/exhibition\/15225","targetHints":{"allow":["GET"]}}],"collection":[{"href":"https:\/\/www.antipodes.cafe\/es\/wp-json\/wp\/v2\/exhibition"}],"about":[{"href":"https:\/\/www.antipodes.cafe\/es\/wp-json\/wp\/v2\/types\/exhibition"}],"author":[{"embeddable":true,"href":"https:\/\/www.antipodes.cafe\/es\/wp-json\/wp\/v2\/users\/11"}],"replies":[{"embeddable":true,"href":"https:\/\/www.antipodes.cafe\/es\/wp-json\/wp\/v2\/comments?post=15225"}],"wp:featuredmedia":[{"embeddable":true,"href":"https:\/\/www.antipodes.cafe\/es\/wp-json\/wp\/v2\/media\/10856"}],"wp:attachment":[{"href":"https:\/\/www.antipodes.cafe\/es\/wp-json\/wp\/v2\/media?parent=15225"}],"wp:term":[{"taxonomy":"locations","embeddable":true,"href":"https:\/\/www.antipodes.cafe\/es\/wp-json\/wp\/v2\/locations?post=15225"},{"taxonomy":"listing_categories","embeddable":true,"href":"https:\/\/www.antipodes.cafe\/es\/wp-json\/wp\/v2\/listing_categories?post=15225"}],"curies":[{"name":"wp","href":"https:\/\/api.w.org\/{rel}","templated":true}]}}