{"id":10246,"date":"2011-09-02T10:00:13","date_gmt":"2011-09-02T08:00:13","guid":{"rendered":"https:\/\/www.antipodes.cafe\/exhibition\/gwangju-design-biennale-2011\/"},"modified":"2017-05-19T18:58:55","modified_gmt":"2017-05-19T16:58:55","slug":"gwangju-design-biennale-2011","status":"publish","type":"exhibition","link":"https:\/\/www.antipodes.cafe\/es\/exhibition\/gwangju-design-biennale-2011\/","title":{"rendered":"Bienal de dise\u00f1o de Gwangju 2011"},"content":{"rendered":"<p>Collage realizado con impresiones\u00a0originales de campa\u00f1as pol\u00edticas de diversos pa\u00edses y comunidades aut\u00f3nomas del mundo, superpuestas hasta cubrir la superficie\u00a0de forma\u00a0aleatoria\u00a0siguiendo una libre interpretaci\u00f3n del gr\u00e1fico de Nolan sobre ideolog\u00eda pol\u00edtica.**<\/p>\n<p>Esta obra no es para un lugar espec\u00edfico. Permite su presentaci\u00f3n en nuevas\u00a0muestras y espacios y tambi\u00e9n su modificaci\u00f3n\/continuaci\u00f3n, agregando nuevas impresiones.\u00a0(<a href=\"https:\/\/www.antipodes.cafe\/es\/contacto\/\">Contacto<\/a>)<\/p>\n<hr \/>\n<p><strong><em>* Materiales impresos de:<br \/>\n<\/em><\/strong>Argentina, Brasil, Canad\u00e1, Rep\u00fablica Dominicana,EEUU, Espa\u00f1a, Estonia, Finlandia, Francia, Korea del Sur, India, Italia, Iraq, Iran, Irelanda, Malta, Mexico, Nigeria, Pa\u00edses Bajos, Pa\u00eds Vasco, Per\u00fa, Portugal, Puerto Rico, Singapur, Santa Luc\u00eda, Uruguay, Venezuela,\u00a0\u00c5lland.<\/p>\n<p>&nbsp;<\/p>\n<p><em><img decoding=\"async\" src=\"https:\/\/www.antipodes.cafe\/wp-content\/uploads\/2017\/02\/2011_ud_politicalcampaignimages00.jpg\" \/><\/em><\/p>\n<p><strong><em>** Diagrama de Nolan<br \/>\n<\/em><\/strong>Gr\u00e1fica\u00a0popularizada por el pol\u00edtico estadounidense David Nolan\u00a0[1943-2010]. Nolan\u00a0interpret\u00f3 que virtualmente todas las acciones pol\u00edticas pueden ser dividas en dos grandes grupos: acciones econ\u00f3micas y acciones personales. As\u00ed, desarrollo una gr\u00e1fica que permite ilustrar la idea de que liberalismo representa tanto libertad econ\u00f3mica como personal. De esta forma, una izquierda m\u00e1s liberal se relaciona con una extrema libertad en lo personal, mientras que una m\u00e1s conservadora tiende a reprimir\u00a0la libertad econ\u00f3mica del individuo. De modo opuesto, una derecha liberal promueve la libertad econ\u00f3mica mientras que una derecha conservadora reprime la libertad personal.<\/p>\n<hr \/>\n<p><em>\u00abWhat is design? The world is changing and so is design. The shifting networks and nodes of the global world, the movement of wealth and production, the emergence of new media, and the changing values of local and global communities have refocused the issues, problems, and potential of design. Inspired by the first lines of the Do Duk Kyeong (Tao Te Ching, \u9053\u5fb7\u7d93), &#8216;the way that is the way is not always the way,&#8217; the 4th Gwangju DesignBiennale sought to (re)place and (re)name the fundamental issues of contemporary design.\u00bb<\/em> <a href=\"http:\/\/www.gwangjubiennale.org\"><strong>GDB<\/strong><\/a><\/p>\n<table>\n<tbody>\n<tr>\n<td><\/td>\n<td><span style=\"color: #408edd;\"><strong>MUESTRA GRUPAL<\/strong><\/span><\/td>\n<td><\/td>\n<td><\/td>\n<\/tr>\n<tr>\n<td><\/td>\n<td><em><strong>Bienal de Dise\u00f1o de Gwangju<\/strong><\/em><\/td>\n<td><\/td>\n<td><a href=\"http:\/\/gwangjublog.com\/may-in-gwangju\/\">M\u00e1s informaci\u00f3n (en ingl\u00e9s)<\/a><\/td>\n<\/tr>\n<tr>\n<td><strong>Organizaci\u00f3n<\/strong><\/td>\n<td>Ciudad Metropolitana de\u00a0Gwangju y la Fundaci\u00f3n Bienal de Gwangju<\/td>\n<td><\/td>\n<td>South Korea<\/td>\n<\/tr>\n<tr>\n<td><b>Directores art\u00edsticos<\/b><\/td>\n<td>Ai Wei Wei, Seung H-Sang<\/td>\n<td><\/td>\n<td><\/td>\n<\/tr>\n<tr>\n<td><strong>Curador secci\u00f3n \u00absin nombre\u00bb<\/strong><\/td>\n<td>Brendan McGetrick<\/td>\n<td><\/td>\n<td><\/td>\n<\/tr>\n<tr>\n<td><strong>Obra<\/strong><\/td>\n<td><em>\u00abCaras\u00bb, Im\u00e1genes de campa\u00f1as pol\u00edticas<\/em><\/td>\n<td><\/td>\n<td>6 x 3 metros (collage)<\/td>\n<\/tr>\n<tr>\n<td><strong>Visitantes<\/strong><\/td>\n<td><i>800.000 (<a href=\"http:\/\/www.e-flux.com\/announcements\/34931\/4th-gwangju-design-biennale\/\">fuente<\/a>-en ingl\u00e9s-)<\/i><\/td>\n<td><\/td>\n<td><\/td>\n<\/tr>\n<\/tbody>\n<\/table>\n<h5><\/h5>\n<hr \/>\n<h5><span style=\"color: #408edd;\">Foto Mural<\/span><\/h5>\n<p>Lene Haus \u00a92011<em>Gracias!<\/em><\/p>\n<h5><span style=\"color: #408edd;\">GRACIAS<\/span><\/h5>\n<p class=\"p1\">Sylvia Battaglino, Andr\u00e9s Ridao, Heidi Uusivirta, Marina Ridao, Alberto Nanclares, Miguel Fascioli, Mister, Josefa y Miguel \u00c1ngel Rodr\u00edguez, Marcelito D\u00edaz, Luc\u00eda Fern\u00e1ndez, Carla Hern\u00e1ndez, Hugo S\u00e1nchez, Josu\u00e9 V\u00e1zquez, Pablo Rey, Manuel Neves, Mar\u00eda del Mar Reyes, Melisa Dvorak, Uchena Ikunne, Rosario S\u00e1nchez, Fernando Fascioli, Syn\u00f8ve Flobak, Shabnan Hosseini, embajadora de Uruguay en Corea del Sur, Sra. Alba Florio, Republic of Korea National Election Commision, Korean Democratic Labor Party, Korean\u00a0Democratic Party, Kaapelitehdas Helsinki, PCF, Parti Socialiste Fran\u00e7ais, NPA (Francia), Estonian Reform Party, Estonian Social Democratic Party.<\/p>\n<hr \/>\n<h5><span style=\"color: #408edd;\">PRENSA<\/span><\/h5>\n<ul>\n<li>Revista: UY (p. 24-25) Diario El Pa\u00eds, Uruguay<\/li>\n<li>Revista Freeway (p. 76-78), Uruguay 2011.10<\/li>\n<li>Revista Outlook#15 Building perspectives: Smart Future\u00a0(Construyendo perspectivas: Futuro Astuto) Alemania 2o12. (<a href=\"http:\/\/outlook.messefrankfurt.com\/assets\/Outlook_15.pdf\" target=\"_blank\" rel=\"noopener noreferrer\">Descargar PDF<\/a>)<\/li>\n<\/ul>\n<hr \/>\n<h6><span style=\"color: #408edd;\">PASANDO EL CHUY<\/span><\/h6>\n<p><em>Revista UY. 2011.09.06<\/em><\/p>\n<p><img loading=\"lazy\" decoding=\"async\" class=\"alignnone size-full wp-image-1766\" src=\"https:\/\/www.antipodes.cafe\/feliperidao\/wp-content\/uploads\/2013\/07\/2011uy1-241x300.png\" alt=\"2011uy1-241x300\" width=\"241\" height=\"300\" \/><img loading=\"lazy\" decoding=\"async\" class=\"alignnone size-full wp-image-1765\" src=\"https:\/\/www.antipodes.cafe\/feliperidao\/wp-content\/uploads\/2013\/07\/2011_uy2-241x300.png\" alt=\"2011_uy2-241x300\" width=\"241\" height=\"300\" \/><\/p>\n<p>\u00abCon el prop\u00f3sito de conocer por dentro el periplo de un artista uruguayo desde la concepci\u00f3n misma de su obra hasta su exposici\u00f3n en Corea, Revista Uy! convoc\u00f3 a Felipe Ridao para que hiciera su propio reportaje, escrito y visual. Con su iPhone como c\u00e1mara, registr\u00f3 el proceso que lo llev\u00f3 hasta la Bienal de Dise\u00f1o de Gwangju con un mural que compila materiales impresos originales de campa\u00f1as pol\u00edticas de distintos rincones del mundo. Este es su propio relato.\u201d<br \/>\nRevista UY!<em><br \/>\n<\/em><br \/>\n<strong>Sobre c\u00f3mo suceden las cosas.<\/strong><br \/>\n<em>Marzo, Mart\u00edn Delgado amigo de noches hechas d\u00eda y generoso cual porci\u00f3n de noodles en Korea, cabece\u00f3 hacia m\u00ed un centro de Brendan McGetrick, uno de los curadores de la Bienal de Dise\u00f1o de Gwangju, y dos cabezazos en el \u00e1rea es gol\u2026<\/em><\/p>\n<p><strong>Que \u00bfqu\u00e9?<br \/>\n<\/strong><em>La Bienal de Dise\u00f1o de Gwangju seg\u00fan cuentan \u201ces la plataforma p\u00fablica l\u00edder de Asia en introducci\u00f3n, exploraci\u00f3n y celebraci\u00f3n del dise\u00f1o internacional.\u201d La edici\u00f3n 2011 (setiembre 2 a octubre 23) dirigida por el renombrado artista chino Ai Weiwei y el prominente arquitecto surcoreano Seung H. Sang, contar\u00e1 con 132 trabajos de 129 dise\u00f1adores y 74 empresas de m\u00e1s de 40 pa\u00edses exhibidos en 6 secciones integradas bajo las categor\u00edas tomadas de las secciones de los diarios: Pol\u00edtica, Econom\u00eda, Cultura, Cuerpo, Ambiente, Casa, Ciencia y Deportes. La secci\u00f3n \u201cUn-Named\u201d donde participa entonces el estudio abierto que estoy formando desde 2006 (USTED) cuenta con una larga secci\u00f3n de trabajos sobre dise\u00f1o y pol\u00edtica de diversos pa\u00edses.<\/em><\/p>\n<p><strong>\u00bfEntonces?<\/strong><br \/>\n<em>Abril, plena campa\u00f1a electoral en Helsinki donde ando ahora por mucho m\u00e1s que amor*, lugar ideal para pensar sobre el tema dise\u00f1o y pol\u00edtica, rodeado de pol\u00edticos, de sus promociones y sonrisas, surgieron 3 propuestas y una fue aceptada.<\/em><\/p>\n<p><em>La obra es simple sobre tema complejo, un mural de 6,1 x 3 m realizado con materiales impresos originales de campa\u00f1as pol\u00edticas de diversos pa\u00edses y comunidades aut\u00f3nomas del mundo ** que fui juntando (en Finlandia, Francia y Estonia) y que varios colaboradores, a quienes estoy muy agradecido, me\u00a0<\/em><em>enviaron por correo postal. ***<\/em><br \/>\n<em>Estos afiches, volantes, folletos, tapas y p\u00e1ginas de revistas, anuncios, adhesivos, etc. fueron ubicados espont\u00e1neamente seg\u00fan los conceptos que transmite cada imagen de cada candidato en relaci\u00f3n al gr\u00e1fico\u00a0<\/em><em>de Nolan sobre ideolog\u00eda pol\u00edtica. ****<\/em><br \/>\n<em>Luego de intentar contactar al Estado e instituciones uruguayas para conseguir apoyo y as\u00ed realizar el trabajo in situ y no a distancia como la organizaci\u00f3n pretend\u00eda, comenc\u00e9 a juntar opciones y materiales. De acuerdo al desarrollo del proyecto, la organizaci\u00f3n tom\u00f3 cartas en el asunto en julio y me invit\u00f3 a realizar el trabajo en la bienal y una charla\/presentaci\u00f3n.<\/em><\/p>\n<p><strong>Letra chica<\/strong><br \/>\n<small>(*) <em>No soy de los que se va de Uruguay caliente por falta de oportunidades, pues es lo opuesto, sino que la nave azul es una y si saltamos donde sea vamos hacia el centro, sigo entonces en la aldea, en la aldea global, tema para otra nota\u2026<\/em><\/small><\/p>\n<p>(**) Argentina, Brasil, Canad\u00e1, Corea del Sur, Dominica, EEUU, Espa\u00f1a, Estonia, Finlandia, Francia, India, Italia, Iraq, Ir\u00e1n, Irlanda, Malta, M\u00e9xico, Nigeria, Pa\u00eds Vasco, Pa\u00edses Bajos, Per\u00fa, Portugal, Puerto Rico, Singapur, Santa Luc\u00eda, Uruguay, Venezuela y \u00c5land.<br \/>\n(***) Sylvia Battaglino, Andr\u00e9s Ridao, Heidi Uusivirta, Marina Ridao, Alberto Nanclares, Miguel Fascioli, Mister, Josefa y Miguel \u00c1ngel Rodr\u00edguez, Marcelito D\u00edaz, Luc\u00eda Fern\u00e1ndez, Carla Hern\u00e1ndez, Hugo S\u00e1nchez, Josu\u00e9 V\u00e1zquez, Pablo Rey, Manuel Neves, Mar\u00eda del Mar Reyes, Melisa Dvorak, Uchena Ikunne, Rosario S\u00e1nchez, Fernando Fascioli, Syn\u00f8ve Flobak, Shabnan Hosseini, embajadora de Uruguay en Corea del Sur, Sra. Alba Florio, Republic of Korea National Election Commision, Korean Democratic Labor Party and Democratic Party, Kaapelitehdas Helsinki, PCF, Parti Socialiste Fran\u00e7ais, NPA (Francia), Estonian Reform Party, Estonian Social Democratic Party.<\/p>\n<p>(****) Gr\u00e1fico de Nolan.<br \/>\n<em>Un diagrama sobre ideolog\u00eda pol\u00edtica popularizado por el liberal estadounidense David Nolan [1943-2010], quien lleg\u00f3 a la conclusi\u00f3n de que pr\u00e1cticamente toda acci\u00f3n pol\u00edtica se puede dividir en dos ejes generales: Libertad personal y Libertad econ\u00f3mica. Es as\u00ed que gener\u00f3 un gr\u00e1fico para afirmar ilustrativamente que el liberalismo representa tanto a la libertad econ\u00f3mica como personal, en contraste con la idea general de enfrentar al \u201cliberalismo de izquierda\u201d -el cual seg\u00fan Nolan propugna solamente la libertad personal- y \u201cel conservadurismo de derecha\u201d -que para Nolan aboca solamente la libertad econ\u00f3mica-.<\/em><\/p>\n<p><small><strong>[Mural]<\/strong><br \/>\n<\/small><em><small>\u201cEl trabajo tiene 3 capas. La primera es de foamboard (cart\u00f3n espuma) para as\u00ed poder transportar la obra y mostrarla donde alguien lo entienda interesante\u2026 ya veremos\u2026 La segunda es de carteles sin caras para generar una superposici\u00f3n de informaci\u00f3n en papeles que puedan translucir, generar relieve y cambiar la superficie del cart\u00f3n y evitar espacios en blanco de otra textura que papel. La tercera capa es la de las caras, armada como superposici\u00f3n, hasta que me cans\u00e9 de pegar y de cubrir bastante pareja a la superficie\u2026 fue agotador analizar cada imagen. Me pregunto qu\u00e9 pensar\u00e1n los pol\u00edticos de este trabajo\u2026\u201d<\/small><\/em><\/p>\n<p>Felipe Ridao<br \/>\nGwangju, 2011<\/p>\n<hr \/>\n<h6><span style=\"color: #408edd;\">ESAS CARAS POL\u00cdTICAS<\/span><\/h6>\n<p><em>Revista Freeway. 2011.10<\/em><\/p>\n<p><img loading=\"lazy\" decoding=\"async\" class=\"alignnone size-full wp-image-1771\" src=\"https:\/\/www.antipodes.cafe\/feliperidao\/wp-content\/uploads\/2013\/07\/2011_Freeway_tras_usted.jpg\" alt=\"2011_Freeway_tras_usted\" width=\"366\" height=\"500\" \/><\/p>\n<p><em>\u00abDesde que me plant\u00e9 en el campo de la comunicaci\u00f3n, sobre todo visual, me atraen temas que abordo desde diversos \u00e1ngulos y situaciones: identidad, pensamiento y lenguaje, participaci\u00f3n, camuflaje, apropiaci\u00f3n, silencio, cari\u00f1o, sorpresa, por mencionar algunos.<\/em><\/p>\n<p><em>Luego de recibir la invitaci\u00f3n para participar en la Bienal de Corea del Sur, me puse a estudiar la propuesta de los directores art\u00edsticos -Ai Weiwei y Seung H-Sang- y la formulaci\u00f3n curatorial: design is design is not design. De ah\u00ed pas\u00e9 a estudiar tao\u00edsmo, luego me di cuenta que estaba en el carajo, y busqu\u00e9 conocer m\u00e1s sobre el inter\u00e9s del curador de la secci\u00f3n en que participar\u00eda, sobre pol\u00edtica y dise\u00f1o. Tambi\u00e9n estudi\u00e9 lo que pude sobre la exposici\u00f3n y sobre quienes la visitan, y un poco de cultura de Corea del Sur.<\/em><\/p>\n<p><em>Tuve la suerte de que esos d\u00edas en Finlandia, donde vivo desde hace un a\u00f1o, fuera \u00e9poca de elecciones y que adem\u00e1s tienen un sistema parlamentario cada d\u00eda m\u00e1s individualista y menos partidario. Entonces empec\u00e9 a juntar materiales sin saber bien para qu\u00e9\u2026 Gracias a estar en tierras de uno de los idiomas m\u00e1s complejos que conozco, fue que hice foco en la imagen de las personas m\u00e1s que en los textos, y no tanto en las ideolog\u00edas que intentan transmitir, o en los partidos, sino en lo que las im\u00e1genes comunican o lo que cada candidato busca mostrar de s\u00ed mismo.<\/em><\/p>\n<p><em>Como siempre, posiblemente, fue en la servilleta de alg\u00fan caf\u00e9 que llegu\u00e9 a la idea de trabajar con materiales existentes y generar una instalaci\u00f3n in situ, como corresponde, que fuera accesible a un p\u00fablico muy amplio y que dialogara con los conceptos de la propia Bienal, de la secci\u00f3n y los m\u00edos. Luego, buscando la excusa de c\u00f3mo organizar los materiales que ten\u00eda, llegu\u00e9 al gr\u00e1fico de David Nolan, que cay\u00f3 como anillo al dedo. Realmente lo encuentro como la grilla que ordena las decisiones de c\u00f3mo producir la comunicaci\u00f3n de candidatos.<\/em><\/p>\n<p><em>Ah\u00ed mismo me propuse pensar de forma global el tema, porque enfocarme en la campa\u00f1a pol\u00edtica de Finlandia en una muestra global, con base en Corea del Sur, no ten\u00eda mucho sentido\u2026 Fue as\u00ed que d\u00eda a d\u00eda me fueron llegando materiales de pa\u00edses muy diversos y el mural fue tomando forma.\u00bb<\/em><\/p>\n<p>Felipe Ridao<br \/>\nHelsinki, 2011.08<\/p>\n","protected":false},"author":11,"featured_media":9396,"comment_status":"closed","ping_status":"closed","template":"","meta":{"ngg_post_thumbnail":0},"locations":[519],"listing_categories":[451,454],"class_list":["post-10246","exhibition","type-exhibition","status-publish","has-post-thumbnail","hentry","locations-gwangju-es-2","listing_categories-artworks-es","listing_categories-exhibition-es"],"cmb2":{"listing_exhibition_general":{"listing_title":"Bienal de dise\u00f1o de Gwangju 2011","listing_description":"Collage realizado con impresiones\u00a0originales de campa\u00f1as pol\u00edticas de diversos pa\u00edses y comunidades aut\u00f3nomas del mundo, superpuestas hasta cubrir la superficie\u00a0de forma\u00a0aleatoria\u00a0siguiendo una libre interpretaci\u00f3n del gr\u00e1fico de Nolan sobre ideolog\u00eda pol\u00edtica.**\r\n\r\nEsta obra no es para un lugar espec\u00edfico. Permite su presentaci\u00f3n en nuevas\u00a0muestras y espacios y tambi\u00e9n su modificaci\u00f3n\/continuaci\u00f3n, agregando nuevas impresiones.\u00a0(<a href=\"https:\/\/www.antipodes.cafe\/es\/contacto\/\">Contacto<\/a>)\r\n\r\n<hr \/>\r\n\r\n<strong><em>* Materiales impresos de:\r\n<\/em><\/strong>Argentina, Brasil, Canad\u00e1, Rep\u00fablica Dominicana,EEUU, Espa\u00f1a, Estonia, Finlandia, Francia, Korea del Sur, India, Italia, Iraq, Iran, Irelanda, Malta, Mexico, Nigeria, Pa\u00edses Bajos, Pa\u00eds Vasco, Per\u00fa, Portugal, Puerto Rico, Singapur, Santa Luc\u00eda, Uruguay, Venezuela,\u00a0\u00c5lland.\r\n\r\n&nbsp;\r\n\r\n<em><img src=\"https:\/\/www.antipodes.cafe\/wp-content\/uploads\/2017\/02\/2011_ud_politicalcampaignimages00.jpg\" \/><\/em>\r\n\r\n<strong><em>** Diagrama de Nolan\r\n<\/em><\/strong>Gr\u00e1fica\u00a0popularizada por el pol\u00edtico estadounidense David Nolan\u00a0[1943-2010]. Nolan\u00a0interpret\u00f3 que virtualmente todas las acciones pol\u00edticas pueden ser dividas en dos grandes grupos: acciones econ\u00f3micas y acciones personales. As\u00ed, desarrollo una gr\u00e1fica que permite ilustrar la idea de que liberalismo representa tanto libertad econ\u00f3mica como personal. De esta forma, una izquierda m\u00e1s liberal se relaciona con una extrema libertad en lo personal, mientras que una m\u00e1s conservadora tiende a reprimir\u00a0la libertad econ\u00f3mica del individuo. De modo opuesto, una derecha liberal promueve la libertad econ\u00f3mica mientras que una derecha conservadora reprime la libertad personal.\r\n\r\n<hr \/>\r\n\r\n<em>\"What is design? The world is changing and so is design. The shifting networks and nodes of the global world, the movement of wealth and production, the emergence of new media, and the changing values of local and global communities have refocused the issues, problems, and potential of design. Inspired by the first lines of the Do Duk Kyeong (Tao Te Ching, \u9053\u5fb7\u7d93), 'the way that is the way is not always the way,' the 4th Gwangju DesignBiennale sought to (re)place and (re)name the fundamental issues of contemporary design.\"<\/em> <a href=\"http:\/\/www.gwangjubiennale.org\"><strong>GDB<\/strong><\/a>\r\n<table>\r\n<tbody>\r\n<tr>\r\n<td><\/td>\r\n<td><span style=\"color: #408edd;\"><strong>MUESTRA GRUPAL<\/strong><\/span><\/td>\r\n<td><\/td>\r\n<td><\/td>\r\n<\/tr>\r\n<tr>\r\n<td><\/td>\r\n<td><em><strong>Bienal de Dise\u00f1o de Gwangju<\/strong><\/em><\/td>\r\n<td><\/td>\r\n<td><a href=\"http:\/\/gwangjublog.com\/may-in-gwangju\/\">M\u00e1s informaci\u00f3n (en ingl\u00e9s)<\/a><\/td>\r\n<\/tr>\r\n<tr>\r\n<td><strong>Organizaci\u00f3n<\/strong><\/td>\r\n<td>Ciudad Metropolitana de\u00a0Gwangju y la Fundaci\u00f3n Bienal de Gwangju<\/td>\r\n<td><\/td>\r\n<td>South Korea<\/td>\r\n<\/tr>\r\n<tr>\r\n<td><b>Directores art\u00edsticos<\/b><\/td>\r\n<td>Ai Wei Wei, Seung H-Sang<\/td>\r\n<td><\/td>\r\n<td><\/td>\r\n<\/tr>\r\n<tr>\r\n<td><strong>Curador secci\u00f3n \"sin nombre\"<\/strong><\/td>\r\n<td>Brendan McGetrick<\/td>\r\n<td><\/td>\r\n<td><\/td>\r\n<\/tr>\r\n<tr>\r\n<td><strong>Obra<\/strong><\/td>\r\n<td><em>\"Caras\", Im\u00e1genes de campa\u00f1as pol\u00edticas<\/em><\/td>\r\n<td><\/td>\r\n<td>6 x 3 metros (collage)<\/td>\r\n<\/tr>\r\n<tr>\r\n<td><strong>Visitantes<\/strong><\/td>\r\n<td><i>800.000 (<a href=\"http:\/\/www.e-flux.com\/announcements\/34931\/4th-gwangju-design-biennale\/\">fuente<\/a>-en ingl\u00e9s-)<\/i><\/td>\r\n<td><\/td>\r\n<td><\/td>\r\n<\/tr>\r\n<\/tbody>\r\n<\/table>\r\n<h5><\/h5>\r\n\r\n<hr \/>\r\n\r\n<h5><span style=\"color: #408edd;\">Foto Mural<\/span><\/h5>\r\nLene Haus \u00a92011<em>Gracias!<\/em>\r\n<h5><span style=\"color: #408edd;\">GRACIAS<\/span><\/h5>\r\n<p class=\"p1\">Sylvia Battaglino, Andr\u00e9s Ridao, Heidi Uusivirta, Marina Ridao, Alberto Nanclares, Miguel Fascioli, Mister, Josefa y Miguel \u00c1ngel Rodr\u00edguez, Marcelito D\u00edaz, Luc\u00eda Fern\u00e1ndez, Carla Hern\u00e1ndez, Hugo S\u00e1nchez, Josu\u00e9 V\u00e1zquez, Pablo Rey, Manuel Neves, Mar\u00eda del Mar Reyes, Melisa Dvorak, Uchena Ikunne, Rosario S\u00e1nchez, Fernando Fascioli, Syn\u00f8ve Flobak, Shabnan Hosseini, embajadora de Uruguay en Corea del Sur, Sra. Alba Florio, Republic of Korea National Election Commision, Korean Democratic Labor Party, Korean\u00a0Democratic Party, Kaapelitehdas Helsinki, PCF, Parti Socialiste Fran\u00e7ais, NPA (Francia), Estonian Reform Party, Estonian Social Democratic Party.<\/p>\r\n\r\n\r\n<hr \/>\r\n\r\n<h5><span style=\"color: #408edd;\">PRENSA<\/span><\/h5>\r\n<ul>\r\n \t<li>Revista: UY (p. 24-25) Diario El Pa\u00eds, Uruguay<\/li>\r\n \t<li>Revista Freeway (p. 76-78), Uruguay 2011.10<\/li>\r\n \t<li>Revista Outlook#15 Building perspectives: Smart Future\u00a0(Construyendo perspectivas: Futuro Astuto) Alemania 2o12. (<a href=\"http:\/\/outlook.messefrankfurt.com\/assets\/Outlook_15.pdf\" target=\"_blank\" rel=\"noopener noreferrer\">Descargar PDF<\/a>)<\/li>\r\n<\/ul>\r\n\r\n<hr \/>\r\n\r\n<h6><span style=\"color: #408edd;\">PASANDO EL CHUY<\/span><\/h6>\r\n<em>Revista UY. 2011.09.06<\/em>\r\n\r\n<img class=\"alignnone size-full wp-image-1766\" src=\"https:\/\/www.antipodes.cafe\/feliperidao\/wp-content\/uploads\/2013\/07\/2011uy1-241x300.png\" alt=\"2011uy1-241x300\" width=\"241\" height=\"300\" \/><img class=\"alignnone size-full wp-image-1765\" src=\"https:\/\/www.antipodes.cafe\/feliperidao\/wp-content\/uploads\/2013\/07\/2011_uy2-241x300.png\" alt=\"2011_uy2-241x300\" width=\"241\" height=\"300\" \/>\r\n\r\n\"Con el prop\u00f3sito de conocer por dentro el periplo de un artista uruguayo desde la concepci\u00f3n misma de su obra hasta su exposici\u00f3n en Corea, Revista Uy! convoc\u00f3 a Felipe Ridao para que hiciera su propio reportaje, escrito y visual. Con su iPhone como c\u00e1mara, registr\u00f3 el proceso que lo llev\u00f3 hasta la Bienal de Dise\u00f1o de Gwangju con un mural que compila materiales impresos originales de campa\u00f1as pol\u00edticas de distintos rincones del mundo. Este es su propio relato.\u201d\r\nRevista UY!<em>\r\n<\/em>\r\n<strong>Sobre c\u00f3mo suceden las cosas.<\/strong>\r\n<em>Marzo, Mart\u00edn Delgado amigo de noches hechas d\u00eda y generoso cual porci\u00f3n de noodles en Korea, cabece\u00f3 hacia m\u00ed un centro de Brendan McGetrick, uno de los curadores de la Bienal de Dise\u00f1o de Gwangju, y dos cabezazos en el \u00e1rea es gol\u2026<\/em>\r\n\r\n<strong>Que \u00bfqu\u00e9?\r\n<\/strong><em>La Bienal de Dise\u00f1o de Gwangju seg\u00fan cuentan \u201ces la plataforma p\u00fablica l\u00edder de Asia en introducci\u00f3n, exploraci\u00f3n y celebraci\u00f3n del dise\u00f1o internacional.\u201d La edici\u00f3n 2011 (setiembre 2 a octubre 23) dirigida por el renombrado artista chino Ai Weiwei y el prominente arquitecto surcoreano Seung H. Sang, contar\u00e1 con 132 trabajos de 129 dise\u00f1adores y 74 empresas de m\u00e1s de 40 pa\u00edses exhibidos en 6 secciones integradas bajo las categor\u00edas tomadas de las secciones de los diarios: Pol\u00edtica, Econom\u00eda, Cultura, Cuerpo, Ambiente, Casa, Ciencia y Deportes. La secci\u00f3n \u201cUn-Named\u201d donde participa entonces el estudio abierto que estoy formando desde 2006 (USTED) cuenta con una larga secci\u00f3n de trabajos sobre dise\u00f1o y pol\u00edtica de diversos pa\u00edses.<\/em>\r\n\r\n<strong>\u00bfEntonces?<\/strong>\r\n<em>Abril, plena campa\u00f1a electoral en Helsinki donde ando ahora por mucho m\u00e1s que amor*, lugar ideal para pensar sobre el tema dise\u00f1o y pol\u00edtica, rodeado de pol\u00edticos, de sus promociones y sonrisas, surgieron 3 propuestas y una fue aceptada.<\/em>\r\n\r\n<em>La obra es simple sobre tema complejo, un mural de 6,1 x 3 m realizado con materiales impresos originales de campa\u00f1as pol\u00edticas de diversos pa\u00edses y comunidades aut\u00f3nomas del mundo ** que fui juntando (en Finlandia, Francia y Estonia) y que varios colaboradores, a quienes estoy muy agradecido, me\u00a0<\/em><em>enviaron por correo postal. ***<\/em>\r\n<em>Estos afiches, volantes, folletos, tapas y p\u00e1ginas de revistas, anuncios, adhesivos, etc. fueron ubicados espont\u00e1neamente seg\u00fan los conceptos que transmite cada imagen de cada candidato en relaci\u00f3n al gr\u00e1fico\u00a0<\/em><em>de Nolan sobre ideolog\u00eda pol\u00edtica. ****<\/em>\r\n<em>Luego de intentar contactar al Estado e instituciones uruguayas para conseguir apoyo y as\u00ed realizar el trabajo in situ y no a distancia como la organizaci\u00f3n pretend\u00eda, comenc\u00e9 a juntar opciones y materiales. De acuerdo al desarrollo del proyecto, la organizaci\u00f3n tom\u00f3 cartas en el asunto en julio y me invit\u00f3 a realizar el trabajo en la bienal y una charla\/presentaci\u00f3n.<\/em>\r\n\r\n<strong>Letra chica<\/strong>\r\n<small>(*) <em>No soy de los que se va de Uruguay caliente por falta de oportunidades, pues es lo opuesto, sino que la nave azul es una y si saltamos donde sea vamos hacia el centro, sigo entonces en la aldea, en la aldea global, tema para otra nota\u2026<\/em><\/small>\r\n\r\n(**) Argentina, Brasil, Canad\u00e1, Corea del Sur, Dominica, EEUU, Espa\u00f1a, Estonia, Finlandia, Francia, India, Italia, Iraq, Ir\u00e1n, Irlanda, Malta, M\u00e9xico, Nigeria, Pa\u00eds Vasco, Pa\u00edses Bajos, Per\u00fa, Portugal, Puerto Rico, Singapur, Santa Luc\u00eda, Uruguay, Venezuela y \u00c5land.\r\n(***) Sylvia Battaglino, Andr\u00e9s Ridao, Heidi Uusivirta, Marina Ridao, Alberto Nanclares, Miguel Fascioli, Mister, Josefa y Miguel \u00c1ngel Rodr\u00edguez, Marcelito D\u00edaz, Luc\u00eda Fern\u00e1ndez, Carla Hern\u00e1ndez, Hugo S\u00e1nchez, Josu\u00e9 V\u00e1zquez, Pablo Rey, Manuel Neves, Mar\u00eda del Mar Reyes, Melisa Dvorak, Uchena Ikunne, Rosario S\u00e1nchez, Fernando Fascioli, Syn\u00f8ve Flobak, Shabnan Hosseini, embajadora de Uruguay en Corea del Sur, Sra. Alba Florio, Republic of Korea National Election Commision, Korean Democratic Labor Party and Democratic Party, Kaapelitehdas Helsinki, PCF, Parti Socialiste Fran\u00e7ais, NPA (Francia), Estonian Reform Party, Estonian Social Democratic Party.\r\n\r\n(****) Gr\u00e1fico de Nolan.\r\n<em>Un diagrama sobre ideolog\u00eda pol\u00edtica popularizado por el liberal estadounidense David Nolan [1943-2010], quien lleg\u00f3 a la conclusi\u00f3n de que pr\u00e1cticamente toda acci\u00f3n pol\u00edtica se puede dividir en dos ejes generales: Libertad personal y Libertad econ\u00f3mica. Es as\u00ed que gener\u00f3 un gr\u00e1fico para afirmar ilustrativamente que el liberalismo representa tanto a la libertad econ\u00f3mica como personal, en contraste con la idea general de enfrentar al \u201cliberalismo de izquierda\u201d -el cual seg\u00fan Nolan propugna solamente la libertad personal- y \u201cel conservadurismo de derecha\u201d -que para Nolan aboca solamente la libertad econ\u00f3mica-.<\/em>\r\n\r\n<small><strong>[Mural]<\/strong>\r\n<\/small><em><small>\u201cEl trabajo tiene 3 capas. La primera es de foamboard (cart\u00f3n espuma) para as\u00ed poder transportar la obra y mostrarla donde alguien lo entienda interesante\u2026 ya veremos\u2026 La segunda es de carteles sin caras para generar una superposici\u00f3n de informaci\u00f3n en papeles que puedan translucir, generar relieve y cambiar la superficie del cart\u00f3n y evitar espacios en blanco de otra textura que papel. La tercera capa es la de las caras, armada como superposici\u00f3n, hasta que me cans\u00e9 de pegar y de cubrir bastante pareja a la superficie\u2026 fue agotador analizar cada imagen. Me pregunto qu\u00e9 pensar\u00e1n los pol\u00edticos de este trabajo\u2026\u201d<\/small><\/em>\r\n\r\nFelipe Ridao\r\nGwangju, 2011\r\n\r\n<hr \/>\r\n\r\n<h6><span style=\"color: #408edd;\">ESAS CARAS POL\u00cdTICAS<\/span><\/h6>\r\n<em>Revista Freeway. 2011.10<\/em>\r\n\r\n<img class=\"alignnone size-full wp-image-1771\" src=\"https:\/\/www.antipodes.cafe\/feliperidao\/wp-content\/uploads\/2013\/07\/2011_Freeway_tras_usted.jpg\" alt=\"2011_Freeway_tras_usted\" width=\"366\" height=\"500\" \/>\r\n\r\n<em>\"Desde que me plant\u00e9 en el campo de la comunicaci\u00f3n, sobre todo visual, me atraen temas que abordo desde diversos \u00e1ngulos y situaciones: identidad, pensamiento y lenguaje, participaci\u00f3n, camuflaje, apropiaci\u00f3n, silencio, cari\u00f1o, sorpresa, por mencionar algunos.<\/em>\r\n\r\n<em>Luego de recibir la invitaci\u00f3n para participar en la Bienal de Corea del Sur, me puse a estudiar la propuesta de los directores art\u00edsticos -Ai Weiwei y Seung H-Sang- y la formulaci\u00f3n curatorial: design is design is not design. De ah\u00ed pas\u00e9 a estudiar tao\u00edsmo, luego me di cuenta que estaba en el carajo, y busqu\u00e9 conocer m\u00e1s sobre el inter\u00e9s del curador de la secci\u00f3n en que participar\u00eda, sobre pol\u00edtica y dise\u00f1o. Tambi\u00e9n estudi\u00e9 lo que pude sobre la exposici\u00f3n y sobre quienes la visitan, y un poco de cultura de Corea del Sur.<\/em>\r\n\r\n<em>Tuve la suerte de que esos d\u00edas en Finlandia, donde vivo desde hace un a\u00f1o, fuera \u00e9poca de elecciones y que adem\u00e1s tienen un sistema parlamentario cada d\u00eda m\u00e1s individualista y menos partidario. Entonces empec\u00e9 a juntar materiales sin saber bien para qu\u00e9\u2026 Gracias a estar en tierras de uno de los idiomas m\u00e1s complejos que conozco, fue que hice foco en la imagen de las personas m\u00e1s que en los textos, y no tanto en las ideolog\u00edas que intentan transmitir, o en los partidos, sino en lo que las im\u00e1genes comunican o lo que cada candidato busca mostrar de s\u00ed mismo.<\/em>\r\n\r\n<em>Como siempre, posiblemente, fue en la servilleta de alg\u00fan caf\u00e9 que llegu\u00e9 a la idea de trabajar con materiales existentes y generar una instalaci\u00f3n in situ, como corresponde, que fuera accesible a un p\u00fablico muy amplio y que dialogara con los conceptos de la propia Bienal, de la secci\u00f3n y los m\u00edos. Luego, buscando la excusa de c\u00f3mo organizar los materiales que ten\u00eda, llegu\u00e9 al gr\u00e1fico de David Nolan, que cay\u00f3 como anillo al dedo. Realmente lo encuentro como la grilla que ordena las decisiones de c\u00f3mo producir la comunicaci\u00f3n de candidatos.<\/em>\r\n\r\n<em>Ah\u00ed mismo me propuse pensar de forma global el tema, porque enfocarme en la campa\u00f1a pol\u00edtica de Finlandia en una muestra global, con base en Corea del Sur, no ten\u00eda mucho sentido\u2026 Fue as\u00ed que d\u00eda a d\u00eda me fueron llegando materiales de pa\u00edses muy diversos y el mural fue tomando forma.\"<\/em>\r\n\r\nFelipe Ridao\r\nHelsinki, 2011.08","listing_featured_image":"https:\/\/www.antipodes.cafe\/wp-content\/uploads\/2011\/09\/02c_hostutstillingen_faces.jpg","listing_featured_image_id":""},"listing_exhibition_banner":{"listing_banner":"banner_featured_image","listing_banner_image":"","listing_banner_image_id":"","listing_banner_video":"","listing_banner_video_id":"","listing_banner_video_embed":"","listing_banner_map_zoom":"12","listing_banner_map_type":"SATELLITE","listing_banner_map_marker":""},"listing_exhibition_gallery":{"listing_gallery":{"8361":"https:\/\/www.antipodes.cafe\/wp-content\/uploads\/2011\/09\/02c_hostutstillingen_faces.jpg","8352":"https:\/\/www.antipodes.cafe\/wp-content\/uploads\/2017\/02\/2011_ud_politicalcampaignimages11-1024x764.jpg","8355":"https:\/\/www.antipodes.cafe\/wp-content\/uploads\/2017\/02\/2011_ud_politicalcampaignimages13-1024x760.jpg","8357":"https:\/\/www.antipodes.cafe\/wp-content\/uploads\/2017\/02\/2011_ud_politicalcampaignimages15-1024x760.jpg","8358":"https:\/\/www.antipodes.cafe\/wp-content\/uploads\/2017\/02\/2011_ud_politicalcampaignimages16-1024x760.jpg","8356":"https:\/\/www.antipodes.cafe\/wp-content\/uploads\/2017\/02\/2011_ud_politicalcampaignimages14-1024x760.jpg","8359":"https:\/\/www.antipodes.cafe\/wp-content\/uploads\/2017\/02\/2011_ud_politicalcampaignimages17-1024x760.jpg","8354":"https:\/\/www.antipodes.cafe\/wp-content\/uploads\/2017\/02\/2011_ud_politicalcampaignimages12-1024x764.jpg","8347":"https:\/\/www.antipodes.cafe\/wp-content\/uploads\/2017\/02\/2011_ud_politicalcampaignimages06-1024x764.jpg","8349":"https:\/\/www.antipodes.cafe\/wp-content\/uploads\/2017\/02\/2011_ud_politicalcampaignimages08-1024x764.jpg","8350":"https:\/\/www.antipodes.cafe\/wp-content\/uploads\/2017\/02\/2011_ud_politicalcampaignimages09-1024x764.jpg","8351":"https:\/\/www.antipodes.cafe\/wp-content\/uploads\/2017\/02\/2011_ud_politicalcampaignimages10-1024x764.jpg","8348":"https:\/\/www.antipodes.cafe\/wp-content\/uploads\/2017\/02\/2011_ud_politicalcampaignimages07-1024x620.jpg","8342":"https:\/\/www.antipodes.cafe\/wp-content\/uploads\/2017\/02\/2011_ud_politicalcampaignimages01-1024x764.jpg","8345":"https:\/\/www.antipodes.cafe\/wp-content\/uploads\/2017\/02\/2011_ud_politicalcampaignimages04-1024x764.jpg","8344":"https:\/\/www.antipodes.cafe\/wp-content\/uploads\/2017\/02\/2011_ud_politicalcampaignimages03-1024x764.jpg","8343":"https:\/\/www.antipodes.cafe\/wp-content\/uploads\/2017\/02\/2011_ud_politicalcampaignimages02-1024x764.jpg","8346":"https:\/\/www.antipodes.cafe\/wp-content\/uploads\/2017\/02\/2011_ud_politicalcampaignimages05-1024x764.jpg"}},"listing_exhibition_video":{"listing_video":""},"listing_exhibition_listing_category":{"listing_listing_category":["artwork","exhibition"]},"listing_exhibition_location":{"listing_locations":["gwangju"],"listing_map_location":{"address":"111 Biennale-ro, Buk-gu, Gwangju, 61104 Republic of KOREA","latitude":"35.182560588808144","longitude":"126.88963910426025"},"listing_map_location_polygon":"","listing_street_view":"","listing_street_view_location":{"latitude":"37.81240457820649","longitude":"-122.47607752956908","zoom":"1.248","heading":"-18","pitch":"25"},"listing_inside_view":"","listing_inside_view_location":{"latitude":"37.81240457820649","longitude":"-122.47607752956908","zoom":"1.247","heading":"-18","pitch":"25"},"listing_venue":""},"listing_exhibition_date_interval":{"listing_date_from":"1314921600","listing_date_to":"1319328000"}},"_links":{"self":[{"href":"https:\/\/www.antipodes.cafe\/es\/wp-json\/wp\/v2\/exhibition\/10246","targetHints":{"allow":["GET"]}}],"collection":[{"href":"https:\/\/www.antipodes.cafe\/es\/wp-json\/wp\/v2\/exhibition"}],"about":[{"href":"https:\/\/www.antipodes.cafe\/es\/wp-json\/wp\/v2\/types\/exhibition"}],"author":[{"embeddable":true,"href":"https:\/\/www.antipodes.cafe\/es\/wp-json\/wp\/v2\/users\/11"}],"replies":[{"embeddable":true,"href":"https:\/\/www.antipodes.cafe\/es\/wp-json\/wp\/v2\/comments?post=10246"}],"wp:featuredmedia":[{"embeddable":true,"href":"https:\/\/www.antipodes.cafe\/es\/wp-json\/wp\/v2\/media\/9396"}],"wp:attachment":[{"href":"https:\/\/www.antipodes.cafe\/es\/wp-json\/wp\/v2\/media?parent=10246"}],"wp:term":[{"taxonomy":"locations","embeddable":true,"href":"https:\/\/www.antipodes.cafe\/es\/wp-json\/wp\/v2\/locations?post=10246"},{"taxonomy":"listing_categories","embeddable":true,"href":"https:\/\/www.antipodes.cafe\/es\/wp-json\/wp\/v2\/listing_categories?post=10246"}],"curies":[{"name":"wp","href":"https:\/\/api.w.org\/{rel}","templated":true}]}}