{"id":23265,"date":"2016-06-25T13:14:06","date_gmt":"2016-06-25T11:14:06","guid":{"rendered":"https:\/\/www.antipodes.cafe\/aeseries\/concierto-para-maquinas-2-dani-umpi\/"},"modified":"2019-05-01T01:39:52","modified_gmt":"2019-04-30T23:39:52","slug":"concierto-para-maquinas-2-dani-umpi","status":"publish","type":"aeseries","link":"https:\/\/www.antipodes.cafe\/es\/aeseries\/concierto-para-maquinas-2-dani-umpi\/","title":{"rendered":"Concierto para m\u00e1quinas #2 \u2013 Dani Umpi"},"content":{"rendered":"<p>El segundo de los cuatro conciertos para m\u00e1quinas organizados por antipodes caf\u00e9 durante 2016, present\u00f3 a Dani Umpi en una marcha que fue de Sukkerbiten hasta\u00a0<a href=\"https:\/\/www.antipodes.cafe\/aeseries\/antipodes-cafe-deg15\/\">antipodes caf\u00e9 DEG15<\/a>. Durante todo el concierto, Dani desde un elevador vestido con sus parangoles r\u00edgidos, cant\u00f3 diversos temas incluyendo canciones de su nuevo disco\u00a0<strong><em>Lechiguana<\/em><\/strong>. Acompa\u00f1ando su presentaci\u00f3n particip\u00f3 un grupo de bailarines de Oslo quienes tambi\u00e9n utilizaban restos de parangol\u00e9s de papel creados por Dani Umpi como uniformes.<\/p>\n<hr \/>\n<h5>\u00a0<span style=\"color: #408edd;\">\u00abUniformes\u00bb<\/span><\/h5>\n<p>\u00abParangol\u00e9s R\u00edgidos\u00bb por Dani Umpi, 2016.<\/p>\n<h5><span style=\"color: #408edd;\">Bailarines<\/span><\/h5>\n<p>Jens Bastian Aamodt, Michael Aspli, Dina Elvehaug, Bodil Hindrum, Ornilia Percia Ubisse, Elin S. Johansen<\/p>\n<hr \/>\n<h5><span style=\"color: #408edd;\">VIDEO<\/span><\/h5>\n<p>Borowiak Photography + antipodes caf\u00e9<\/p>\n<h5><span style=\"color: #408edd;\">Canci\u00f3n (video)<\/span><\/h5>\n<p>\u00abTres pasos\u00bb <em>Sexydance Remix.<br \/>\n<\/em>Album: \u00abMore Maxo -Remixes Mormazo-\u00ab(2016, Contrapedal Records)<\/p>\n<hr \/>\n<h5><span style=\"color: #408edd;\">LECHIGUANA<\/span><\/h5>\n<p><em>\u00abEn el principio fue la performance y luego las cosas. Esta f\u00f3rmula se aplica tanto a las vanguardias del siglo XX como a Dani Umpi, performer promiscuo de s\u00edmbolos paganos. En una combinaci\u00f3n sui generis Umpi crea personajes a la manera de Cindy Sherman, explora conceptual y sensorialmente la participaci\u00f3n del p\u00fablico de forma similar a Lygia Clark y articula la vanguardia, el folk y la cultura de masas del mismo modo que H\u00e9lio Oiticica. El mundo Umpi es un ensamble neoconcreto y tropical, una creaci\u00f3n propia de un conceptualista de purpurina. Umpi no solo usa la iconograf\u00eda popular sino aspira al ox\u00edmoron de ser un vanguardista de masas, una cruza g\u00e9netica entre Yoko Ono y Cris Morena.<\/em><\/p>\n<p><em>Desde el cabaret hasta el collage su obra modula la industria cultural y la cultura popular con la\u00a0m\u00fasica, la literatura y las artes visuales. A trav\u00e9s de la construcci\u00f3n de s\u00ed como Pop Star del Straight edge compone canciones, con los procedimientos del melodrama escribe novelas -en una tradici\u00f3n que se puede trazar desde Manuel Puig hasta Hebe Uhart-, y con tijera y papel dise\u00f1a sus cuadros e instalaciones. Pero estas artes no van por separado, no s\u00f3lo hay una po\u00e9tica que las entreteje sino tambi\u00e9n una instalaci\u00f3n de parangol\u00e9s r\u00edgidos\u00a0se convierte en el vestuario de un recital. Los conos de sus cuadros son parte de la escenograf\u00eda de sus videoclips. Sus libros tratan del amor, la amistad y la ridiculez pero, al mismo tiempo, son los argumentos de las letras de sus canciones.<\/em><\/p>\n<p><em>El imaginario Umpi rebosa simbolog\u00eda esot\u00e9rica, referentes de la cultura de masas, arquetipos y formas geom\u00e9tricas. El procedimiento Umpi desarma el discurso ideol\u00f3gico y lo reemplaza por escalas crom\u00e1ticas y lenguajes aleatorios. El corte y confecci\u00f3n de la materia y el contenido de las revistas glossy transmutan en colores las im\u00e1genes y los discursos vaciados de figuraci\u00f3n y sentido. La opci\u00f3n f\u00e1cil es clasificar a este universo como pop, pero Umpi es sin duda un renacentista del pastiche glam-trash, rom\u00e1ntico y carioca, un Duchamp de la autoayuda art\u00edstica.\u00bb<\/em><\/p>\n<p><strong><span class=\"text_exposed_show\">Syd Krochmalny<\/span><\/strong><span class=\"text_exposed_show\">, <\/span><span class=\"text_exposed_show\">Buenos Aires, Argentina, 2016<\/span><strong><span class=\"text_exposed_show\"><br \/>\n<\/span><\/strong><span class=\"text_exposed_show\" style=\"color: #999999;\">[Artista y escritor]<\/span><\/p>\n<hr \/>\n<h3><span style=\"color: #408edd;\">DANI UMPI<\/span><\/h3>\n<h5>Tacuaremb\u00f3, Uruguay, 1974.<br \/>\nVive y trabaja en Buenos Aires, Argentina.<\/h5>\n<p><a href=\"http:\/\/fernandolagreca.bandcamp.com\">daniumpi.bandcamp.com<\/a><\/p>\n<table>\n<tbody>\n<tr>\n<td style=\"width: 43px;\"><\/td>\n<td style=\"width: 194px;\">\n<h5><span style=\"color: #408edd;\">EXPOSICIONES INDIVIDUALES\u00a0<\/span><\/h5>\n<\/td>\n<td style=\"width: 205px;\">\n<h5>(Selecci\u00f3n)<\/h5>\n<\/td>\n<td style=\"width: 140px;\"><\/td>\n<\/tr>\n<tr>\n<td style=\"width: 43px;\">2014<\/td>\n<td style=\"width: 194px;\">Dani Umpi<\/td>\n<td style=\"width: 205px;\">Galerie Xippas<\/td>\n<td style=\"width: 140px;\">Paris, France<\/td>\n<\/tr>\n<tr>\n<td style=\"width: 43px;\">2014<\/td>\n<td style=\"width: 194px;\">Dani Umpi<\/td>\n<td style=\"width: 205px;\">Xippas Arte Contempor\u00e1neo<\/td>\n<td style=\"width: 140px;\">Punta del Este, Uruguay<\/td>\n<\/tr>\n<tr>\n<td style=\"width: 43px;\">2013<\/td>\n<td style=\"width: 194px;\">Inform\u00e1tica<\/td>\n<td style=\"width: 205px;\">Xippas Arte Contempor\u00e1neo<\/td>\n<td style=\"width: 140px;\">Montevideo, Uruguay<\/td>\n<\/tr>\n<tr>\n<td style=\"width: 43px;\">2011<\/td>\n<td style=\"width: 194px;\">La evoluci\u00f3n del ser<\/td>\n<td style=\"width: 205px;\">Galer\u00eda Soa<\/td>\n<td style=\"width: 140px;\">Montevideo, Uruguay<\/td>\n<\/tr>\n<tr>\n<td style=\"width: 43px;\">2011<\/td>\n<td style=\"width: 194px;\">Eterna<\/td>\n<td style=\"width: 205px;\">Galer\u00eda Daniel Abate<\/td>\n<td style=\"width: 140px;\">Bs. As., Argentina<\/td>\n<\/tr>\n<tr>\n<td style=\"width: 43px;\">2010<\/td>\n<td style=\"width: 194px;\">Todo Incluido<\/td>\n<td style=\"width: 205px;\">Galer\u00eda Jacob Karpio<\/td>\n<td style=\"width: 140px;\">San Jos\u00e9, Costa Rica<\/td>\n<\/tr>\n<tr>\n<td style=\"width: 43px;\">2010<\/td>\n<td style=\"width: 194px;\">Nem Luxo, Nem Lixo<\/td>\n<td style=\"width: 205px;\">Galer\u00eda OZ<\/td>\n<td style=\"width: 140px;\">Bs. As., Argentina<\/td>\n<\/tr>\n<tr>\n<td style=\"width: 43px;\">2009<\/td>\n<td style=\"width: 194px;\">Superbacana<\/td>\n<td style=\"width: 205px;\">MEC &#8211; Plataforma<\/td>\n<td style=\"width: 140px;\">Montevideo, Uruguay<\/td>\n<\/tr>\n<tr>\n<td style=\"width: 43px;\"><\/td>\n<td style=\"width: 194px;\">\n<h5><span style=\"color: #408edd;\">MUESTRAS COLECTIVAS<\/span><\/h5>\n<\/td>\n<td style=\"width: 205px;\">\n<h5>(Selecci\u00f3n)<\/h5>\n<\/td>\n<td style=\"width: 140px;\"><\/td>\n<\/tr>\n<tr>\n<td style=\"width: 43px;\">2012<\/td>\n<td style=\"width: 194px;\">El Gran Sur<\/td>\n<td style=\"width: 205px;\">Primera Bienal de Montevideo<\/td>\n<td style=\"width: 140px;\">Montevideo, Uruguay<\/td>\n<\/tr>\n<tr>\n<td style=\"width: 43px;\">2010<\/td>\n<td style=\"width: 194px;\"><\/td>\n<td style=\"width: 205px;\">Bienal de Sao Paulo<\/td>\n<td style=\"width: 140px;\">SP, Brazil<\/td>\n<\/tr>\n<tr>\n<td style=\"width: 43px;\"><\/td>\n<td style=\"width: 194px;\">\n<h5><span style=\"color: #408edd;\">PUBLICACIONES<\/span><\/h5>\n<\/td>\n<td style=\"width: 205px;\"><\/td>\n<td style=\"width: 140px;\"><\/td>\n<\/tr>\n<tr>\n<td style=\"width: 43px;\">2013<\/td>\n<td style=\"width: 194px;\">Un poquito tarada<\/td>\n<td style=\"width: 205px;\">Novela<\/td>\n<td style=\"width: 140px;\">Editions Planeta, Argentina<\/td>\n<\/tr>\n<tr>\n<td style=\"width: 43px;\">2011<\/td>\n<td style=\"width: 194px;\">El vestido de mam\u00e1<\/td>\n<td style=\"width: 205px;\">libro infantil (illustrations: Rodrigo Moraes)<\/td>\n<td style=\"width: 140px;\">Editions Criatura, Argentina<\/td>\n<\/tr>\n<tr>\n<td style=\"width: 43px;\">2010<\/td>\n<td style=\"width: 194px;\">La vueltita rid\u00edcula<\/td>\n<td style=\"width: 205px;\">Poemas (selecci\u00f3n)<\/td>\n<td style=\"width: 140px;\">Editions Vestales, Argentina<\/td>\n<\/tr>\n<tr>\n<td style=\"width: 43px;\">2010<\/td>\n<td style=\"width: 194px;\">Ni\u00f1o rico con problemas<\/td>\n<td style=\"width: 205px;\">Cuentos<\/td>\n<td style=\"width: 140px;\">Editions La Propia Cartonera, Argentina<\/td>\n<\/tr>\n<tr>\n<td style=\"width: 43px;\">2006<\/td>\n<td style=\"width: 194px;\">S\u00f3lo te quiero como amigo<\/td>\n<td style=\"width: 205px;\">Novela<\/td>\n<td style=\"width: 140px;\">Editions Interzona, Argentina<br \/>\nEditions Estruendomudo, Per\u00fa<\/td>\n<\/tr>\n<tr>\n<td style=\"width: 43px;\">2004<\/td>\n<td style=\"width: 194px;\">Miss Tacuaremb\u00f3<\/td>\n<td style=\"width: 205px;\">Novela (Una pel\u00edcula fue basada en este libro)<\/td>\n<td style=\"width: 140px;\">Editions Interzona, Argentina<\/td>\n<\/tr>\n<tr>\n<td style=\"width: 43px;\">2003<\/td>\n<td style=\"width: 194px;\">A\u00fan soltera<\/td>\n<td style=\"width: 205px;\">Novela<\/td>\n<td style=\"width: 140px;\">Editions Eloisa Cartonera, Argentina<br \/>\nEditions Mansalva, M\u00e9xico<\/td>\n<\/tr>\n<tr>\n<td style=\"width: 43px;\"><\/td>\n<td style=\"width: 194px;\">\n<h5><span style=\"color: #408edd;\">INSTALACIONES, ACCIONES, PERFORMANCES MUSICALES<\/span><\/h5>\n<\/td>\n<td style=\"width: 205px;\"><\/td>\n<td style=\"width: 140px;\"><\/td>\n<\/tr>\n<tr>\n<td style=\"width: 43px;\">2014<\/td>\n<td style=\"width: 194px;\">A Rainha da Beleza\u00a0(con Gustavo Bitencourt)<\/td>\n<td style=\"width: 205px;\">Ita\u00fa Cultural<\/td>\n<td style=\"width: 140px;\">Sao Paulo, Brazil<\/td>\n<\/tr>\n<tr>\n<td style=\"width: 43px;\">2014<\/td>\n<td style=\"width: 194px;\">Parangol\u00e9s r\u00edgidos<\/td>\n<td style=\"width: 205px;\">MALBA<\/td>\n<td style=\"width: 140px;\">Bs. As., Argentina<\/td>\n<\/tr>\n<tr>\n<td style=\"width: 43px;\">2014<\/td>\n<td style=\"width: 194px;\">Parangol\u00e9s r\u00edgidos<\/td>\n<td style=\"width: 205px;\">Casa de la Cultura Mario Quintana<\/td>\n<td style=\"width: 140px;\">Porto Alegre, Brazil<\/td>\n<\/tr>\n<tr>\n<td style=\"width: 43px;\">2014<\/td>\n<td style=\"width: 194px;\">Piano<\/td>\n<td style=\"width: 205px;\">Yoo<\/td>\n<td style=\"width: 140px;\">Punta del Este, Uruguay<\/td>\n<\/tr>\n<tr>\n<td style=\"width: 43px;\">2012<\/td>\n<td style=\"width: 194px;\">Marta, la musical (autor y director)<\/td>\n<td style=\"width: 205px;\">Teatro Argentino de\u00a0La Plata<\/td>\n<td style=\"width: 140px;\">La Plata, Argentina<\/td>\n<\/tr>\n<tr>\n<td style=\"width: 43px;\">2012<\/td>\n<td style=\"width: 194px;\">Dani Umpi Piano<\/td>\n<td style=\"width: 205px;\">Primera Bienal de Montevideo<\/td>\n<td style=\"width: 140px;\">Montevideo, Uruguay<\/td>\n<\/tr>\n<tr>\n<td style=\"width: 43px;\">2010<\/td>\n<td style=\"width: 194px;\">FODA<\/td>\n<td style=\"width: 205px;\">Sao Paulo Biennial<\/td>\n<td style=\"width: 140px;\">SP,\u00a0Brazil<\/td>\n<\/tr>\n<tr>\n<td style=\"width: 43px;\">2009<\/td>\n<td style=\"width: 194px;\">Nena, no robar\u00e1s, (autor y compositor\u2013con Javier Vaz Martins\u2013)<\/td>\n<td style=\"width: 205px;\">Centro Cultural Rojas<\/td>\n<td style=\"width: 140px;\">Bs. As., Argentina<\/td>\n<\/tr>\n<tr>\n<td style=\"width: 43px;\"><\/td>\n<td style=\"width: 194px;\">\n<h5><span style=\"color: #408edd;\">DISCOGRAF\u00cdA<\/span><\/h5>\n<\/td>\n<td style=\"width: 205px;\"><\/td>\n<td style=\"width: 140px;\"><\/td>\n<\/tr>\n<tr>\n<td style=\"width: 43px;\">2017<\/td>\n<td style=\"width: 194px;\"><a href=\"https:\/\/itunes.apple.com\/cv\/album\/rosario-bl%C3%A9fari-y-dani-umpi-en-casa-brandon\/id1195631186\">Rosario Bl\u00e9fari y Dani Umpi en Casa Brandon<\/a><\/td>\n<td style=\"width: 205px;\">Contrapedal<\/td>\n<td style=\"width: 140px;\">Uruguay<\/td>\n<\/tr>\n<tr>\n<td style=\"width: 43px;\">2016<\/td>\n<td style=\"width: 194px;\">Lechiguana<\/td>\n<td style=\"width: 205px;\">Contrapedal<\/td>\n<td style=\"width: 140px;\">Uruguay<\/td>\n<\/tr>\n<tr>\n<td style=\"width: 43px;\">2016<\/td>\n<td style=\"width: 194px;\">\u00a0<a href=\"https:\/\/itunes.apple.com\/cv\/album\/more-maxo-remixes-mormazo\/id1138711901\">More Maxo -Remixes Mormazo-\u00a0<\/a><\/td>\n<td style=\"width: 205px;\">Contrapedal<\/td>\n<td style=\"width: 140px;\">Uruguay<\/td>\n<\/tr>\n<tr>\n<td style=\"width: 43px;\">2015<\/td>\n<td style=\"width: 194px;\"><a href=\"https:\/\/itunes.apple.com\/cv\/album\/piano-vol-2\/id1076421033\">Piano Vol. II<\/a> (con \u00c1lvaro S\u00e1nchez)<\/td>\n<td style=\"width: 205px;\">Contrapedal<\/td>\n<td style=\"width: 140px;\">Uruguay<\/td>\n<\/tr>\n<tr>\n<td style=\"width: 43px;\">2014<\/td>\n<td style=\"width: 194px;\"><a href=\"https:\/\/itunes.apple.com\/cv\/album\/piano-vol-1-ep\/id1076420170\">Piano Vol. I<\/a> (con \u00c1lvaro S\u00e1nchez)<\/td>\n<td style=\"width: 205px;\">Contrapedal<\/td>\n<td style=\"width: 140px;\">Uruguay<\/td>\n<\/tr>\n<tr>\n<td style=\"width: 43px;\">2013<\/td>\n<td style=\"width: 194px;\"><a href=\"https:\/\/itunes.apple.com\/cv\/album\/hijo-%C3%BAnico\/id1127337935\">Hijo \u00fanico<\/a>\u00a0(con Sof\u00eda Oportot e Ignacio Redard)<\/td>\n<td style=\"width: 205px;\"><\/td>\n<td style=\"width: 140px;\">Chile<\/td>\n<\/tr>\n<tr>\n<td style=\"width: 43px;\">2011<\/td>\n<td style=\"width: 194px;\"><a href=\"https:\/\/itunes.apple.com\/cv\/album\/mormazo\/id477668070\">Mormazo<\/a><\/td>\n<td style=\"width: 205px;\">Contrapedal<br \/>\nEMI Music \/ Crack<\/td>\n<td style=\"width: 140px;\">Uruguay<br \/>\nArgentina<\/td>\n<\/tr>\n<tr>\n<td style=\"width: 43px;\">2009<\/td>\n<td style=\"width: 194px;\"><a href=\"https:\/\/daniumpi.bandcamp.com\/album\/dram-tica\">Dram\u00e1tica<\/a> (con Adri\u00e1n Soiza)<\/td>\n<td style=\"width: 205px;\">Contrapedal<br \/>\nLos A\u00f1os Luz<\/td>\n<td style=\"width: 140px;\">Uruguay<br \/>\nArgentina<\/td>\n<\/tr>\n<tr>\n<td style=\"width: 43px;\">2005<\/td>\n<td style=\"width: 194px;\"><a href=\"https:\/\/itunes.apple.com\/cv\/album\/perfecto\/id381313276\">Perfecto<\/a><\/td>\n<td style=\"width: 205px;\">Contrapedal<br \/>\nEMI &#8211; Labels<\/td>\n<td style=\"width: 140px;\">Uruguay<br \/>\nM\u00e9xico<\/td>\n<\/tr>\n<tr>\n<td style=\"width: 43px;\"><\/td>\n<td style=\"width: 194px;\">\n<h5><span style=\"color: #408edd;\">VIDEOS<\/span><\/h5>\n<\/td>\n<td style=\"width: 205px;\"><\/td>\n<td style=\"width: 140px;\"><\/td>\n<\/tr>\n<tr>\n<td style=\"width: 43px;\">2016<\/td>\n<td style=\"width: 194px;\"><a href=\"https:\/\/www.youtube.com\/watch?v=ng3fThp_Awk\">La Yuta<\/a><\/td>\n<td style=\"width: 205px;\">Lechiguana<\/td>\n<td style=\"width: 140px;\">by Emilio Bianchic<\/td>\n<\/tr>\n<tr>\n<td style=\"width: 43px;\">2013<\/td>\n<td style=\"width: 194px;\"><a href=\"https:\/\/www.youtube.com\/watch?v=RmSPBNJqasQ\">Sambay\u00f3n<\/a><\/td>\n<td style=\"width: 205px;\">Mormazo<\/td>\n<td style=\"width: 140px;\">by Fredo Landaveri<\/td>\n<\/tr>\n<tr>\n<td style=\"width: 43px;\">2013<\/td>\n<td style=\"width: 194px;\"><a href=\"https:\/\/www.youtube.com\/watch?v=vWxRK6RvJYc\">Mi charles Manson<\/a><\/td>\n<td style=\"width: 205px;\">Mormazo<\/td>\n<td style=\"width: 140px;\">by Tin Tan<\/td>\n<\/tr>\n<tr>\n<td style=\"width: 43px;\">2012<\/td>\n<td style=\"width: 194px;\"><a href=\"https:\/\/www.youtube.com\/watch?v=5kX1EmmaeV4\">Tan Divertida\u00a0<\/a>(con Dios del Pop)<\/td>\n<td style=\"width: 205px;\"><\/td>\n<td style=\"width: 140px;\">by Dita Deren<\/td>\n<\/tr>\n<tr>\n<td style=\"width: 43px;\">2012<\/td>\n<td style=\"width: 194px;\"><a href=\"https:\/\/www.youtube.com\/watch?v=XivyKWUYqXQ\">Johnny Depp\/Deep<\/a>\u00a0(con Portadores de Hip Hop)<\/td>\n<td style=\"width: 205px;\">Pol\u00e9mico<\/td>\n<td style=\"width: 140px;\">by Superio<\/td>\n<\/tr>\n<tr>\n<td style=\"width: 43px;\">2011<\/td>\n<td style=\"width: 194px;\"><a href=\"https:\/\/www.youtube.com\/watch?v=2Nkfy1Z0rpo\">Tres Pasos<\/a>\u00a0incl. Marabish<\/td>\n<td style=\"width: 205px;\">Mormazo<\/td>\n<td style=\"width: 140px;\">by Luciano Demarco<\/td>\n<\/tr>\n<tr>\n<td style=\"width: 43px;\">2011<\/td>\n<td style=\"width: 194px;\"><a href=\"https:\/\/www.youtube.com\/watch?v=Ms-qAXy81Ls\">\u00bfQu\u00e9 dir\u00eda tu madre?<\/a> (con Denise Murz)<\/td>\n<td style=\"width: 205px;\">Gran conquista<\/td>\n<td style=\"width: 140px;\">by B\u00e1rbara Vespa &amp; Agustin Ratti<\/td>\n<\/tr>\n<tr>\n<td style=\"width: 43px;\">2009<\/td>\n<td style=\"width: 194px;\"><a href=\"https:\/\/www.youtube.com\/watch?v=iLWPWASrDz0\">Killer<\/a><\/td>\n<td style=\"width: 205px;\">Dram\u00e1tica<\/td>\n<td style=\"width: 140px;\">by\u00a0Mart\u00edn Rivero\u00a0&amp; Mat\u00edas Paparamborda<\/td>\n<\/tr>\n<tr>\n<td style=\"width: 43px;\">2009<\/td>\n<td style=\"width: 194px;\"><a href=\"https:\/\/www.youtube.com\/watch?v=-ut3OFmLLCQ\">California (el cielo existe)<\/a><\/td>\n<td style=\"width: 205px;\">Perfecto<\/td>\n<td style=\"width: 140px;\">by\u00a0Gustavo Marras<\/td>\n<\/tr>\n<tr>\n<td style=\"width: 43px;\">2008<\/td>\n<td style=\"width: 194px;\"><a href=\"https:\/\/www.youtube.com\/watch?v=T3EeRYY6nek\">Dark room<\/a><\/td>\n<td style=\"width: 205px;\">Perfecto<\/td>\n<td style=\"width: 140px;\">by\u00a0Mat\u00edas y Agust\u00edn Ferrando<\/td>\n<\/tr>\n<tr>\n<td style=\"width: 43px;\">2007<\/td>\n<td style=\"width: 194px;\"><a href=\"https:\/\/www.youtube.com\/watch?v=tTEWqmj6aAw\">Atracci\u00f3n<\/a><\/td>\n<td style=\"width: 205px;\">Perfecto<\/td>\n<td style=\"width: 140px;\">by Oliver Garland<\/td>\n<\/tr>\n<tr>\n<td style=\"width: 43px;\">2006<\/td>\n<td style=\"width: 194px;\"><a href=\"https:\/\/www.youtube.com\/watch?v=2PG40qgz3Hk\">Nueva Generaci\u00f3n<\/a><\/td>\n<td style=\"width: 205px;\">Perfecto<\/td>\n<td style=\"width: 140px;\">by\u00a0Mat\u00edas y Agust\u00edn Ferrando<\/td>\n<\/tr>\n<tr>\n<td style=\"width: 43px;\">2006<\/td>\n<td style=\"width: 194px;\">Atracci\u00f3n<\/td>\n<td style=\"width: 205px;\">Perfecto<\/td>\n<td style=\"width: 140px;\">Juan Iervolino &amp; Mart\u00edn Irrutia<\/td>\n<\/tr>\n<tr>\n<td style=\"width: 43px;\">2006<\/td>\n<td style=\"width: 194px;\"><a href=\"https:\/\/www.youtube.com\/watch?v=9LeYQf7E9us\">No hay c\u00f3mplices<\/a><\/td>\n<td style=\"width: 205px;\">Perfecto<\/td>\n<td style=\"width: 140px;\">Silvia Giusto<\/td>\n<\/tr>\n<tr>\n<td style=\"width: 43px;\"><\/td>\n<td style=\"width: 194px;\">\n<h5><span style=\"color: #408edd;\">OTROS VIDEOS<span style=\"color: #000000;\"> (por nos)<\/span><\/span><\/h5>\n<\/td>\n<td style=\"width: 205px;\"><\/td>\n<td style=\"width: 140px;\"><\/td>\n<\/tr>\n<tr>\n<td style=\"width: 43px;\">2016<\/td>\n<td style=\"width: 194px;\"><a href=\"https:\/\/www.youtube.com\/watch?v=2ruJq8IvgEI\">Tres Pasos<\/a> (Sexydance remix)<\/td>\n<td style=\"width: 205px;\">Concierto para m\u00e1quinas #2: Dani Umpi, antipodes caf\u00e9 DEG15, Oslo, Norway.<\/td>\n<td style=\"width: 140px;\">antipodes caf\u00e9 + Borowiak Photography<\/td>\n<\/tr>\n<tr>\n<td style=\"width: 43px;\">2010<\/td>\n<td style=\"width: 194px;\">Como eu quero<\/td>\n<td style=\"width: 205px;\">H\u00e1galo Usted Mismo, Chorizada itinerante, Montevideo, Uruguay (1 shot)<\/td>\n<td style=\"width: 140px;\">Por Felipe (UD) para sonidoambiente TV, Argentina.<\/td>\n<\/tr>\n<tr>\n<td style=\"width: 43px;\">2011<\/td>\n<td style=\"width: 194px;\"><a href=\"https:\/\/www.youtube.com\/watch?v=aA8EyOUBQ94\">California<\/a> (poema por Esteban Garc\u00eda)<\/td>\n<td style=\"width: 205px;\">Album: Perfecto.\u00a0Grabado en Helsinki and nombrado como \u00abdeseos\u00bb (1 toma)<\/td>\n<td style=\"width: 140px;\">Por Felipe (UD)<\/td>\n<\/tr>\n<\/tbody>\n<\/table>\n<hr \/>\n<h5><span style=\"color: #408edd;\">GRACIAS<\/span><\/h5>\n<p>Sukkerbitten<br \/>\nKulturhuset i Oslo<br \/>\nH\u00f8ydespesialisten AS<br \/>\nThon Hotel Opera<br \/>\nContrapedal Records<br \/>\nSyd Krochmalny<br \/>\nAlvaro Miranda<br \/>\nOslo Pride<\/p>\n<p>&nbsp;<\/p>\n<p><img loading=\"lazy\" decoding=\"async\" class=\"alignnone size-full wp-image-10782\" src=\"https:\/\/www.antipodes.cafe\/wp-content\/uploads\/2016\/06\/ae16_cfm-daniumpi_oslopride.jpg\" alt=\"\" width=\"235\" height=\"300\" \/><\/p>\n","protected":false},"author":11,"featured_media":9728,"comment_status":"closed","ping_status":"closed","template":"","meta":{"ngg_post_thumbnail":0},"locations":[507,505],"listing_categories":[463,701,458,685],"class_list":["post-23265","aeseries","type-aeseries","status-publish","has-post-thumbnail","hentry","locations-norway-es","locations-oslo-es-2","listing_categories-aedeg15-es","listing_categories-concert-for-machines","listing_categories-urbanintervention-es","listing_categories-situations-es"],"cmb2":{"listing_aeseries_general":{"listing_title":"Concierto para m\u00e1quinas #2 \u2013 Dani Umpi","listing_description":"El segundo de los cuatro conciertos para m\u00e1quinas organizados por antipodes caf\u00e9 durante 2016, present\u00f3 a Dani Umpi en una marcha que fue de Sukkerbiten hasta\u00a0<a href=\"https:\/\/www.antipodes.cafe\/aeseries\/antipodes-cafe-deg15\/\">antipodes caf\u00e9 DEG15<\/a>. Durante todo el concierto, Dani desde un elevador vestido con sus parangoles r\u00edgidos, cant\u00f3 diversos temas incluyendo canciones de su nuevo disco\u00a0<strong><em>Lechiguana<\/em><\/strong>. Acompa\u00f1ando su presentaci\u00f3n particip\u00f3 un grupo de bailarines de Oslo quienes tambi\u00e9n utilizaban restos de parangol\u00e9s de papel creados por Dani Umpi como uniformes.\r\n\r\n<hr \/>\r\n\r\n<h5>\u00a0<span style=\"color: #408edd;\">\"Uniformes\"<\/span><\/h5>\r\n\"Parangol\u00e9s R\u00edgidos\" por Dani Umpi, 2016.\r\n<h5><span style=\"color: #408edd;\">Bailarines<\/span><\/h5>\r\nJens Bastian Aamodt, Michael Aspli, Dina Elvehaug, Bodil Hindrum, Ornilia Percia Ubisse, Elin S. Johansen\r\n\r\n<hr \/>\r\n\r\n<h5><span style=\"color: #408edd;\">VIDEO<\/span><\/h5>\r\nBorowiak Photography + antipodes caf\u00e9\r\n<h5><span style=\"color: #408edd;\">Canci\u00f3n (video)<\/span><\/h5>\r\n\"Tres pasos\" <em>Sexydance Remix.\r\n<\/em>Album: \"More Maxo -Remixes Mormazo-\"(2016, Contrapedal Records)\r\n\r\n<hr \/>\r\n\r\n<h5><span style=\"color: #408edd;\">LECHIGUANA<\/span><\/h5>\r\n<em>\"En el principio fue la performance y luego las cosas. Esta f\u00f3rmula se aplica tanto a las vanguardias del siglo XX como a Dani Umpi, performer promiscuo de s\u00edmbolos paganos. En una combinaci\u00f3n sui generis Umpi crea personajes a la manera de Cindy Sherman, explora conceptual y sensorialmente la participaci\u00f3n del p\u00fablico de forma similar a Lygia Clark y articula la vanguardia, el folk y la cultura de masas del mismo modo que H\u00e9lio Oiticica. El mundo Umpi es un ensamble neoconcreto y tropical, una creaci\u00f3n propia de un conceptualista de purpurina. Umpi no solo usa la iconograf\u00eda popular sino aspira al ox\u00edmoron de ser un vanguardista de masas, una cruza g\u00e9netica entre Yoko Ono y Cris Morena.<\/em>\r\n\r\n<em>Desde el cabaret hasta el collage su obra modula la industria cultural y la cultura popular con la\u00a0m\u00fasica, la literatura y las artes visuales. A trav\u00e9s de la construcci\u00f3n de s\u00ed como Pop Star del Straight edge compone canciones, con los procedimientos del melodrama escribe novelas -en una tradici\u00f3n que se puede trazar desde Manuel Puig hasta Hebe Uhart-, y con tijera y papel dise\u00f1a sus cuadros e instalaciones. Pero estas artes no van por separado, no s\u00f3lo hay una po\u00e9tica que las entreteje sino tambi\u00e9n una instalaci\u00f3n de parangol\u00e9s r\u00edgidos\u00a0se convierte en el vestuario de un recital. Los conos de sus cuadros son parte de la escenograf\u00eda de sus videoclips. Sus libros tratan del amor, la amistad y la ridiculez pero, al mismo tiempo, son los argumentos de las letras de sus canciones.<\/em>\r\n\r\n<em>El imaginario Umpi rebosa simbolog\u00eda esot\u00e9rica, referentes de la cultura de masas, arquetipos y formas geom\u00e9tricas. El procedimiento Umpi desarma el discurso ideol\u00f3gico y lo reemplaza por escalas crom\u00e1ticas y lenguajes aleatorios. El corte y confecci\u00f3n de la materia y el contenido de las revistas glossy transmutan en colores las im\u00e1genes y los discursos vaciados de figuraci\u00f3n y sentido. La opci\u00f3n f\u00e1cil es clasificar a este universo como pop, pero Umpi es sin duda un renacentista del pastiche glam-trash, rom\u00e1ntico y carioca, un Duchamp de la autoayuda art\u00edstica.\"<\/em>\r\n\r\n<strong><span class=\"text_exposed_show\">Syd Krochmalny<\/span><\/strong><span class=\"text_exposed_show\">, <\/span><span class=\"text_exposed_show\">Buenos Aires, Argentina, 2016<\/span><strong><span class=\"text_exposed_show\">\r\n<\/span><\/strong><span class=\"text_exposed_show\" style=\"color: #999999;\">[Artista y escritor]<\/span>\r\n\r\n<hr \/>\r\n\r\n<h3><span style=\"color: #408edd;\">DANI UMPI<\/span><\/h3>\r\n<h5>Tacuaremb\u00f3, Uruguay, 1974.\r\nVive y trabaja en Buenos Aires, Argentina.<\/h5>\r\n<a href=\"http:\/\/fernandolagreca.bandcamp.com\">daniumpi.bandcamp.com<\/a>\r\n<table>\r\n<tbody>\r\n<tr>\r\n<td style=\"width: 43px;\"><\/td>\r\n<td style=\"width: 194px;\">\r\n<h5><span style=\"color: #408edd;\">EXPOSICIONES INDIVIDUALES\u00a0<\/span><\/h5>\r\n<\/td>\r\n<td style=\"width: 205px;\">\r\n<h5>(Selecci\u00f3n)<\/h5>\r\n<\/td>\r\n<td style=\"width: 140px;\"><\/td>\r\n<\/tr>\r\n<tr>\r\n<td style=\"width: 43px;\">2014<\/td>\r\n<td style=\"width: 194px;\">Dani Umpi<\/td>\r\n<td style=\"width: 205px;\">Galerie Xippas<\/td>\r\n<td style=\"width: 140px;\">Paris, France<\/td>\r\n<\/tr>\r\n<tr>\r\n<td style=\"width: 43px;\">2014<\/td>\r\n<td style=\"width: 194px;\">Dani Umpi<\/td>\r\n<td style=\"width: 205px;\">Xippas Arte Contempor\u00e1neo<\/td>\r\n<td style=\"width: 140px;\">Punta del Este, Uruguay<\/td>\r\n<\/tr>\r\n<tr>\r\n<td style=\"width: 43px;\">2013<\/td>\r\n<td style=\"width: 194px;\">Inform\u00e1tica<\/td>\r\n<td style=\"width: 205px;\">Xippas Arte Contempor\u00e1neo<\/td>\r\n<td style=\"width: 140px;\">Montevideo, Uruguay<\/td>\r\n<\/tr>\r\n<tr>\r\n<td style=\"width: 43px;\">2011<\/td>\r\n<td style=\"width: 194px;\">La evoluci\u00f3n del ser<\/td>\r\n<td style=\"width: 205px;\">Galer\u00eda Soa<\/td>\r\n<td style=\"width: 140px;\">Montevideo, Uruguay<\/td>\r\n<\/tr>\r\n<tr>\r\n<td style=\"width: 43px;\">2011<\/td>\r\n<td style=\"width: 194px;\">Eterna<\/td>\r\n<td style=\"width: 205px;\">Galer\u00eda Daniel Abate<\/td>\r\n<td style=\"width: 140px;\">Bs. As., Argentina<\/td>\r\n<\/tr>\r\n<tr>\r\n<td style=\"width: 43px;\">2010<\/td>\r\n<td style=\"width: 194px;\">Todo Incluido<\/td>\r\n<td style=\"width: 205px;\">Galer\u00eda Jacob Karpio<\/td>\r\n<td style=\"width: 140px;\">San Jos\u00e9, Costa Rica<\/td>\r\n<\/tr>\r\n<tr>\r\n<td style=\"width: 43px;\">2010<\/td>\r\n<td style=\"width: 194px;\">Nem Luxo, Nem Lixo<\/td>\r\n<td style=\"width: 205px;\">Galer\u00eda OZ<\/td>\r\n<td style=\"width: 140px;\">Bs. As., Argentina<\/td>\r\n<\/tr>\r\n<tr>\r\n<td style=\"width: 43px;\">2009<\/td>\r\n<td style=\"width: 194px;\">Superbacana<\/td>\r\n<td style=\"width: 205px;\">MEC - Plataforma<\/td>\r\n<td style=\"width: 140px;\">Montevideo, Uruguay<\/td>\r\n<\/tr>\r\n<tr>\r\n<td style=\"width: 43px;\"><\/td>\r\n<td style=\"width: 194px;\">\r\n<h5><span style=\"color: #408edd;\">MUESTRAS COLECTIVAS<\/span><\/h5>\r\n<\/td>\r\n<td style=\"width: 205px;\">\r\n<h5>(Selecci\u00f3n)<\/h5>\r\n<\/td>\r\n<td style=\"width: 140px;\"><\/td>\r\n<\/tr>\r\n<tr>\r\n<td style=\"width: 43px;\">2012<\/td>\r\n<td style=\"width: 194px;\">El Gran Sur<\/td>\r\n<td style=\"width: 205px;\">Primera Bienal de Montevideo<\/td>\r\n<td style=\"width: 140px;\">Montevideo, Uruguay<\/td>\r\n<\/tr>\r\n<tr>\r\n<td style=\"width: 43px;\">2010<\/td>\r\n<td style=\"width: 194px;\"><\/td>\r\n<td style=\"width: 205px;\">Bienal de Sao Paulo<\/td>\r\n<td style=\"width: 140px;\">SP, Brazil<\/td>\r\n<\/tr>\r\n<tr>\r\n<td style=\"width: 43px;\"><\/td>\r\n<td style=\"width: 194px;\">\r\n<h5><span style=\"color: #408edd;\">PUBLICACIONES<\/span><\/h5>\r\n<\/td>\r\n<td style=\"width: 205px;\"><\/td>\r\n<td style=\"width: 140px;\"><\/td>\r\n<\/tr>\r\n<tr>\r\n<td style=\"width: 43px;\">2013<\/td>\r\n<td style=\"width: 194px;\">Un poquito tarada<\/td>\r\n<td style=\"width: 205px;\">Novela<\/td>\r\n<td style=\"width: 140px;\">Editions Planeta, Argentina<\/td>\r\n<\/tr>\r\n<tr>\r\n<td style=\"width: 43px;\">2011<\/td>\r\n<td style=\"width: 194px;\">El vestido de mam\u00e1<\/td>\r\n<td style=\"width: 205px;\">libro infantil (illustrations: Rodrigo Moraes)<\/td>\r\n<td style=\"width: 140px;\">Editions Criatura, Argentina<\/td>\r\n<\/tr>\r\n<tr>\r\n<td style=\"width: 43px;\">2010<\/td>\r\n<td style=\"width: 194px;\">La vueltita rid\u00edcula<\/td>\r\n<td style=\"width: 205px;\">Poemas (selecci\u00f3n)<\/td>\r\n<td style=\"width: 140px;\">Editions Vestales, Argentina<\/td>\r\n<\/tr>\r\n<tr>\r\n<td style=\"width: 43px;\">2010<\/td>\r\n<td style=\"width: 194px;\">Ni\u00f1o rico con problemas<\/td>\r\n<td style=\"width: 205px;\">Cuentos<\/td>\r\n<td style=\"width: 140px;\">Editions La Propia Cartonera, Argentina<\/td>\r\n<\/tr>\r\n<tr>\r\n<td style=\"width: 43px;\">2006<\/td>\r\n<td style=\"width: 194px;\">S\u00f3lo te quiero como amigo<\/td>\r\n<td style=\"width: 205px;\">Novela<\/td>\r\n<td style=\"width: 140px;\">Editions Interzona, Argentina\r\nEditions Estruendomudo, Per\u00fa<\/td>\r\n<\/tr>\r\n<tr>\r\n<td style=\"width: 43px;\">2004<\/td>\r\n<td style=\"width: 194px;\">Miss Tacuaremb\u00f3<\/td>\r\n<td style=\"width: 205px;\">Novela (Una pel\u00edcula fue basada en este libro)<\/td>\r\n<td style=\"width: 140px;\">Editions Interzona, Argentina<\/td>\r\n<\/tr>\r\n<tr>\r\n<td style=\"width: 43px;\">2003<\/td>\r\n<td style=\"width: 194px;\">A\u00fan soltera<\/td>\r\n<td style=\"width: 205px;\">Novela<\/td>\r\n<td style=\"width: 140px;\">Editions Eloisa Cartonera, Argentina\r\nEditions Mansalva, M\u00e9xico<\/td>\r\n<\/tr>\r\n<tr>\r\n<td style=\"width: 43px;\"><\/td>\r\n<td style=\"width: 194px;\">\r\n<h5><span style=\"color: #408edd;\">INSTALACIONES, ACCIONES, PERFORMANCES MUSICALES<\/span><\/h5>\r\n<\/td>\r\n<td style=\"width: 205px;\"><\/td>\r\n<td style=\"width: 140px;\"><\/td>\r\n<\/tr>\r\n<tr>\r\n<td style=\"width: 43px;\">2014<\/td>\r\n<td style=\"width: 194px;\">A Rainha da Beleza\u00a0(con Gustavo Bitencourt)<\/td>\r\n<td style=\"width: 205px;\">Ita\u00fa Cultural<\/td>\r\n<td style=\"width: 140px;\">Sao Paulo, Brazil<\/td>\r\n<\/tr>\r\n<tr>\r\n<td style=\"width: 43px;\">2014<\/td>\r\n<td style=\"width: 194px;\">Parangol\u00e9s r\u00edgidos<\/td>\r\n<td style=\"width: 205px;\">MALBA<\/td>\r\n<td style=\"width: 140px;\">Bs. As., Argentina<\/td>\r\n<\/tr>\r\n<tr>\r\n<td style=\"width: 43px;\">2014<\/td>\r\n<td style=\"width: 194px;\">Parangol\u00e9s r\u00edgidos<\/td>\r\n<td style=\"width: 205px;\">Casa de la Cultura Mario Quintana<\/td>\r\n<td style=\"width: 140px;\">Porto Alegre, Brazil<\/td>\r\n<\/tr>\r\n<tr>\r\n<td style=\"width: 43px;\">2014<\/td>\r\n<td style=\"width: 194px;\">Piano<\/td>\r\n<td style=\"width: 205px;\">Yoo<\/td>\r\n<td style=\"width: 140px;\">Punta del Este, Uruguay<\/td>\r\n<\/tr>\r\n<tr>\r\n<td style=\"width: 43px;\">2012<\/td>\r\n<td style=\"width: 194px;\">Marta, la musical (autor y director)<\/td>\r\n<td style=\"width: 205px;\">Teatro Argentino de\u00a0La Plata<\/td>\r\n<td style=\"width: 140px;\">La Plata, Argentina<\/td>\r\n<\/tr>\r\n<tr>\r\n<td style=\"width: 43px;\">2012<\/td>\r\n<td style=\"width: 194px;\">Dani Umpi Piano<\/td>\r\n<td style=\"width: 205px;\">Primera Bienal de Montevideo<\/td>\r\n<td style=\"width: 140px;\">Montevideo, Uruguay<\/td>\r\n<\/tr>\r\n<tr>\r\n<td style=\"width: 43px;\">2010<\/td>\r\n<td style=\"width: 194px;\">FODA<\/td>\r\n<td style=\"width: 205px;\">Sao Paulo Biennial<\/td>\r\n<td style=\"width: 140px;\">SP,\u00a0Brazil<\/td>\r\n<\/tr>\r\n<tr>\r\n<td style=\"width: 43px;\">2009<\/td>\r\n<td style=\"width: 194px;\">Nena, no robar\u00e1s, (autor y compositor\u2013con Javier Vaz Martins\u2013)<\/td>\r\n<td style=\"width: 205px;\">Centro Cultural Rojas<\/td>\r\n<td style=\"width: 140px;\">Bs. As., Argentina<\/td>\r\n<\/tr>\r\n<tr>\r\n<td style=\"width: 43px;\"><\/td>\r\n<td style=\"width: 194px;\">\r\n<h5><span style=\"color: #408edd;\">DISCOGRAF\u00cdA<\/span><\/h5>\r\n<\/td>\r\n<td style=\"width: 205px;\"><\/td>\r\n<td style=\"width: 140px;\"><\/td>\r\n<\/tr>\r\n<tr>\r\n<td style=\"width: 43px;\">2017<\/td>\r\n<td style=\"width: 194px;\"><a href=\"https:\/\/itunes.apple.com\/cv\/album\/rosario-bl%C3%A9fari-y-dani-umpi-en-casa-brandon\/id1195631186\">Rosario Bl\u00e9fari y Dani Umpi en Casa Brandon<\/a><\/td>\r\n<td style=\"width: 205px;\">Contrapedal<\/td>\r\n<td style=\"width: 140px;\">Uruguay<\/td>\r\n<\/tr>\r\n<tr>\r\n<td style=\"width: 43px;\">2016<\/td>\r\n<td style=\"width: 194px;\">Lechiguana<\/td>\r\n<td style=\"width: 205px;\">Contrapedal<\/td>\r\n<td style=\"width: 140px;\">Uruguay<\/td>\r\n<\/tr>\r\n<tr>\r\n<td style=\"width: 43px;\">2016<\/td>\r\n<td style=\"width: 194px;\">\u00a0<a href=\"https:\/\/itunes.apple.com\/cv\/album\/more-maxo-remixes-mormazo\/id1138711901\">More Maxo -Remixes Mormazo-\u00a0<\/a><\/td>\r\n<td style=\"width: 205px;\">Contrapedal<\/td>\r\n<td style=\"width: 140px;\">Uruguay<\/td>\r\n<\/tr>\r\n<tr>\r\n<td style=\"width: 43px;\">2015<\/td>\r\n<td style=\"width: 194px;\"><a href=\"https:\/\/itunes.apple.com\/cv\/album\/piano-vol-2\/id1076421033\">Piano Vol. II<\/a> (con \u00c1lvaro S\u00e1nchez)<\/td>\r\n<td style=\"width: 205px;\">Contrapedal<\/td>\r\n<td style=\"width: 140px;\">Uruguay<\/td>\r\n<\/tr>\r\n<tr>\r\n<td style=\"width: 43px;\">2014<\/td>\r\n<td style=\"width: 194px;\"><a href=\"https:\/\/itunes.apple.com\/cv\/album\/piano-vol-1-ep\/id1076420170\">Piano Vol. I<\/a> (con \u00c1lvaro S\u00e1nchez)<\/td>\r\n<td style=\"width: 205px;\">Contrapedal<\/td>\r\n<td style=\"width: 140px;\">Uruguay<\/td>\r\n<\/tr>\r\n<tr>\r\n<td style=\"width: 43px;\">2013<\/td>\r\n<td style=\"width: 194px;\"><a href=\"https:\/\/itunes.apple.com\/cv\/album\/hijo-%C3%BAnico\/id1127337935\">Hijo \u00fanico<\/a>\u00a0(con Sof\u00eda Oportot e Ignacio Redard)<\/td>\r\n<td style=\"width: 205px;\"><\/td>\r\n<td style=\"width: 140px;\">Chile<\/td>\r\n<\/tr>\r\n<tr>\r\n<td style=\"width: 43px;\">2011<\/td>\r\n<td style=\"width: 194px;\"><a href=\"https:\/\/itunes.apple.com\/cv\/album\/mormazo\/id477668070\">Mormazo<\/a><\/td>\r\n<td style=\"width: 205px;\">Contrapedal\r\nEMI Music \/ Crack<\/td>\r\n<td style=\"width: 140px;\">Uruguay\r\nArgentina<\/td>\r\n<\/tr>\r\n<tr>\r\n<td style=\"width: 43px;\">2009<\/td>\r\n<td style=\"width: 194px;\"><a href=\"https:\/\/daniumpi.bandcamp.com\/album\/dram-tica\">Dram\u00e1tica<\/a> (con Adri\u00e1n Soiza)<\/td>\r\n<td style=\"width: 205px;\">Contrapedal\r\nLos A\u00f1os Luz<\/td>\r\n<td style=\"width: 140px;\">Uruguay\r\nArgentina<\/td>\r\n<\/tr>\r\n<tr>\r\n<td style=\"width: 43px;\">2005<\/td>\r\n<td style=\"width: 194px;\"><a href=\"https:\/\/itunes.apple.com\/cv\/album\/perfecto\/id381313276\">Perfecto<\/a><\/td>\r\n<td style=\"width: 205px;\">Contrapedal\r\nEMI - Labels<\/td>\r\n<td style=\"width: 140px;\">Uruguay\r\nM\u00e9xico<\/td>\r\n<\/tr>\r\n<tr>\r\n<td style=\"width: 43px;\"><\/td>\r\n<td style=\"width: 194px;\">\r\n<h5><span style=\"color: #408edd;\">VIDEOS<\/span><\/h5>\r\n<\/td>\r\n<td style=\"width: 205px;\"><\/td>\r\n<td style=\"width: 140px;\"><\/td>\r\n<\/tr>\r\n<tr>\r\n<td style=\"width: 43px;\">2016<\/td>\r\n<td style=\"width: 194px;\"><a href=\"https:\/\/www.youtube.com\/watch?v=ng3fThp_Awk\">La Yuta<\/a><\/td>\r\n<td style=\"width: 205px;\">Lechiguana<\/td>\r\n<td style=\"width: 140px;\">by Emilio Bianchic<\/td>\r\n<\/tr>\r\n<tr>\r\n<td style=\"width: 43px;\">2013<\/td>\r\n<td style=\"width: 194px;\"><a href=\"https:\/\/www.youtube.com\/watch?v=RmSPBNJqasQ\">Sambay\u00f3n<\/a><\/td>\r\n<td style=\"width: 205px;\">Mormazo<\/td>\r\n<td style=\"width: 140px;\">by Fredo Landaveri<\/td>\r\n<\/tr>\r\n<tr>\r\n<td style=\"width: 43px;\">2013<\/td>\r\n<td style=\"width: 194px;\"><a href=\"https:\/\/www.youtube.com\/watch?v=vWxRK6RvJYc\">Mi charles Manson<\/a><\/td>\r\n<td style=\"width: 205px;\">Mormazo<\/td>\r\n<td style=\"width: 140px;\">by Tin Tan<\/td>\r\n<\/tr>\r\n<tr>\r\n<td style=\"width: 43px;\">2012<\/td>\r\n<td style=\"width: 194px;\"><a href=\"https:\/\/www.youtube.com\/watch?v=5kX1EmmaeV4\">Tan Divertida\u00a0<\/a>(con Dios del Pop)<\/td>\r\n<td style=\"width: 205px;\"><\/td>\r\n<td style=\"width: 140px;\">by Dita Deren<\/td>\r\n<\/tr>\r\n<tr>\r\n<td style=\"width: 43px;\">2012<\/td>\r\n<td style=\"width: 194px;\"><a href=\"https:\/\/www.youtube.com\/watch?v=XivyKWUYqXQ\">Johnny Depp\/Deep<\/a>\u00a0(con Portadores de Hip Hop)<\/td>\r\n<td style=\"width: 205px;\">Pol\u00e9mico<\/td>\r\n<td style=\"width: 140px;\">by Superio<\/td>\r\n<\/tr>\r\n<tr>\r\n<td style=\"width: 43px;\">2011<\/td>\r\n<td style=\"width: 194px;\"><a href=\"https:\/\/www.youtube.com\/watch?v=2Nkfy1Z0rpo\">Tres Pasos<\/a>\u00a0incl. Marabish<\/td>\r\n<td style=\"width: 205px;\">Mormazo<\/td>\r\n<td style=\"width: 140px;\">by Luciano Demarco<\/td>\r\n<\/tr>\r\n<tr>\r\n<td style=\"width: 43px;\">2011<\/td>\r\n<td style=\"width: 194px;\"><a href=\"https:\/\/www.youtube.com\/watch?v=Ms-qAXy81Ls\">\u00bfQu\u00e9 dir\u00eda tu madre?<\/a> (con Denise Murz)<\/td>\r\n<td style=\"width: 205px;\">Gran conquista<\/td>\r\n<td style=\"width: 140px;\">by B\u00e1rbara Vespa &amp; Agustin Ratti<\/td>\r\n<\/tr>\r\n<tr>\r\n<td style=\"width: 43px;\">2009<\/td>\r\n<td style=\"width: 194px;\"><a href=\"https:\/\/www.youtube.com\/watch?v=iLWPWASrDz0\">Killer<\/a><\/td>\r\n<td style=\"width: 205px;\">Dram\u00e1tica<\/td>\r\n<td style=\"width: 140px;\">by\u00a0Mart\u00edn Rivero\u00a0&amp; Mat\u00edas Paparamborda<\/td>\r\n<\/tr>\r\n<tr>\r\n<td style=\"width: 43px;\">2009<\/td>\r\n<td style=\"width: 194px;\"><a href=\"https:\/\/www.youtube.com\/watch?v=-ut3OFmLLCQ\">California (el cielo existe)<\/a><\/td>\r\n<td style=\"width: 205px;\">Perfecto<\/td>\r\n<td style=\"width: 140px;\">by\u00a0Gustavo Marras<\/td>\r\n<\/tr>\r\n<tr>\r\n<td style=\"width: 43px;\">2008<\/td>\r\n<td style=\"width: 194px;\"><a href=\"https:\/\/www.youtube.com\/watch?v=T3EeRYY6nek\">Dark room<\/a><\/td>\r\n<td style=\"width: 205px;\">Perfecto<\/td>\r\n<td style=\"width: 140px;\">by\u00a0Mat\u00edas y Agust\u00edn Ferrando<\/td>\r\n<\/tr>\r\n<tr>\r\n<td style=\"width: 43px;\">2007<\/td>\r\n<td style=\"width: 194px;\"><a href=\"https:\/\/www.youtube.com\/watch?v=tTEWqmj6aAw\">Atracci\u00f3n<\/a><\/td>\r\n<td style=\"width: 205px;\">Perfecto<\/td>\r\n<td style=\"width: 140px;\">by Oliver Garland<\/td>\r\n<\/tr>\r\n<tr>\r\n<td style=\"width: 43px;\">2006<\/td>\r\n<td style=\"width: 194px;\"><a href=\"https:\/\/www.youtube.com\/watch?v=2PG40qgz3Hk\">Nueva Generaci\u00f3n<\/a><\/td>\r\n<td style=\"width: 205px;\">Perfecto<\/td>\r\n<td style=\"width: 140px;\">by\u00a0Mat\u00edas y Agust\u00edn Ferrando<\/td>\r\n<\/tr>\r\n<tr>\r\n<td style=\"width: 43px;\">2006<\/td>\r\n<td style=\"width: 194px;\">Atracci\u00f3n<\/td>\r\n<td style=\"width: 205px;\">Perfecto<\/td>\r\n<td style=\"width: 140px;\">Juan Iervolino &amp; Mart\u00edn Irrutia<\/td>\r\n<\/tr>\r\n<tr>\r\n<td style=\"width: 43px;\">2006<\/td>\r\n<td style=\"width: 194px;\"><a href=\"https:\/\/www.youtube.com\/watch?v=9LeYQf7E9us\">No hay c\u00f3mplices<\/a><\/td>\r\n<td style=\"width: 205px;\">Perfecto<\/td>\r\n<td style=\"width: 140px;\">Silvia Giusto<\/td>\r\n<\/tr>\r\n<tr>\r\n<td style=\"width: 43px;\"><\/td>\r\n<td style=\"width: 194px;\">\r\n<h5><span style=\"color: #408edd;\">OTROS VIDEOS<span style=\"color: #000000;\"> (por nos)<\/span><\/span><\/h5>\r\n<\/td>\r\n<td style=\"width: 205px;\"><\/td>\r\n<td style=\"width: 140px;\"><\/td>\r\n<\/tr>\r\n<tr>\r\n<td style=\"width: 43px;\">2016<\/td>\r\n<td style=\"width: 194px;\"><a href=\"https:\/\/www.youtube.com\/watch?v=2ruJq8IvgEI\">Tres Pasos<\/a> (Sexydance remix)<\/td>\r\n<td style=\"width: 205px;\">Concierto para m\u00e1quinas #2: Dani Umpi, antipodes caf\u00e9 DEG15, Oslo, Norway.<\/td>\r\n<td style=\"width: 140px;\">antipodes caf\u00e9 + Borowiak Photography<\/td>\r\n<\/tr>\r\n<tr>\r\n<td style=\"width: 43px;\">2010<\/td>\r\n<td style=\"width: 194px;\">Como eu quero<\/td>\r\n<td style=\"width: 205px;\">H\u00e1galo Usted Mismo, Chorizada itinerante, Montevideo, Uruguay (1 shot)<\/td>\r\n<td style=\"width: 140px;\">Por Felipe (UD) para sonidoambiente TV, Argentina.<\/td>\r\n<\/tr>\r\n<tr>\r\n<td style=\"width: 43px;\">2011<\/td>\r\n<td style=\"width: 194px;\"><a href=\"https:\/\/www.youtube.com\/watch?v=aA8EyOUBQ94\">California<\/a> (poema por Esteban Garc\u00eda)<\/td>\r\n<td style=\"width: 205px;\">Album: Perfecto.\u00a0Grabado en Helsinki and nombrado como \"deseos\" (1 toma)<\/td>\r\n<td style=\"width: 140px;\">Por Felipe (UD)<\/td>\r\n<\/tr>\r\n<\/tbody>\r\n<\/table>\r\n\r\n<hr \/>\r\n\r\n<h5><span style=\"color: #408edd;\">GRACIAS<\/span><\/h5>\r\nSukkerbitten\r\nKulturhuset i Oslo\r\nH\u00f8ydespesialisten AS\r\nThon Hotel Opera\r\nContrapedal Records\r\nSyd Krochmalny\r\nAlvaro Miranda\r\nOslo Pride\r\n\r\n&nbsp;\r\n\r\n<img class=\"alignnone size-full wp-image-10782\" src=\"https:\/\/www.antipodes.cafe\/wp-content\/uploads\/2016\/06\/ae16_cfm-daniumpi_oslopride.jpg\" alt=\"\" width=\"235\" height=\"300\" \/>","listing_featured_image":"https:\/\/www.antipodes.cafe\/wp-content\/uploads\/2017\/02\/ae16_concertformachines-daniumpi-02.jpg","listing_featured_image_id":""},"listing_aeseries_banner":{"listing_banner":"banner_image","listing_banner_image":"https:\/\/www.antipodes.cafe\/wp-content\/uploads\/2017\/02\/ae16_concertformachines-daniumpi-01.jpg","listing_banner_image_id":"8566","listing_banner_video":"","listing_banner_video_id":"","listing_banner_video_embed":"","listing_banner_map_zoom":"12","listing_banner_map_type":"SATELLITE","listing_banner_map_marker":""},"listing_aeseries_gallery":{"listing_gallery":""},"listing_aeseries_video":{"listing_video":""},"listing_aeseries_listing_category":{"listing_listing_category":""},"listing_aeseries_location":{"listing_address":"","listing_locations":["norway","oslo"],"listing_map_location":{"address":"Sukkerbitten, Oslo","latitude":"59.90481526027418","longitude":"10.75294627427445"},"listing_map_location_polygon":"","listing_street_view":"","listing_street_view_location":{"latitude":"37.81240457820649","longitude":"-122.47607752956908","zoom":"1.3079999999999998","heading":"-18","pitch":"25"},"listing_inside_view":"","listing_inside_view_location":{"latitude":"37.81240457820649","longitude":"-122.47607752956908","zoom":"1.3079999999999998","heading":"-18","pitch":"25"},"listing_venue":""},"listing_aeseries_contact":{"listing_email":"","listing_phone":"","listing_website":"","listing_person":"","listing_address":""},"listing_aeseries_opening_hours":{"listing_opening_hours":[{"listing_day":"MONDAY","listing_time_from":"","listing_time_to":"","listing_custom":""},{"listing_day":"TUESDAY","listing_time_from":"","listing_time_to":"","listing_custom":""},{"listing_day":"WEDNESDAY","listing_time_from":"","listing_time_to":"","listing_custom":""},{"listing_day":"THURSDAY","listing_time_from":"","listing_time_to":"","listing_custom":""},{"listing_day":"FRIDAY","listing_time_from":"","listing_time_to":"","listing_custom":""},{"listing_day":"SATURDAY","listing_time_from":"","listing_time_to":"","listing_custom":""},{"listing_day":"SUNDAY","listing_time_from":"","listing_time_to":"","listing_custom":""}]},"listing_aeseries_date":{"listing_date":"1466812800"},"listing_aeseries_time":{"listing_time":""},"listing_aeseries_datetime_interval":{"listing_datetime_from":"","listing_datetime_to":""}},"_links":{"self":[{"href":"https:\/\/www.antipodes.cafe\/es\/wp-json\/wp\/v2\/aeseries\/23265","targetHints":{"allow":["GET"]}}],"collection":[{"href":"https:\/\/www.antipodes.cafe\/es\/wp-json\/wp\/v2\/aeseries"}],"about":[{"href":"https:\/\/www.antipodes.cafe\/es\/wp-json\/wp\/v2\/types\/aeseries"}],"author":[{"embeddable":true,"href":"https:\/\/www.antipodes.cafe\/es\/wp-json\/wp\/v2\/users\/11"}],"replies":[{"embeddable":true,"href":"https:\/\/www.antipodes.cafe\/es\/wp-json\/wp\/v2\/comments?post=23265"}],"wp:featuredmedia":[{"embeddable":true,"href":"https:\/\/www.antipodes.cafe\/es\/wp-json\/wp\/v2\/media\/9728"}],"wp:attachment":[{"href":"https:\/\/www.antipodes.cafe\/es\/wp-json\/wp\/v2\/media?parent=23265"}],"wp:term":[{"taxonomy":"locations","embeddable":true,"href":"https:\/\/www.antipodes.cafe\/es\/wp-json\/wp\/v2\/locations?post=23265"},{"taxonomy":"listing_categories","embeddable":true,"href":"https:\/\/www.antipodes.cafe\/es\/wp-json\/wp\/v2\/listing_categories?post=23265"}],"curies":[{"name":"wp","href":"https:\/\/api.w.org\/{rel}","templated":true}]}}