{"id":22108,"date":"2013-03-14T15:00:49","date_gmt":"2013-03-14T14:00:49","guid":{"rendered":"https:\/\/www.antipodes.cafe\/aeseries\/antipodes-cafe-galleri\/"},"modified":"2023-10-24T11:56:50","modified_gmt":"2023-10-24T09:56:50","slug":"antipodes-cafe-galleri","status":"publish","type":"aeseries","link":"https:\/\/www.antipodes.cafe\/es\/aeseries\/antipodes-cafe-galleri\/","title":{"rendered":"antipodes caf\u00e9 galleri"},"content":{"rendered":"<p>Explorar en domesticidad sin implicar tu propio hogar o forma de vida cotidiana, es b\u00e1sicamente no recomendable. Por lo tanto, la primera experiencia relacionada con <em> antipodes cafe Series &lt;\/ em&gt; fue abrir una sala privada para compartir varias exposiciones con quien quisiera pasar la puerta ahora abierta. Primero desde propios trabajos y luego con invitados especiales. Las aperturas de muestras fueron promovidas en una p\u00e1gina de Facebook.<\/em><\/p>\n<p>Las muestras desarrolladas por nuestros queridos invitados fueron parte de una serie llamada \u00abInstrucciones 2013\u00bb quiz\u00e1s recordando las instrucciones del a\u00f1o XIII (1813) que impulsaban ideales de descentralizaci\u00f3n, rep\u00fablica, libertad c\u00edvica y religiosa, entre otros.<\/p>\n<p>Los invitados fueron todos internacionales , Alberto Nanclares da Veiga, de Basurama Madrid, Mya Ferrando y Marcelo Vidal de Uruguay, y Antonella Arismendi de Argentina. Ellos enviaron sus instrucciones, archivos y dem\u00e1s materiales por correo electr\u00f3nico o correo postal y as\u00ed las muestras luego eran montadas por antipodes caf\u00e9 en su primer espacio abierto al p\u00fablico. Afortunadamente, coordinamos con Alberto para que su muestra coincidiese con su visita a Oslo por una conferencia que iba a dar, as\u00ed que \u00e9l particip\u00f3 de la apertura de la muestra de Basurama y de ese abrazo.<\/p>\n<hr \/>\n<h5><span style=\"color: #408edd;\">GRACIAS<\/span><\/h5>\n<p>Alberto Nanclares da Veiga<br \/>\nBasurama<br \/>\nMya Ferrando<br \/>\nMarcelo Vidal<br \/>\nAntonella Arismendi<br \/>\nEbba Moi (proyector, Tenthaus Oslo)<\/p>\n<hr \/>\n<h5><span style=\"color: #408edd;\">EXPOSICIONES<\/span><\/h5>\n\r\n\t\t\t\r\n\t\t\t\r\n\t\t\t\r\n\t\t\t<script>jQuery(document).ready(function($){$(\"#accordions-22106.accordions\").accordion({event: \"click\",collapsible: true,heightStyle: \"content\",animate: (\"linear\", 100),navigation: true,active: 999999,changestart: function(event, ui) {\r\n\t\t\t\t\t\t\t\tchild.accordion(\"activate\", false); \r\n\t\t\t\t\t\t\t}\r\n\t\t\t\t\t\t});\r\n\t\t\t\t\t\tvar child = $(\".child-accordion\").accordion({\r\n\t\t\t\t\t\t\tactive:true,heightStyle: \"content\",\r\n\t\t\t\t\t\t\tcollapsible: true,\r\n\t\t\t\t\t\t\tanimated: \"swing\",\r\n\t\t\t\t\t\t});\r\n\t\t\t\t\t})<\/script><style type='text\/css'>\r\n\t#accordions-22106{\r\n\t\t\ttext-align: left;}\r\n\t#accordions-22106{\r\n\t\t\tbackground:#ffffff url() repeat scroll 0 0;\r\n\t\t\tpadding: 0;\r\n\t\t\t}\r\n\t#accordions-22106 .accordions-head{\r\n\t\t\r\n\t\tbackground:rgba(134,118,103,1) none repeat scroll 0 0;\r\n\t\tmargin:1px;\r\n\t\tpadding:7px;\t\t\t\r\n\t\t}\t\t\r\n\t\r\n\t#accordions-22106 .accordions-head-title{\r\n\t\tcolor:#ffffff;\r\n\t\tfont-size:13px;\r\n\t\t}\r\n\t\r\n\t#accordions-22106 .accordions-head-title-toogle{\r\n\t\tcolor:#ffffff;\r\n\t\tfont-size:13px;\r\n\t\t}\t\r\n\t\r\n\t\r\n\t#accordions-22106 .accordions-head:hover .accordions-head-title{\r\n\t\tcolor:#ffffff;\r\n\t\t}\t\t\r\n\t\r\n\t\r\n\t#accordions-22106 .ui-accordion-header-active{\r\n\t\tbackground: #ffd600;\r\n\t\r\n\t\t}\r\n\t#accordions-22106 .accordion-content{\r\n\t\t\tbackground:rgba(255,255,255,1) none repeat scroll 0 0;\r\n\t\t\tcolor:#666666;\r\n\t\t\tfont-size:13px;\r\n\t\t\tmargin:0px;\r\n\t\t\tpadding:0px;\r\n\t\t\t}\r\n\t\t\t\r\n\t\r\n\t#accordions-22106 .accordion-icons{\r\n\t\t\tcolor:#ffffff;\r\n\t\t\tfont-size:9px;\t\t\t\t\r\n\t\t\t}\r\n\t\t\t\r\n\t#accordions-22106 .accordions-head:hover .accordion-icons{\r\n\t\t\tcolor:#ffffff;\t\t\t\r\n\t\t\t}\t\t\t\t\r\n\t\t\t\r\n\t\t\t<\/style><style type=\"text\/css\">#accordions-15686{border:none}\r\n#accordions-15686 .accordions-head{border:none}\r\n#accordions-15686 .accordion-content{border:none}<\/style><div id=\"accordions-22106\" class=\"accordions accordions-themes flat accordions-22106\"><div id=\"0\" style=\"\" class=\"accordions-head head0\" toogle-text=\"2013.02.23\" main-text=\"2013.02.23 por antipodes caf\u00e9\" ><div class=\"accordion-icons left accordion-plus fa fa-chevron-up\"><\/div><div class=\"accordion-icons left accordion-minus fa fa-chevron-down\"><\/div><div id=\"0\"    class=\"accordions-head-title\">2013.02.23 por antipodes caf\u00e9<\/div><\/div><div class=\"accordion-content content0\"><p>[huge_it_gallery id=\"4\"]<\/p>\n<h5><span style=\"color: #408edd;\">\u00a0CELEBRACIONES<\/span><\/h5>\n<p><em>por antipodes caf\u00e9<\/em><\/p>\n<hr \/>\n<p>Muestra de trabajos previos al origen de antipodes caf\u00e9 relacionados a marcas y primera muestra de la serie fotogr\u00e1fica \"panoramicas\"<\/p>\n<ul>\n<li><strong>Usted Marca<\/strong> (2010)<br \/>\nplataforma digital, dibujos originales hechos por ni\u00f1os y postales realizadas en base a estos<\/li>\n<li><strong>Panoramicas<\/strong> (2012)<br \/>\nSerie fotogr\u00e1fica(<a href=\"https:\/\/www.antipodes.cafe\/aeartworks\/panoramics\/\">ver m\u00e1s<\/a>)<\/li>\n<\/ul>\n<hr \/>\n<p>\u00a0<\/p>\n<\/div><div id=\"1490190251395\" style=\"\" class=\"accordions-head head1490190251395\" toogle-text=\"2013.03.18\" main-text=\"2013.03.18 por antipodes caf\u00e9\" ><div class=\"accordion-icons left accordion-plus fa fa-chevron-up\"><\/div><div class=\"accordion-icons left accordion-minus fa fa-chevron-down\"><\/div><div id=\"1490190251395\"    class=\"accordions-head-title\">2013.03.18 por antipodes caf\u00e9<\/div><\/div><div class=\"accordion-content content1490190251395\"><p>[huge_it_gallery id=\"3\"]<\/p>\n<h5><span style=\"color: #408edd;\">\u00a0MANGE BOLER I LUFTE<\/span><\/h5>\n<p><em>por antipodes caf\u00e9<\/em><\/p>\n<hr \/>\n<p>Muestra sobre comunicaci\u00f3n, falta, y falta de comunicaci\u00f3n.<\/p>\n<p>Obras inclu\u00eddas:<\/p>\n<ul>\n<li><strong>Mange boler i lufte<\/strong> (2013)<br \/>\nInstalaci\u00f3n de copias de CV hechas pelota y colgadas con tanza de pezca<\/li>\n<li><strong>\u00e5ja\u2026 <\/strong>(2013)<br \/>\nInstalaci\u00f3n de dos pedestales, en uno de ellos una papa y en el otro una lata vac\u00eda. Entre ambos elementos un hilo sisal, el cual a su vez corta la circulaci\u00f3n de la sala en dos (<a href=\"https:\/\/www.antipodes.cafe\/aeartworks\/aja\/\">view more<\/a>)<\/li>\n<li><strong>8<\/strong>\u00a0(2013)<br \/>\nCollage de la serie \"JANTE\u2661N\"<\/li>\n<li><strong>Lost in translation<br \/>\n<\/strong>Citas del libro \"aprendiendo Noruego\" escritas a mano sobre papel de revistas de Noruega.<\/li>\n<\/ul>\n<hr \/>\n<\/div><div id=\"1490190850631\" style=\"\" class=\"accordions-head head1490190850631\" toogle-text=\"2013.04.03\" main-text=\"2013.04.03 por Alberto Nanclares da Veiga (Basurama)\" ><div class=\"accordion-icons left accordion-plus fa fa-chevron-up\"><\/div><div class=\"accordion-icons left accordion-minus fa fa-chevron-down\"><\/div><div id=\"1490190850631\"    class=\"accordions-head-title\">2013.04.03 por Alberto Nanclares da Veiga (Basurama)<\/div><\/div><div class=\"accordion-content content1490190850631\"><p>[huge_it_gallery id=\"5\"]<\/p>\n<h5><span style=\"color: #408edd;\">ICEBREAKER<\/span><\/h5>\n<p><em>por\u00a0Alberto Nanclares da Veiga (Basurama, Espa\u00f1a)<\/em><\/p>\n<hr \/>\n<p>La primera muestra de la serie  \"Instrucciones 2013\" present\u00f3 una instalaci\u00f3n\/performance a cargo del colectivo Basurama, ejecutada por uno de sus miembros fundadores, Alberto Nanclares da Veiga, en relaci\u00f3n<a href=\"https:\/\/climate.nasa.gov\/images-of-change?id=591#591-older-thicker-arctic-sea-ice-declines\">al derretimiento del Polo Norte<\/a> y las relaciones pol\u00edticas que facilitan que esto suceda. Con la cuota justa de sarcasmo, la muestra \"rompehielos (t\u00edtulo original en ingl\u00e9s \"Ice breaker\") se bas\u00f3 en la instalaci\u00f3n de tres pedestales de madera alineados. Sobre el pedestal de la izquierda, una botella de vodka rusa, sobre el de la derecha una botella de Aquavit noruega. Entre ambos media esfera de hielo sobre un plato pl\u00e1stico y un pica hielos.<\/p>\n<p>Detr\u00e1s de estos tres pedestales, un dibujo hecho con tiza blanca sobre una pared verde claro presentaba el mapa del polo norte.<br \/>\nAl ingresar a la sala, los visitantes recib\u00edan un vaso vac\u00edo y deb\u00edan escoger su bebida y romper el hielo para preparar su trago. Al momento de romper el hielo eran fotografiados con una c\u00e1mara instant\u00e1nea, y las fotos se pegaban en la pared lateral de la muestra.<br \/>\nLa muestra cont\u00f3 con la presencia de Alberto.<\/p>\n<p><a href=\"http:\/\/www.facebook.com\/events\/356571081120125\/\" target=\"_blank\" rel=\"noopener noreferrer\">Evento en Facebook<\/a><\/p>\n<hr \/>\n<h6><span style=\"color: #408edd;\">Alberto Nanclares da Veiga<\/span> (BASURAMA, Espa\u00f1a)<\/h6>\n<p>\u00a0<\/p>\n<p><a href=\"http:\/\/basurama.org\" target=\"_blank\" rel=\"noopener noreferrer\">Basurama.org<\/a><\/p>\n<\/div><div id=\"1490218845069\" style=\"\" class=\"accordions-head head1490218845069\" toogle-text=\"2013.05.16\" main-text=\"2013.05.16 por Antonella Arismendi & Marcelo Vidal \" ><div class=\"accordion-icons left accordion-plus fa fa-chevron-up\"><\/div><div class=\"accordion-icons left accordion-minus fa fa-chevron-down\"><\/div><div id=\"1490218845069\"    class=\"accordions-head-title\">2013.05.16 por Antonella Arismendi & Marcelo Vidal <\/div><\/div><div class=\"accordion-content content1490218845069\"><p><iframe loading=\"lazy\" src=\"https:\/\/www.youtube.com\/embed\/GtwjSpCeTJE?rel=0&showinfo=0\" width=\"100%\" height=\"432px\" frameborder=\"0\" allowfullscreen=\"allowfullscreen\"><\/iframe><\/p>\n<h5><span style=\"color: #408edd;\">\u00a0JUMP<\/span><\/h5>\n<p><em>por Antonella Arismendi (Argentina) & Marcelo Vidal -chindogu- (Uruguay)<\/em><\/p>\n<hr \/>\n<p>La segunda muestra de nuestra serie \"Instrucciones 2013\" presenta la primera colaboraci\u00f3n entre los artistas sudamericanos <a href=\"http:\/\/www.antonellaarismendi.com\/\" target=\"_blank\" rel=\"noopener noreferrer\">Antonella Arismendi<\/a> (ARG) y <a href=\"https:\/\/vimeo.com\/vjchindogu\" target=\"_blank\" rel=\"noopener noreferrer\">Marcelo Vidal<\/a>\u00a0(URU)<\/p>\n<p><em>\"La grabaci\u00f3n audiovisual en las c\u00fapulas de Teufelsberg fue el punto de partida para evocar la experiencia sensible que documentaron las im\u00e1genes de Arismendi. La vista abrumadora y la ac\u00fastica en el domo minimizan la presencia humana. Quieres saltar, pero no te atreves. Eres simplemente una peque\u00f1a part\u00edcula vibrante.\"<\/em><br \/>\n(Arismendi & Vidal)<\/p>\n<hr \/>\n<p><a href=\"http:\/\/www.facebook.com\/events\/197933463664270\/\" target=\"_blank\" rel=\"noopener noreferrer\">Facebook event<\/a><\/p>\n<\/div><div id=\"1490220050018\" style=\"\" class=\"accordions-head head1490220050018\" toogle-text=\"2013.06.29\" main-text=\"2013.06.29 por Mya Ferrando\" ><div class=\"accordion-icons left accordion-plus fa fa-chevron-up\"><\/div><div class=\"accordion-icons left accordion-minus fa fa-chevron-down\"><\/div><div id=\"1490220050018\"    class=\"accordions-head-title\">2013.06.29 por Mya Ferrando<\/div><\/div><div class=\"accordion-content content1490220050018\"><p>[huge_it_gallery id=\"6\"]<\/p>\n<h5><span style=\"color: #408edd;\">Stud book<\/span><\/h5>\n<p><em>por Mya Ferrando (Uruguay)<\/em><\/p>\n<hr \/>\n<p>La tercera muestra de la serie \"Instrucciones 2013\" present\u00f3 una extensa colecci\u00f3n de dibujos de diarios \u00edntimos de Mya Ferrando.<\/p>\n<p>En esta exposici\u00f3n invocamos a quienes a lo largo y ancho del mundo comparten sus emociones mediante ilustraciones en bit\u00e1coras personales, y en particular a quienes lo hacen mediante ilustraciones de equinos, que no pareciera ser solamente Mya. Pero en sus p\u00e1ginas, ahora cubriendo la pared cual ladrillos o empapelado, nos enfrentamos una exploraci\u00f3n no tan inocente ni adolescente de su mundo ya no tan \u00edntimo. Al galope, galope, galope.<\/p>\n<p><a href=\"https:\/\/www.facebook.com\/events\/528815940500387\/\" target=\"_blank\" rel=\"noopener noreferrer\">Evento en Facebook<\/a><\/p>\n<hr \/>\n<h6><span style=\"color: #408edd;\">MYA FERRANDO<\/span><\/h6>\n<p><span class=\"text_exposed_show\"><em>Ilustradora y dise\u00f1adora textil, nacida en 1985 en Uruguay.<\/em><\/span><\/p>\n<p>Mya creci\u00f3 en el campo y cerca del mar, pero lejos de muchas otras cosas. Su casa estaba a 2,5 km del pueblo m\u00e1s cercano, donde asisti\u00f3 a la escuela viajando con una yegua llamada \"Paca\", que tambi\u00e9n era su mejor amiga y compa\u00f1era inseparable.<\/p>\n<p>A los 21 a\u00f1os, se mud\u00f3 a Montevideo, y desde entonces, el dibujo ha sido una manera cat\u00e1rtica de expresarse. Principalmente sobre asuntos diarios, amor y relaciones cercanas, pero con una fuerte relaci\u00f3n con su pasado en la presencia continua de caballos. Usando grafito y tinta en peque\u00f1os cuadernos de bocetos, Mya puede hacer sus dibujos en casi todos los lugares: una barra abarrotada, un autob\u00fas, una sala de espera, una cama, etc. Su producci\u00f3n es compulsiva y cotidiana. La ciudad y el campo se entreveran en sus l\u00edneas de tinta naif y pluma afilada.<\/p>\n<hr \/>\n<p>\u00a0<\/p>\n<\/div><\/div>\n","protected":false},"author":11,"featured_media":15654,"comment_status":"closed","ping_status":"closed","template":"","meta":{"ngg_post_thumbnail":0},"locations":[507,505],"listing_categories":[470,454],"class_list":["post-22108","aeseries","type-aeseries","status-publish","has-post-thumbnail","hentry","locations-norway-es","locations-oslo-es-2","listing_categories-aeseries-es-2","listing_categories-exhibition-es"],"cmb2":{"listing_aeseries_general":{"listing_title":"antipodes caf\u00e9 galleri","listing_description":"Explorar en domesticidad sin implicar tu propio hogar o forma de vida cotidiana, es b\u00e1sicamente no recomendable. Por lo tanto, la primera experiencia relacionada con <em> antipodes cafe Series <\/ em> fue abrir una sala privada para compartir varias exposiciones con quien quisiera pasar la puerta ahora abierta. Primero desde propios trabajos y luego con invitados especiales. Las aperturas de muestras fueron promovidas en una p\u00e1gina de Facebook.\r\n\r\nLas muestras desarrolladas por nuestros queridos invitados fueron parte de una serie llamada \"Instrucciones 2013\" quiz\u00e1s recordando las instrucciones del a\u00f1o XIII (1813) que impulsaban ideales de descentralizaci\u00f3n, rep\u00fablica, libertad c\u00edvica y religiosa, entre otros.\r\n\r\nLos invitados fueron todos internacionales , Alberto Nanclares da Veiga, de Basurama Madrid, Mya Ferrando y Marcelo Vidal de Uruguay, y Antonella Arismendi de Argentina. Ellos enviaron sus instrucciones, archivos y dem\u00e1s materiales por correo electr\u00f3nico o correo postal y as\u00ed las muestras luego eran montadas por antipodes caf\u00e9 en su primer espacio abierto al p\u00fablico. Afortunadamente, coordinamos con Alberto para que su muestra coincidiese con su visita a Oslo por una conferencia que iba a dar, as\u00ed que \u00e9l particip\u00f3 de la apertura de la muestra de Basurama y de ese abrazo.\r\n\r\n<hr \/>\r\n\r\n<h5><span style=\"color: #408edd;\">GRACIAS<\/span><\/h5>\r\nAlberto Nanclares da Veiga\r\nBasurama\r\nMya Ferrando\r\nMarcelo Vidal\r\nAntonella Arismendi\r\nEbba Moi (proyector, Tenthaus Oslo)\r\n\r\n<hr \/>\r\n\r\n<h5><span style=\"color: #408edd;\">EXPOSICIONES<\/span><\/h5>\r\n[accordions id=\"22106\"]","listing_featured_image":"https:\/\/www.antipodes.cafe\/wp-content\/uploads\/2013\/03\/ae13-02-celebrations-featured.jpg","listing_featured_image_id":""},"listing_aeseries_banner":{"listing_banner":"banner_image","listing_banner_image":"https:\/\/www.antipodes.cafe\/wp-content\/uploads\/2013\/03\/ae13-aegalleri-vidal-arismendi-jump-featured.jpg","listing_banner_image_id":"15984","listing_banner_video":"","listing_banner_video_id":"","listing_banner_video_embed":"","listing_banner_map_zoom":"12","listing_banner_map_type":"SATELLITE","listing_banner_map_marker":""},"listing_aeseries_gallery":{"listing_gallery":{"15712":"https:\/\/www.antipodes.cafe\/wp-content\/uploads\/2017\/03\/ae13-02-celebrations-05.jpg","15732":"https:\/\/www.antipodes.cafe\/wp-content\/uploads\/2017\/03\/ae13-03-mangeboler-000.jpg","15722":"https:\/\/www.antipodes.cafe\/wp-content\/uploads\/2017\/03\/ae13-03-mangeboler-00.jpg","15670":"https:\/\/www.antipodes.cafe\/wp-content\/uploads\/2013\/03\/ae13-03-mangeboler-03.jpg","15752":"https:\/\/www.antipodes.cafe\/wp-content\/uploads\/2017\/03\/ae13-aegalleri-basurama-icebreaker-02.jpg","15762":"https:\/\/www.antipodes.cafe\/wp-content\/uploads\/2017\/03\/ae13-aegalleri-basurama-icebreaker-04.jpg","15782":"https:\/\/www.antipodes.cafe\/wp-content\/uploads\/2017\/03\/ae13-aegalleri-mya-studbook-00.jpg","15802":"https:\/\/www.antipodes.cafe\/wp-content\/uploads\/2017\/03\/ae13-aegalleri-mya-studbook-05.jpg","15947":"https:\/\/www.antipodes.cafe\/wp-content\/uploads\/2017\/03\/ae13-aegalleri-mya-studbook-34.jpg","15907":"https:\/\/www.antipodes.cafe\/wp-content\/uploads\/2017\/03\/ae13-aegalleri-mya-studbook-26.jpg"}},"listing_aeseries_video":{"listing_video":""},"listing_aeseries_listing_category":{"listing_listing_category":""},"listing_aeseries_location":{"listing_address":"","listing_locations":["norway","oslo"],"listing_map_location":{"address":"V\u00f8yensvingen 2, Oslo, Norway","latitude":"59.92938599999999","longitude":"10.751727899999992"},"listing_map_location_polygon":"","listing_street_view":"","listing_street_view_location":{"latitude":"37.81240457820649","longitude":"-122.47607752956908","zoom":"1.163603187185153","heading":"-18","pitch":"25"},"listing_inside_view":"","listing_inside_view_location":{"latitude":"37.81240457820649","longitude":"-122.47607752956908","zoom":"1.163603187185153","heading":"-18","pitch":"25"},"listing_venue":""},"listing_aeseries_contact":{"listing_email":"","listing_phone":"","listing_website":"","listing_person":"","listing_address":""},"listing_aeseries_opening_hours":{"listing_opening_hours":[{"listing_day":"MONDAY","listing_time_from":"","listing_time_to":"","listing_custom":""},{"listing_day":"TUESDAY","listing_time_from":"","listing_time_to":"","listing_custom":""},{"listing_day":"WEDNESDAY","listing_time_from":"","listing_time_to":"","listing_custom":""},{"listing_day":"THURSDAY","listing_time_from":"","listing_time_to":"","listing_custom":""},{"listing_day":"FRIDAY","listing_time_from":"","listing_time_to":"","listing_custom":""},{"listing_day":"SATURDAY","listing_time_from":"","listing_time_to":"","listing_custom":""},{"listing_day":"SUNDAY","listing_time_from":"","listing_time_to":"","listing_custom":""}]},"listing_aeseries_date":{"listing_date":""},"listing_aeseries_time":{"listing_time":""},"listing_aeseries_datetime_interval":{"listing_datetime_from":"1361577600","listing_datetime_to":"1375228800"}},"_links":{"self":[{"href":"https:\/\/www.antipodes.cafe\/es\/wp-json\/wp\/v2\/aeseries\/22108","targetHints":{"allow":["GET"]}}],"collection":[{"href":"https:\/\/www.antipodes.cafe\/es\/wp-json\/wp\/v2\/aeseries"}],"about":[{"href":"https:\/\/www.antipodes.cafe\/es\/wp-json\/wp\/v2\/types\/aeseries"}],"author":[{"embeddable":true,"href":"https:\/\/www.antipodes.cafe\/es\/wp-json\/wp\/v2\/users\/11"}],"replies":[{"embeddable":true,"href":"https:\/\/www.antipodes.cafe\/es\/wp-json\/wp\/v2\/comments?post=22108"}],"wp:featuredmedia":[{"embeddable":true,"href":"https:\/\/www.antipodes.cafe\/es\/wp-json\/wp\/v2\/media\/15654"}],"wp:attachment":[{"href":"https:\/\/www.antipodes.cafe\/es\/wp-json\/wp\/v2\/media?parent=22108"}],"wp:term":[{"taxonomy":"locations","embeddable":true,"href":"https:\/\/www.antipodes.cafe\/es\/wp-json\/wp\/v2\/locations?post=22108"},{"taxonomy":"listing_categories","embeddable":true,"href":"https:\/\/www.antipodes.cafe\/es\/wp-json\/wp\/v2\/listing_categories?post=22108"}],"curies":[{"name":"wp","href":"https:\/\/api.w.org\/{rel}","templated":true}]}}