{"id":22028,"date":"2016-06-26T09:00:06","date_gmt":"2016-06-26T07:00:06","guid":{"rendered":"https:\/\/www.antipodes.cafe\/aedeg15\/exposicion-3-por-dani-umpi\/"},"modified":"2018-09-06T16:18:41","modified_gmt":"2018-09-06T14:18:41","slug":"exposicion-3-por-dani-umpi","status":"publish","type":"aedeg15","link":"https:\/\/www.antipodes.cafe\/es\/aedeg15\/exposicion-3-por-dani-umpi\/","title":{"rendered":"Exposici\u00f3n: \u00ab3\u00bb por Dani Umpi"},"content":{"rendered":"<p class=\"p2\">Invitar a una personalidad art\u00edstica prominente del tan poco conocido cono sur americano, a una singular intervenci\u00f3n urbana como lo fue ant\u00edpodes caf\u00e9 DEG15 y, sobretodo a un timorato contexto con una escena de arte contempor\u00e1neo extremadamente endog\u00e1mica, fue sin dudas todo un reto. Pero un desaf\u00edo lindo a fin de cuentas,\u00a0para seguir explorando los l\u00edmites del hacer en tierras de Jante.<\/p>\n<p class=\"p2\">Precisamente, si un Uruguayo, \u2013nacido en Tacuaremb\u00f3 durante los a\u00f1os de la Operaci\u00f3n Condor<em>; criado por una familia cat\u00f3lica dedicada a actividades ecum\u00e9nicas; que fuera a escuela Jesuita y arribara a la \u00abgran ciudad\u00bb de Montevideo para estudiar arte en medio de los 90&#8217;s\u00a0 sin apoyo econ\u00f3mico, sino todo lo contrario \u2013 <\/em>pudo\u00a0lograr todo lo que hasta ahora Daniel Umpierrez ha hecho desde tiempos inmemoriales en el pionero <em>\u00abmovimiento sexi\u00bb<\/em> (grupo art\u00edstico que form\u00f3 con el megal\u00f3mano Martin Sastre), a su prol\u00edfica y multifac\u00e9tica trayectoria de su alter ego \u00abDani Umpi\u00bb, que es un escritor, cantante\/performer y artista visual, todav\u00eda hay esperanza para cada ni\u00f1o que crece entre c\u00f3digos de barras.<\/p>\n<p>La primera muestra de Dani Umpi en Noruega, intenta introducir el colorido mundo del artista con una intensidad acotada, presentando trabajos variopintos relacionados a esas tres \u00e1reas fundamentales de su carrera bajo una narrativa espec\u00edfica.<\/p>\n<p>Desde la ciudad al marco, y de \u00e9ste a la pared y as\u00ed al espacio.<\/p>\n<p>Desde luces est\u00e1ticas, rinc\u00f3n de lectura y televisi\u00f3n en l\u00ednea a un elevador como un ef\u00edmero escenario m\u00f3vil en la ciudad en construcci\u00f3n.<\/p>\n<p>La muestra fue montada a <a href=\"https:\/\/www.facebook.com\/events\/1559005117732174\/\">puertas abiertas<\/a> durante varios d\u00edas con presencia del artista quien tambi\u00e9n particip\u00f3 del encuentro \u00ab<a href=\"https:\/\/www.facebook.com\/events\/525328704305643\/\">Kaffe med\u2026Dani<\/a>\u00ab, y cont\u00f3 con un cat\u00e1logo hecho a mano, de edici\u00f3n a demanda y distribuci\u00f3n gratuita, el cual inclu\u00eda restos de collages en su tapa (+ de 300 copias )<\/p>\n<p><a href=\"https:\/\/www.antipodes.cafe\/aedeg15\/first-floor\/\">Ver muestra en 3D (tour virtual)<\/a><\/p>\n<hr \/>\n<h5><span style=\"color: #408edd;\">LECHEGUANA<\/span><\/h5>\n<p><span style=\"color: #808080;\"><em>\u00ab<\/em><em><span class=\"s1\">En el principio fue la performance y luego las cosas. Esta f\u00f3rmula se aplica tanto a las vanguardias del siglo XX como a <b>Dani Umpi<\/b>, performer promiscuo de s\u00edmbolos paganos.<span class=\"Apple-converted-space\">\u00a0 <\/span>En una combinaci\u00f3n sui generis <b>Umpi<\/b> crea personajes a la manera de Cindy Sherman,<b> <\/b>explora conceptual y sensorialmente la participaci\u00f3n del p\u00fablico de forma similar a Lygia Clark y articula la vanguardia, el folk y la cultura de masas del mismo modo que H\u00e9lio Oiticica. El mundo <b>Umpi<\/b> es un ensamble neoconcreto y<span class=\"Apple-converted-space\">\u00a0 <\/span>tropical, una creaci\u00f3n propia de un<span class=\"Apple-converted-space\">\u00a0 <\/span>conceptualista de purpurina. <b>Umpi<\/b> no solo usa la iconograf\u00eda popular sino aspira al ox\u00edmoron de ser un vanguardista de masas, una cruza g\u00e9netica entre Yoko Ono y Cris Morena.<\/span><\/em><\/span><\/p>\n<p class=\"p1\"><span style=\"color: #808080;\"><em><span class=\"s1\">Desde el cabaret hasta el collage su obra modula la industria cultural y la cultura popular con la\u00a0m\u00fasica, la literatura y las artes visuales. A trav\u00e9s de la construcci\u00f3n de s\u00ed como Pop Star compone canciones, con los procedimientos del melodrama escribe novelas -en una tradici\u00f3n que se puede trazar desde Manuel Puig hasta Hebe Uhart-, y con tijera y papel dise\u00f1a sus cuadros e instalaciones. Pero estas artes no van por separado, no s\u00f3lo hay una po\u00e9tica que las entreteje sino tambi\u00e9n una instalaci\u00f3n de parangol\u00e9s r\u00edgidos\u00a0se convierte en el vestuario de un recital. Los conos de sus cuadros son parte de la escenograf\u00eda de sus videoclips. Sus libros tratan del amor, la amistad y la ridiculez pero, al mismo tiempo, son los argumentos de las letras de sus canciones. <\/span><\/em><\/span><\/p>\n<p class=\"p1\"><span style=\"color: #808080;\"><em><span class=\"s1\">El imaginario <b>Umpi<\/b> rebosa simbolog\u00eda esot\u00e9rica, referentes de la cultura de masas, arquetipos y formas geom\u00e9tricas. El procedimiento <b>Umpi<\/b> desarma el discurso ideol\u00f3gico y lo reemplaza por escalas crom\u00e1ticas y lenguajes aleatorios. El corte y confecci\u00f3n de la materia y el contenido de las revistas glossy transmutan en colores las im\u00e1genes y los discursos vaciados de figuraci\u00f3n y sentido.<span class=\"Apple-converted-space\">\u00a0 <\/span>La opci\u00f3n f\u00e1cil es clasificar a este universo como pop, pero <b>Umpi<\/b> es sin duda un renacentista del pastiche glam-trash, rom\u00e1ntico y carioca, un Duchamp de la autoayuda art\u00edstica.\u00bb<\/span><\/em><\/span><\/p>\n<p><strong>Syd Krochmalny<\/strong>, Buenos Aires, Argentina, 2016<br \/>\n<small>[Artista y escritor. (<a href=\"https:\/\/www.guggenheim.org\/blogs\/author\/sydkrochmalny\">m\u00e1s<\/a>)]<\/small><\/p>\n<hr \/>\n<h5><span style=\"color: #408edd;\">Muestra \u00ab3\u00bb\u00a0<\/span><\/h5>\n<p><img decoding=\"async\" src=\"https:\/\/www.antipodes.cafe\/wp-content\/uploads\/2016\/06\/ae16_aedeg15-exhibitions-daniumpi-plan.jpg\" width=\"100%\" \/><\/p>\n<p>&nbsp;<\/p>\n<table>\n<tbody>\n<tr>\n<td style=\"width: 19px;\">\n<h3><span style=\"color: #408edd;\">\u278a<\/span><\/h3>\n<\/td>\n<td style=\"width: 159px;\"><strong>Presentaci\u00f3n<\/strong><\/td>\n<td style=\"width: 49px;\">2016<\/td>\n<td style=\"width: 146px;\">Collage<\/td>\n<td style=\"width: 260px;\"><i>69 x 49\u00a0cm, marco blanco curvo y acr\u00edlico transparente (collage realizado en antipodes caf\u00e9 DEG 15)<\/i><\/td>\n<\/tr>\n<tr>\n<td style=\"width: 19px;\">\n<h3><span style=\"color: #408edd;\">\u278b<\/span><\/h3>\n<\/td>\n<td style=\"width: 159px;\"><strong>Shiny dead<\/strong><\/td>\n<td style=\"width: 49px;\">2016<\/td>\n<td style=\"width: 146px;\">Collage<\/td>\n<td style=\"width: 260px;\"><i><i>D\u00edptico 70 x 38 cm, dos marcos blancos de caras planas con vidrio <\/i><\/i><i>(collage realizado\u00a0en antipodes caf\u00e9 DEG 15)<\/i><\/td>\n<\/tr>\n<tr>\n<td style=\"width: 19px;\">\n<h3><span style=\"color: #408edd;\">\u278c<\/span><\/h3>\n<\/td>\n<td style=\"width: 159px;\"><b>Conos<\/b><\/td>\n<td style=\"width: 49px;\">2016<\/td>\n<td style=\"width: 146px;\">Collage\/Instalaci\u00f3n<\/td>\n<td style=\"width: 260px;\"><i><i><i>D\u00edptico 65 x 65 cm, marcos blancos de lados rectos con vidrio\u00a0<\/i><\/i><\/i><i><i>(collage realizado\u00a0en antipodes caf\u00e9 DEG 15)<\/i><\/i><i><br \/>\nEstante de madera (150 x 15 cm) con cientos de conos organizados por color.<\/i><\/td>\n<\/tr>\n<tr>\n<td style=\"width: 19px;\">\n<h3><span style=\"color: #408edd;\">\u278d<\/span><\/h3>\n<\/td>\n<td style=\"width: 159px;\"><strong>Sin t\u00edtulo<\/strong><\/td>\n<td style=\"width: 49px;\">2o16<\/td>\n<td style=\"width: 146px;\">Instalaci\u00f3n<\/td>\n<td style=\"width: 260px;\"><i>240 x 445 cm. (collage realizado directamente en la pared de antipodes caf\u00e9 DEG15)<\/i><\/td>\n<\/tr>\n<tr>\n<td style=\"width: 19px;\">\n<h3><span style=\"color: #408edd;\">\u278e<\/span><\/h3>\n<\/td>\n<td style=\"width: 159px;\"><strong>Videos<\/strong><\/td>\n<td style=\"width: 49px;\">2008-2016<\/td>\n<td style=\"width: 146px;\">Instalaci\u00f3n<\/td>\n<td style=\"width: 260px;\"><i>Videos de Dani Umpi actualmente en Youtube -selecci\u00f3n y orden a cargo del artista-<\/i><\/td>\n<\/tr>\n<tr>\n<td style=\"width: 19px;\">\n<h3><span style=\"color: #408edd;\">\u278f<\/span><\/h3>\n<\/td>\n<td style=\"width: 159px;\"><b><strong>Parangol\u00e9s<\/strong> r\u00edgidos<\/b><\/td>\n<td style=\"width: 49px;\">2008<\/td>\n<td style=\"width: 146px;\">Collage<\/td>\n<td style=\"width: 260px;\"><i>Instalaci\u00f3n<\/i><\/td>\n<\/tr>\n<tr>\n<td style=\"width: 19px;\">\n<h3><span style=\"color: #808080;\">\u2790<\/span><\/h3>\n<\/td>\n<td style=\"width: 159px;\"><strong><strong>Parangol\u00e9s\u00a0<\/strong><\/strong><strong>r\u00edgidos<\/strong><\/td>\n<td style=\"width: 49px;\">2016<\/td>\n<td style=\"width: 146px;\">Collage<\/td>\n<td style=\"width: 260px;\"><i>Instalaci\u00f3n en la ventana exterior de antipodes caf\u00e9 DEG15 llamada \u00abUtstillingsvindu\u00bb. Parangoles utilizados como vestuario durante la performance de Dani Umpi el d\u00eda previo a la apertura de la muestra, en el segundo de los Conciertos para m\u00e1quinas organizados por\u00a0<\/i><em>antipodes caf\u00e9 durante 2016<\/em><\/td>\n<\/tr>\n<tr>\n<td style=\"width: 19px;\">\n<h3><span style=\"color: #808080;\">\u2791<\/span><\/h3>\n<\/td>\n<td style=\"width: 159px;\"><strong>Biblioteca<\/strong><\/td>\n<td style=\"width: 49px;\">2008-2016<\/td>\n<td style=\"width: 146px;\">Publicaciones y \u00e1lbumes.<\/td>\n<td style=\"width: 260px;\"><i>Selecci\u00f3n de textos de Dani Umpi pertenecientes a la biblioteca de antipodes caf\u00e9.<\/i><\/td>\n<\/tr>\n<\/tbody>\n<\/table>\n<hr \/>\n<h3><span style=\"color: #408edd;\">DANI UMPI<\/span><\/h3>\n<p>Tacuaremb\u00f3, Uruguay, 1974.<br \/>\nVive y trabaja en Buenos Aires, Argentina.<\/p>\n<p><a href=\"http:\/\/fernandolagreca.bandcamp.com\">daniumpi.bandcamp.com<\/a><\/p>\n<table style=\"height: 3401px;\">\n<tbody>\n<tr style=\"height: 98px;\">\n<td style=\"height: 98px;\"><\/td>\n<td style=\"height: 98px;\">\n<h5><span style=\"color: #408edd;\">MUESTRAS INDIVIDUALES\u00a0<\/span>(Selecci\u00f3n 2016)<\/h5>\n<\/td>\n<td style=\"height: 98px;\"><\/td>\n<td style=\"height: 98px;\"><\/td>\n<\/tr>\n<tr style=\"height: 21px;\">\n<td style=\"height: 21px;\">2014<\/td>\n<td style=\"height: 21px;\">Dani Umpi<\/td>\n<td style=\"height: 21px;\">Galerie Xippas<\/td>\n<td style=\"height: 21px;\">Paris, Francia<\/td>\n<\/tr>\n<tr style=\"height: 45px;\">\n<td style=\"height: 45px;\">2014<\/td>\n<td style=\"height: 45px;\">Dani Umpi<\/td>\n<td style=\"height: 45px;\">Xippas Arte Contempor\u00e1neo<\/td>\n<td style=\"height: 45px;\">Punta del Este, Uruguay<\/td>\n<\/tr>\n<tr style=\"height: 45px;\">\n<td style=\"height: 45px;\">2013<\/td>\n<td style=\"height: 45px;\">Inform\u00e1tica<\/td>\n<td style=\"height: 45px;\">Xippas Arte Contempor\u00e1neo<\/td>\n<td style=\"height: 45px;\">Montevideo, Uruguay<\/td>\n<\/tr>\n<tr style=\"height: 45px;\">\n<td style=\"height: 45px;\">2011<\/td>\n<td style=\"height: 45px;\">La evoluci\u00f3n del ser<\/td>\n<td style=\"height: 45px;\">Galer\u00eda Soa<\/td>\n<td style=\"height: 45px;\">Montevideo, Uruguay<\/td>\n<\/tr>\n<tr style=\"height: 45px;\">\n<td style=\"height: 45px;\">2011<\/td>\n<td style=\"height: 45px;\">Eterna<\/td>\n<td style=\"height: 45px;\">Galer\u00eda Daniel Abate<\/td>\n<td style=\"height: 45px;\">Bs. As., Argentina<\/td>\n<\/tr>\n<tr style=\"height: 45px;\">\n<td style=\"height: 45px;\">2010<\/td>\n<td style=\"height: 45px;\">Todo Incluido<\/td>\n<td style=\"height: 45px;\">Galer\u00eda Jacob Karpio<\/td>\n<td style=\"height: 45px;\">San Jos\u00e9, Costa Rica<\/td>\n<\/tr>\n<tr style=\"height: 45px;\">\n<td style=\"height: 45px;\">2010<\/td>\n<td style=\"height: 45px;\">Nem Luxo, Nem Lixo<\/td>\n<td style=\"height: 45px;\">Galer\u00eda OZ<\/td>\n<td style=\"height: 45px;\">Bs. As., Argentina<\/td>\n<\/tr>\n<tr style=\"height: 45px;\">\n<td style=\"height: 45px;\">2009<\/td>\n<td style=\"height: 45px;\">Superbacana<\/td>\n<td style=\"height: 45px;\">MEC &#8211; Plataforma<\/td>\n<td style=\"height: 45px;\">Montevideo, Uruguay<\/td>\n<\/tr>\n<tr style=\"height: 98px;\">\n<td style=\"height: 98px;\"><\/td>\n<td style=\"height: 98px;\">\n<h5><span style=\"color: #408edd;\">MUESTRAS COLECTIVAS\u00a0<\/span>(Selecci\u00f3n 2016)<\/h5>\n<\/td>\n<td style=\"height: 98px;\"><\/td>\n<td style=\"height: 98px;\"><\/td>\n<\/tr>\n<tr style=\"height: 45px;\">\n<td style=\"height: 45px;\">2012<\/td>\n<td style=\"height: 45px;\">El Gran Sur<\/td>\n<td style=\"height: 45px;\">Primera Bienal de Montevideo<\/td>\n<td style=\"height: 45px;\">Montevideo, Uruguay<\/td>\n<\/tr>\n<tr style=\"height: 21px;\">\n<td style=\"height: 21px;\">2010<\/td>\n<td style=\"height: 21px;\"><\/td>\n<td style=\"height: 21px;\">Bienal de Sao Paulo<\/td>\n<td style=\"height: 21px;\">SP, Brasil<\/td>\n<\/tr>\n<tr style=\"height: 60px;\">\n<td style=\"height: 60px;\"><\/td>\n<td style=\"height: 60px;\">\n<h5><span style=\"color: #408edd;\">PUBLICACIONES<\/span><\/h5>\n<\/td>\n<td style=\"height: 60px;\"><\/td>\n<td style=\"height: 60px;\"><\/td>\n<\/tr>\n<tr style=\"height: 69px;\">\n<td style=\"height: 69px;\">2013<\/td>\n<td style=\"height: 69px;\">Un poquito tarada<\/td>\n<td style=\"height: 69px;\">Novela<\/td>\n<td style=\"height: 69px;\">Ediciones Planeta, Argentina<\/td>\n<\/tr>\n<tr style=\"height: 69px;\">\n<td style=\"height: 69px;\">2011<\/td>\n<td style=\"height: 69px;\">El vestido de mam\u00e1<\/td>\n<td style=\"height: 69px;\">Libro infantil (ilustraciones: Rodrigo Moraes)<\/td>\n<td style=\"height: 69px;\">Ediciones Criatura, Argentina<\/td>\n<\/tr>\n<tr style=\"height: 69px;\">\n<td style=\"height: 69px;\">2010<\/td>\n<td style=\"height: 69px;\">La vueltita rid\u00edcula<\/td>\n<td style=\"height: 69px;\">Poemas (selecci\u00f3n)<\/td>\n<td style=\"height: 69px;\">Ediciones Vestales, Argentina<\/td>\n<\/tr>\n<tr style=\"height: 93px;\">\n<td style=\"height: 93px;\">2010<\/td>\n<td style=\"height: 93px;\">Ni\u00f1o rico con problemas<\/td>\n<td style=\"height: 93px;\">Cuentos<\/td>\n<td style=\"height: 93px;\">Ediciones La Propia Cartonera, Argentina<\/td>\n<\/tr>\n<tr style=\"height: 140px;\">\n<td style=\"height: 140px;\">2006<\/td>\n<td style=\"height: 140px;\">S\u00f3lo te quiero como amigo<\/td>\n<td style=\"height: 140px;\">Novela<\/td>\n<td style=\"height: 140px;\">Ediciones Interzona, Argentina y<br \/>\nEdiciones Estruendomudo, Per\u00fa<\/td>\n<\/tr>\n<tr style=\"height: 69px;\">\n<td style=\"height: 69px;\">2004<\/td>\n<td style=\"height: 69px;\">Miss Tacuaremb\u00f3<\/td>\n<td style=\"height: 69px;\">Novela<\/td>\n<td style=\"height: 69px;\">Ediciones Interzona, Argentina<\/td>\n<\/tr>\n<tr style=\"height: 140px;\">\n<td style=\"height: 140px;\">2003<\/td>\n<td style=\"height: 140px;\">A\u00fan soltera<\/td>\n<td style=\"height: 140px;\">Novela<\/td>\n<td style=\"height: 140px;\">Ediciones Eloisa Cartonera, Argentina y<br \/>\nEdiciones Mansalva, M\u00e9xico<\/td>\n<\/tr>\n<tr style=\"height: 98px;\">\n<td style=\"height: 98px;\"><\/td>\n<td style=\"height: 98px;\">\n<h5><span style=\"color: #408edd;\">INSTALACIONES, ACCIONES, M\u00daSICA Y PERFORMANCES<\/span><\/h5>\n<\/td>\n<td style=\"height: 98px;\"><\/td>\n<td style=\"height: 98px;\"><\/td>\n<\/tr>\n<tr style=\"height: 45px;\">\n<td style=\"height: 45px;\">2014<\/td>\n<td style=\"height: 45px;\">A Rainha da Beleza\u00a0(with Gustavo Bitencourt)<\/td>\n<td style=\"height: 45px;\">Ita\u00fa Cultural<\/td>\n<td style=\"height: 45px;\">Sao Paulo, Brasil<\/td>\n<\/tr>\n<tr style=\"height: 45px;\">\n<td style=\"height: 45px;\">2014<\/td>\n<td style=\"height: 45px;\">Parangol\u00e9s r\u00edgidos<\/td>\n<td style=\"height: 45px;\">MALBA<\/td>\n<td style=\"height: 45px;\">Bs. As., Argentina<\/td>\n<\/tr>\n<tr style=\"height: 45px;\">\n<td style=\"height: 45px;\">2014<\/td>\n<td style=\"height: 45px;\">Parangol\u00e9s r\u00edgidos<\/td>\n<td style=\"height: 45px;\">Casa de la Cultura Mario Quintana<\/td>\n<td style=\"height: 45px;\">Porto Alegre, Brazil<\/td>\n<\/tr>\n<tr style=\"height: 45px;\">\n<td style=\"height: 45px;\">2014<\/td>\n<td style=\"height: 45px;\">Piano<\/td>\n<td style=\"height: 45px;\">Yoo<\/td>\n<td style=\"height: 45px;\">Punta del Este, Uruguay<\/td>\n<\/tr>\n<tr style=\"height: 45px;\">\n<td style=\"height: 45px;\">2012<\/td>\n<td style=\"height: 45px;\">Marta, la musical (author and director)<\/td>\n<td style=\"height: 45px;\">Teatro Argentino de\u00a0La Plata<\/td>\n<td style=\"height: 45px;\">La Plata, Argentina<\/td>\n<\/tr>\n<tr style=\"height: 45px;\">\n<td style=\"height: 45px;\">2012<\/td>\n<td style=\"height: 45px;\">Dani Umpi Piano<\/td>\n<td style=\"height: 45px;\">Primera Bienal de Montevideo<\/td>\n<td style=\"height: 45px;\">Montevideo, Uruguay<\/td>\n<\/tr>\n<tr style=\"height: 45px;\">\n<td style=\"height: 45px;\">2010<\/td>\n<td style=\"height: 45px;\">FODA<\/td>\n<td style=\"height: 45px;\">Bienal de Sao Paulo<\/td>\n<td style=\"height: 45px;\">SP,\u00a0Brasil<\/td>\n<\/tr>\n<tr style=\"height: 69px;\">\n<td style=\"height: 69px;\">2009<\/td>\n<td style=\"height: 69px;\">Nena, no robar\u00e1s, (author and composer \u2013with Javier Vaz Martins\u2013)<\/td>\n<td style=\"height: 69px;\">Centro Cultural Rojas<\/td>\n<td style=\"height: 69px;\">Bs. As., Argentina<\/td>\n<\/tr>\n<tr style=\"height: 60px;\">\n<td style=\"height: 60px;\"><\/td>\n<td style=\"height: 60px;\">\n<h5><span style=\"color: #408edd;\">DISCOGRAF\u00cdA<\/span><\/h5>\n<\/td>\n<td style=\"height: 60px;\"><\/td>\n<td style=\"height: 60px;\"><\/td>\n<\/tr>\n<tr style=\"height: 45px;\">\n<td style=\"height: 45px;\">2017<\/td>\n<td style=\"height: 45px;\"><a href=\"https:\/\/itunes.apple.com\/cv\/album\/rosario-bl%C3%A9fari-y-dani-umpi-en-casa-brandon\/id1195631186\">Rosario Bl\u00e9fari y Dani Umpi en Casa Brandon<\/a><\/td>\n<td style=\"height: 45px;\">Contrapedal<\/td>\n<td style=\"height: 45px;\">Uruguay<\/td>\n<\/tr>\n<tr style=\"height: 21px;\">\n<td style=\"height: 21px;\">2016<\/td>\n<td style=\"height: 21px;\">Lechiguana<\/td>\n<td style=\"height: 21px;\">Contrapedal<\/td>\n<td style=\"height: 21px;\">Uruguay<\/td>\n<\/tr>\n<tr style=\"height: 45px;\">\n<td style=\"height: 45px;\">2016<\/td>\n<td style=\"height: 45px;\"><a href=\"https:\/\/itunes.apple.com\/cv\/album\/more-maxo-remixes-mormazo\/id1138711901\">More Maxo -Remixes Mormazo-\u00a0<\/a><\/td>\n<td style=\"height: 45px;\">Contrapedal<\/td>\n<td style=\"height: 45px;\">Uruguay<\/td>\n<\/tr>\n<tr style=\"height: 45px;\">\n<td style=\"height: 45px;\">2015<\/td>\n<td style=\"height: 45px;\"><a href=\"https:\/\/itunes.apple.com\/cv\/album\/piano-vol-2\/id1076421033\">Piano Vol. II<\/a> (with \u00c1lvaro S\u00e1nchez)<\/td>\n<td style=\"height: 45px;\">Contrapedal<\/td>\n<td style=\"height: 45px;\">Uruguay<\/td>\n<\/tr>\n<tr style=\"height: 45px;\">\n<td style=\"height: 45px;\">2014<\/td>\n<td style=\"height: 45px;\"><a href=\"https:\/\/itunes.apple.com\/cv\/album\/piano-vol-1-ep\/id1076420170\">Piano Vol. I<\/a> (with \u00c1lvaro S\u00e1nchez)<\/td>\n<td style=\"height: 45px;\">Contrapedal<\/td>\n<td style=\"height: 45px;\">Uruguay<\/td>\n<\/tr>\n<tr style=\"height: 69px;\">\n<td style=\"height: 69px;\">2013<\/td>\n<td style=\"height: 69px;\"><a href=\"https:\/\/itunes.apple.com\/cv\/album\/hijo-%C3%BAnico\/id1127337935\">Hijo \u00fanico<\/a>\u00a0(with Sof\u00eda Oportot and Ignacio Redard)<\/td>\n<td style=\"height: 69px;\"><\/td>\n<td style=\"height: 69px;\">Chile<\/td>\n<\/tr>\n<tr style=\"height: 45px;\">\n<td style=\"height: 45px;\">2011<\/td>\n<td style=\"height: 45px;\"><a href=\"https:\/\/itunes.apple.com\/cv\/album\/mormazo\/id477668070\">Mormazo<\/a><\/td>\n<td style=\"height: 45px;\">Contrapedal<br \/>\nEMI Music \/ Crack<\/td>\n<td style=\"height: 45px;\">Uruguay<br \/>\nArgentina<\/td>\n<\/tr>\n<tr style=\"height: 45px;\">\n<td style=\"height: 45px;\">2009<\/td>\n<td style=\"height: 45px;\"><a href=\"https:\/\/daniumpi.bandcamp.com\/album\/dram-tica\">Dram\u00e1tica<\/a> (with Adri\u00e1n Soiza)<\/td>\n<td style=\"height: 45px;\">Contrapedal<br \/>\nLos A\u00f1os Luz<\/td>\n<td style=\"height: 45px;\">Uruguay<br \/>\nArgentina<\/td>\n<\/tr>\n<tr style=\"height: 45px;\">\n<td style=\"height: 45px;\">2005<\/td>\n<td style=\"height: 45px;\"><a href=\"https:\/\/itunes.apple.com\/cv\/album\/perfecto\/id381313276\">Perfecto<\/a><\/td>\n<td style=\"height: 45px;\">Contrapedal<br \/>\nEMI &#8211; Labels<\/td>\n<td style=\"height: 45px;\">Uruguay<br \/>\nM\u00e9xico<\/td>\n<\/tr>\n<tr style=\"height: 60px;\">\n<td style=\"height: 60px;\"><\/td>\n<td style=\"height: 60px;\">\n<h5><span style=\"color: #408edd;\">VIDEOS<\/span><\/h5>\n<\/td>\n<td style=\"height: 60px;\"><\/td>\n<td style=\"height: 60px;\"><\/td>\n<\/tr>\n<tr style=\"height: 45px;\">\n<td style=\"height: 45px;\">2016<\/td>\n<td style=\"height: 45px;\"><a href=\"https:\/\/www.youtube.com\/watch?v=ng3fThp_Awk\">La Yuta<\/a><\/td>\n<td style=\"height: 45px;\">Lechiguana<\/td>\n<td style=\"height: 45px;\">por Emilio Bianchic<\/td>\n<\/tr>\n<tr style=\"height: 45px;\">\n<td style=\"height: 45px;\">2013<\/td>\n<td style=\"height: 45px;\"><a href=\"https:\/\/www.youtube.com\/watch?v=RmSPBNJqasQ\">Sambay\u00f3n<\/a><\/td>\n<td style=\"height: 45px;\">Mormazo<\/td>\n<td style=\"height: 45px;\">por Fredo Landaveri<\/td>\n<\/tr>\n<tr style=\"height: 21px;\">\n<td style=\"height: 21px;\">2013<\/td>\n<td style=\"height: 21px;\"><a href=\"https:\/\/www.youtube.com\/watch?v=vWxRK6RvJYc\">Mi charles Manson<\/a><\/td>\n<td style=\"height: 21px;\">Mormazo<\/td>\n<td style=\"height: 21px;\">por Tin Tan<\/td>\n<\/tr>\n<tr style=\"height: 45px;\">\n<td style=\"height: 45px;\">2012<\/td>\n<td style=\"height: 45px;\"><a href=\"https:\/\/www.youtube.com\/watch?v=5kX1EmmaeV4\">Tan Divertida\u00a0<\/a>(w\/Dios del Pop)<\/td>\n<td style=\"height: 45px;\"><\/td>\n<td style=\"height: 45px;\">por Dita Deren<\/td>\n<\/tr>\n<tr style=\"height: 69px;\">\n<td style=\"height: 69px;\">2012<\/td>\n<td style=\"height: 69px;\"><a href=\"https:\/\/www.youtube.com\/watch?v=XivyKWUYqXQ\">Johnny Depp\/Deep<\/a>\u00a0(w\/Portadores de Hip Hop)<\/td>\n<td style=\"height: 69px;\">Pol\u00e9mico<\/td>\n<td style=\"height: 69px;\">por Superio<\/td>\n<\/tr>\n<tr style=\"height: 45px;\">\n<td style=\"height: 45px;\">2011<\/td>\n<td style=\"height: 45px;\"><a href=\"https:\/\/www.youtube.com\/watch?v=2Nkfy1Z0rpo\">Tres Pasos<\/a>\u00a0feat. Marabish<\/td>\n<td style=\"height: 45px;\">Mormazo<\/td>\n<td style=\"height: 45px;\">por Luciano Demarco<\/td>\n<\/tr>\n<tr style=\"height: 69px;\">\n<td style=\"height: 69px;\">2011<\/td>\n<td style=\"height: 69px;\"><a href=\"https:\/\/www.youtube.com\/watch?v=Ms-qAXy81Ls\">\u00bfQu\u00e9 dir\u00eda tu madre?<\/a> (w\/Denise Murz)<\/td>\n<td style=\"height: 69px;\">Gran conquista<\/td>\n<td style=\"height: 69px;\">por B\u00e1rbara Vespa &amp; Agustin Ratti<\/td>\n<\/tr>\n<tr style=\"height: 69px;\">\n<td style=\"height: 69px;\">2009<\/td>\n<td style=\"height: 69px;\"><a href=\"https:\/\/www.youtube.com\/watch?v=iLWPWASrDz0\">Killer<\/a><\/td>\n<td style=\"height: 69px;\">Dram\u00e1tica<\/td>\n<td style=\"height: 69px;\">por Mart\u00edn Rivero\u00a0&amp; Mat\u00edas Paparamborda<\/td>\n<\/tr>\n<tr style=\"height: 45px;\">\n<td style=\"height: 45px;\">2009<\/td>\n<td style=\"height: 45px;\"><a href=\"https:\/\/www.youtube.com\/watch?v=-ut3OFmLLCQ\">California (el cielo existe)<\/a><\/td>\n<td style=\"height: 45px;\">Perfecto<\/td>\n<td style=\"height: 45px;\">por Gustavo Marras<\/td>\n<\/tr>\n<tr style=\"height: 69px;\">\n<td style=\"height: 69px;\">2008<\/td>\n<td style=\"height: 69px;\"><a href=\"https:\/\/www.youtube.com\/watch?v=T3EeRYY6nek\">Dark room<\/a><\/td>\n<td style=\"height: 69px;\">Perfecto<\/td>\n<td style=\"height: 69px;\">por Mat\u00edas y Agust\u00edn Ferrando<\/td>\n<\/tr>\n<tr style=\"height: 45px;\">\n<td style=\"height: 45px;\">2007<\/td>\n<td style=\"height: 45px;\"><a href=\"https:\/\/www.youtube.com\/watch?v=tTEWqmj6aAw\">Atracci\u00f3n<\/a><\/td>\n<td style=\"height: 45px;\">Perfecto<\/td>\n<td style=\"height: 45px;\">por Oliver Garland<\/td>\n<\/tr>\n<tr style=\"height: 69px;\">\n<td style=\"height: 69px;\">2006<\/td>\n<td style=\"height: 69px;\"><a href=\"https:\/\/www.youtube.com\/watch?v=2PG40qgz3Hk\">Nueva Generaci\u00f3n<\/a><\/td>\n<td style=\"height: 69px;\">Perfecto<\/td>\n<td style=\"height: 69px;\">por Mat\u00edas y Agust\u00edn Ferrando<\/td>\n<\/tr>\n<tr style=\"height: 45px;\">\n<td style=\"height: 45px;\">2006<\/td>\n<td style=\"height: 45px;\">Atracci\u00f3n<\/td>\n<td style=\"height: 45px;\">Perfecto<\/td>\n<td style=\"height: 45px;\">por Juan Iervolino &amp; Mart\u00edn Irrutia<\/td>\n<\/tr>\n<tr style=\"height: 21px;\">\n<td style=\"height: 21px;\">2006<\/td>\n<td style=\"height: 21px;\"><a href=\"https:\/\/www.youtube.com\/watch?v=9LeYQf7E9us\">No hay c\u00f3mplices<\/a><\/td>\n<td style=\"height: 21px;\">Perfecto<\/td>\n<td style=\"height: 21px;\">por Silvia Giusto<\/td>\n<\/tr>\n<tr style=\"height: 60px;\">\n<td style=\"height: 60px;\"><\/td>\n<td style=\"height: 60px;\">\n<h5><span style=\"color: #408edd;\">M\u00c1S VIDEOS<span style=\"color: #000000;\">\u00a0<\/span><\/span><\/h5>\n<\/td>\n<td style=\"height: 60px;\"><\/td>\n<td style=\"height: 60px;\">\n<h5><span style=\"color: #408edd;\"><span style=\"color: #000000;\">(por nosotres)<\/span><\/span><\/h5>\n<\/td>\n<\/tr>\n<tr style=\"height: 116px;\">\n<td style=\"height: 116px;\">2016<\/td>\n<td style=\"height: 116px;\"><a href=\"https:\/\/www.youtube.com\/watch?v=2ruJq8IvgEI\">Tres Pasos<\/a> (Sexydance remix)<\/td>\n<td style=\"height: 116px;\">Concert for machines #2: Dani Umpi, antipodes caf\u00e9 DEG15, Oslo, Norway.<\/td>\n<td style=\"height: 116px;\">antipodes caf\u00e9 + Borowiak Photography<\/td>\n<\/tr>\n<tr style=\"height: 93px;\">\n<td style=\"height: 93px;\">2010<\/td>\n<td style=\"height: 93px;\">Como eu quero<\/td>\n<td style=\"height: 93px;\">H\u00e1galo Usted Mismo, Itinerant BBQ, Montevideo, Uruguay (1 shot)<\/td>\n<td style=\"height: 93px;\">por Felipe Ridao for sonidoambiente TV, Argentina.<\/td>\n<\/tr>\n<tr style=\"height: 116px;\">\n<td style=\"height: 116px;\">2011<\/td>\n<td style=\"height: 116px;\"><a href=\"https:\/\/www.youtube.com\/watch?v=aA8EyOUBQ94\">California<\/a> (poem by Esteban Garc\u00eda)<\/td>\n<td style=\"height: 116px;\">Album: Perfecto.\u00a0Recorded in Helsinki and named \u00abdesires\u00bb (1 shot)<\/td>\n<td style=\"height: 116px;\">por Felipe Ridao<\/td>\n<\/tr>\n<\/tbody>\n<\/table>\n<hr \/>\n<h5><span style=\"color: #408edd;\">GRACIAS<\/span><\/h5>\n<p>Thon Hotels<br \/>\n<span class=\"text_exposed_show\">Oslo Pride<br \/>\nSyd Krochmalny<br \/>\nAlvaro Miranda<br \/>\n<\/span><\/p>\n","protected":false},"author":11,"featured_media":18816,"comment_status":"closed","ping_status":"closed","template":"","meta":{"ngg_post_thumbnail":0},"locations":[507,505],"listing_categories":[463],"class_list":["post-22028","aedeg15","type-aedeg15","status-publish","has-post-thumbnail","hentry","locations-norway-es","locations-oslo-es-2","listing_categories-aedeg15-es"],"cmb2":{"listing_aedeg15_general":{"listing_title":"Exposici\u00f3n: &#8220;3&#8221; por Dani Umpi","listing_description":"<p class=\"p2\">Invitar a una personalidad art\u00edstica prominente del tan poco conocido cono sur americano, a una singular intervenci\u00f3n urbana como lo fue ant\u00edpodes caf\u00e9 DEG15 y, sobretodo a un timorato contexto con una escena de arte contempor\u00e1neo extremadamente endog\u00e1mica, fue sin dudas todo un reto. Pero un desaf\u00edo lindo a fin de cuentas,\u00a0para seguir explorando los l\u00edmites del hacer en tierras de Jante.<\/p>\r\n<p class=\"p2\">Precisamente, si un Uruguayo, \u2013nacido en Tacuaremb\u00f3 durante los a\u00f1os de la Operaci\u00f3n Condor<em>; criado por una familia cat\u00f3lica dedicada a actividades ecum\u00e9nicas; que fuera a escuela Jesuita y arribara a la \"gran ciudad\" de Montevideo para estudiar arte en medio de los 90's\u00a0 sin apoyo econ\u00f3mico, sino todo lo contrario \u2013 <\/em>pudo\u00a0lograr todo lo que hasta ahora Daniel Umpierrez ha hecho desde tiempos inmemoriales en el pionero <em>\"movimiento sexi\"<\/em> (grupo art\u00edstico que form\u00f3 con el megal\u00f3mano Martin Sastre), a su prol\u00edfica y multifac\u00e9tica trayectoria de su alter ego \"Dani Umpi\", que es un escritor, cantante\/performer y artista visual, todav\u00eda hay esperanza para cada ni\u00f1o que crece entre c\u00f3digos de barras.<\/p>\r\nLa primera muestra de Dani Umpi en Noruega, intenta introducir el colorido mundo del artista con una intensidad acotada, presentando trabajos variopintos relacionados a esas tres \u00e1reas fundamentales de su carrera bajo una narrativa espec\u00edfica.\r\n\r\nDesde la ciudad al marco, y de \u00e9ste a la pared y as\u00ed al espacio.\r\n\r\nDesde luces est\u00e1ticas, rinc\u00f3n de lectura y televisi\u00f3n en l\u00ednea a un elevador como un ef\u00edmero escenario m\u00f3vil en la ciudad en construcci\u00f3n.\r\n\r\nLa muestra fue montada a <a href=\"https:\/\/www.facebook.com\/events\/1559005117732174\/\">puertas abiertas<\/a> durante varios d\u00edas con presencia del artista quien tambi\u00e9n particip\u00f3 del encuentro \"<a href=\"https:\/\/www.facebook.com\/events\/525328704305643\/\">Kaffe med\u2026Dani<\/a>\", y cont\u00f3 con un cat\u00e1logo hecho a mano, de edici\u00f3n a demanda y distribuci\u00f3n gratuita, el cual inclu\u00eda restos de collages en su tapa (+ de 300 copias )\r\n\r\n<a href=\"https:\/\/www.antipodes.cafe\/aedeg15\/first-floor\/\">Ver muestra en 3D (tour virtual)<\/a>\r\n\r\n<hr \/>\r\n\r\n<h5><span style=\"color: #408edd;\">LECHEGUANA<\/span><\/h5>\r\n<span style=\"color: #808080;\"><em>\"<\/em><em><span class=\"s1\">En el principio fue la performance y luego las cosas. Esta f\u00f3rmula se aplica tanto a las vanguardias del siglo XX como a <b>Dani Umpi<\/b>, performer promiscuo de s\u00edmbolos paganos.<span class=\"Apple-converted-space\">\u00a0 <\/span>En una combinaci\u00f3n sui generis <b>Umpi<\/b> crea personajes a la manera de Cindy Sherman,<b> <\/b>explora conceptual y sensorialmente la participaci\u00f3n del p\u00fablico de forma similar a Lygia Clark y articula la vanguardia, el folk y la cultura de masas del mismo modo que H\u00e9lio Oiticica. El mundo <b>Umpi<\/b> es un ensamble neoconcreto y<span class=\"Apple-converted-space\">\u00a0 <\/span>tropical, una creaci\u00f3n propia de un<span class=\"Apple-converted-space\">\u00a0 <\/span>conceptualista de purpurina. <b>Umpi<\/b> no solo usa la iconograf\u00eda popular sino aspira al ox\u00edmoron de ser un vanguardista de masas, una cruza g\u00e9netica entre Yoko Ono y Cris Morena.<\/span><\/em><\/span>\r\n<p class=\"p1\"><span style=\"color: #808080;\"><em><span class=\"s1\">Desde el cabaret hasta el collage su obra modula la industria cultural y la cultura popular con la\u00a0m\u00fasica, la literatura y las artes visuales. A trav\u00e9s de la construcci\u00f3n de s\u00ed como Pop Star compone canciones, con los procedimientos del melodrama escribe novelas -en una tradici\u00f3n que se puede trazar desde Manuel Puig hasta Hebe Uhart-, y con tijera y papel dise\u00f1a sus cuadros e instalaciones. Pero estas artes no van por separado, no s\u00f3lo hay una po\u00e9tica que las entreteje sino tambi\u00e9n una instalaci\u00f3n de parangol\u00e9s r\u00edgidos\u00a0se convierte en el vestuario de un recital. Los conos de sus cuadros son parte de la escenograf\u00eda de sus videoclips. Sus libros tratan del amor, la amistad y la ridiculez pero, al mismo tiempo, son los argumentos de las letras de sus canciones. <\/span><\/em><\/span><\/p>\r\n<p class=\"p1\"><span style=\"color: #808080;\"><em><span class=\"s1\">El imaginario <b>Umpi<\/b> rebosa simbolog\u00eda esot\u00e9rica, referentes de la cultura de masas, arquetipos y formas geom\u00e9tricas. El procedimiento <b>Umpi<\/b> desarma el discurso ideol\u00f3gico y lo reemplaza por escalas crom\u00e1ticas y lenguajes aleatorios. El corte y confecci\u00f3n de la materia y el contenido de las revistas glossy transmutan en colores las im\u00e1genes y los discursos vaciados de figuraci\u00f3n y sentido.<span class=\"Apple-converted-space\">\u00a0 <\/span>La opci\u00f3n f\u00e1cil es clasificar a este universo como pop, pero <b>Umpi<\/b> es sin duda un renacentista del pastiche glam-trash, rom\u00e1ntico y carioca, un Duchamp de la autoayuda art\u00edstica.\"<\/span><\/em><\/span><\/p>\r\n<strong>Syd Krochmalny<\/strong>, Buenos Aires, Argentina, 2016\r\n<small>[Artista y escritor. (<a href=\"https:\/\/www.guggenheim.org\/blogs\/author\/sydkrochmalny\">m\u00e1s<\/a>)]<\/small>\r\n\r\n<hr \/>\r\n\r\n<h5><span style=\"color: #408edd;\">Muestra \"3\"\u00a0<\/span><\/h5>\r\n<img src=\"https:\/\/www.antipodes.cafe\/wp-content\/uploads\/2016\/06\/ae16_aedeg15-exhibitions-daniumpi-plan.jpg\" width=\"100%\" \/>\r\n\r\n&nbsp;\r\n<table>\r\n<tbody>\r\n<tr>\r\n<td style=\"width: 19px;\">\r\n<h3><span style=\"color: #408edd;\">\u278a<\/span><\/h3>\r\n<\/td>\r\n<td style=\"width: 159px;\"><strong>Presentaci\u00f3n<\/strong><\/td>\r\n<td style=\"width: 49px;\">2016<\/td>\r\n<td style=\"width: 146px;\">Collage<\/td>\r\n<td style=\"width: 260px;\"><i>69 x 49\u00a0cm, marco blanco curvo y acr\u00edlico transparente (collage realizado en antipodes caf\u00e9 DEG 15)<\/i><\/td>\r\n<\/tr>\r\n<tr>\r\n<td style=\"width: 19px;\">\r\n<h3><span style=\"color: #408edd;\">\u278b<\/span><\/h3>\r\n<\/td>\r\n<td style=\"width: 159px;\"><strong>Shiny dead<\/strong><\/td>\r\n<td style=\"width: 49px;\">2016<\/td>\r\n<td style=\"width: 146px;\">Collage<\/td>\r\n<td style=\"width: 260px;\"><i><i>D\u00edptico 70 x 38 cm, dos marcos blancos de caras planas con vidrio <\/i><\/i><i>(collage realizado\u00a0en antipodes caf\u00e9 DEG 15)<\/i><\/td>\r\n<\/tr>\r\n<tr>\r\n<td style=\"width: 19px;\">\r\n<h3><span style=\"color: #408edd;\">\u278c<\/span><\/h3>\r\n<\/td>\r\n<td style=\"width: 159px;\"><b>Conos<\/b><\/td>\r\n<td style=\"width: 49px;\">2016<\/td>\r\n<td style=\"width: 146px;\">Collage\/Instalaci\u00f3n<\/td>\r\n<td style=\"width: 260px;\"><i><i><i>D\u00edptico 65 x 65 cm, marcos blancos de lados rectos con vidrio\u00a0<\/i><\/i><\/i><i><i>(collage realizado\u00a0en antipodes caf\u00e9 DEG 15)<\/i><\/i><i>\r\nEstante de madera (150 x 15 cm) con cientos de conos organizados por color.<\/i><\/td>\r\n<\/tr>\r\n<tr>\r\n<td style=\"width: 19px;\">\r\n<h3><span style=\"color: #408edd;\">\u278d<\/span><\/h3>\r\n<\/td>\r\n<td style=\"width: 159px;\"><strong>Sin t\u00edtulo<\/strong><\/td>\r\n<td style=\"width: 49px;\">2o16<\/td>\r\n<td style=\"width: 146px;\">Instalaci\u00f3n<\/td>\r\n<td style=\"width: 260px;\"><i>240 x 445 cm. (collage realizado directamente en la pared de antipodes caf\u00e9 DEG15)<\/i><\/td>\r\n<\/tr>\r\n<tr>\r\n<td style=\"width: 19px;\">\r\n<h3><span style=\"color: #408edd;\">\u278e<\/span><\/h3>\r\n<\/td>\r\n<td style=\"width: 159px;\"><strong>Videos<\/strong><\/td>\r\n<td style=\"width: 49px;\">2008-2016<\/td>\r\n<td style=\"width: 146px;\">Instalaci\u00f3n<\/td>\r\n<td style=\"width: 260px;\"><i>Videos de Dani Umpi actualmente en Youtube -selecci\u00f3n y orden a cargo del artista-<\/i><\/td>\r\n<\/tr>\r\n<tr>\r\n<td style=\"width: 19px;\">\r\n<h3><span style=\"color: #408edd;\">\u278f<\/span><\/h3>\r\n<\/td>\r\n<td style=\"width: 159px;\"><b><strong>Parangol\u00e9s<\/strong> r\u00edgidos<\/b><\/td>\r\n<td style=\"width: 49px;\">2008<\/td>\r\n<td style=\"width: 146px;\">Collage<\/td>\r\n<td style=\"width: 260px;\"><i>Instalaci\u00f3n<\/i><\/td>\r\n<\/tr>\r\n<tr>\r\n<td style=\"width: 19px;\">\r\n<h3><span style=\"color: #808080;\">\u2790<\/span><\/h3>\r\n<\/td>\r\n<td style=\"width: 159px;\"><strong><strong>Parangol\u00e9s\u00a0<\/strong><\/strong><strong>r\u00edgidos<\/strong><\/td>\r\n<td style=\"width: 49px;\">2016<\/td>\r\n<td style=\"width: 146px;\">Collage<\/td>\r\n<td style=\"width: 260px;\"><i>Instalaci\u00f3n en la ventana exterior de antipodes caf\u00e9 DEG15 llamada \"Utstillingsvindu\". Parangoles utilizados como vestuario durante la performance de Dani Umpi el d\u00eda previo a la apertura de la muestra, en el segundo de los Conciertos para m\u00e1quinas organizados por\u00a0<\/i><em>antipodes caf\u00e9 durante 2016<\/em><\/td>\r\n<\/tr>\r\n<tr>\r\n<td style=\"width: 19px;\">\r\n<h3><span style=\"color: #808080;\">\u2791<\/span><\/h3>\r\n<\/td>\r\n<td style=\"width: 159px;\"><strong>Biblioteca<\/strong><\/td>\r\n<td style=\"width: 49px;\">2008-2016<\/td>\r\n<td style=\"width: 146px;\">Publicaciones y \u00e1lbumes.<\/td>\r\n<td style=\"width: 260px;\"><i>Selecci\u00f3n de textos de Dani Umpi pertenecientes a la biblioteca de antipodes caf\u00e9.<\/i><\/td>\r\n<\/tr>\r\n<\/tbody>\r\n<\/table>\r\n\r\n<hr \/>\r\n\r\n<h3><span style=\"color: #408edd;\">DANI UMPI<\/span><\/h3>\r\nTacuaremb\u00f3, Uruguay, 1974.\r\nVive y trabaja en Buenos Aires, Argentina.\r\n\r\n<a href=\"http:\/\/fernandolagreca.bandcamp.com\">daniumpi.bandcamp.com<\/a>\r\n<table style=\"height: 3401px;\">\r\n<tbody>\r\n<tr style=\"height: 98px;\">\r\n<td style=\"height: 98px;\"><\/td>\r\n<td style=\"height: 98px;\">\r\n<h5><span style=\"color: #408edd;\">MUESTRAS INDIVIDUALES\u00a0<\/span>(Selecci\u00f3n 2016)<\/h5>\r\n<\/td>\r\n<td style=\"height: 98px;\"><\/td>\r\n<td style=\"height: 98px;\"><\/td>\r\n<\/tr>\r\n<tr style=\"height: 21px;\">\r\n<td style=\"height: 21px;\">2014<\/td>\r\n<td style=\"height: 21px;\">Dani Umpi<\/td>\r\n<td style=\"height: 21px;\">Galerie Xippas<\/td>\r\n<td style=\"height: 21px;\">Paris, Francia<\/td>\r\n<\/tr>\r\n<tr style=\"height: 45px;\">\r\n<td style=\"height: 45px;\">2014<\/td>\r\n<td style=\"height: 45px;\">Dani Umpi<\/td>\r\n<td style=\"height: 45px;\">Xippas Arte Contempor\u00e1neo<\/td>\r\n<td style=\"height: 45px;\">Punta del Este, Uruguay<\/td>\r\n<\/tr>\r\n<tr style=\"height: 45px;\">\r\n<td style=\"height: 45px;\">2013<\/td>\r\n<td style=\"height: 45px;\">Inform\u00e1tica<\/td>\r\n<td style=\"height: 45px;\">Xippas Arte Contempor\u00e1neo<\/td>\r\n<td style=\"height: 45px;\">Montevideo, Uruguay<\/td>\r\n<\/tr>\r\n<tr style=\"height: 45px;\">\r\n<td style=\"height: 45px;\">2011<\/td>\r\n<td style=\"height: 45px;\">La evoluci\u00f3n del ser<\/td>\r\n<td style=\"height: 45px;\">Galer\u00eda Soa<\/td>\r\n<td style=\"height: 45px;\">Montevideo, Uruguay<\/td>\r\n<\/tr>\r\n<tr style=\"height: 45px;\">\r\n<td style=\"height: 45px;\">2011<\/td>\r\n<td style=\"height: 45px;\">Eterna<\/td>\r\n<td style=\"height: 45px;\">Galer\u00eda Daniel Abate<\/td>\r\n<td style=\"height: 45px;\">Bs. As., Argentina<\/td>\r\n<\/tr>\r\n<tr style=\"height: 45px;\">\r\n<td style=\"height: 45px;\">2010<\/td>\r\n<td style=\"height: 45px;\">Todo Incluido<\/td>\r\n<td style=\"height: 45px;\">Galer\u00eda Jacob Karpio<\/td>\r\n<td style=\"height: 45px;\">San Jos\u00e9, Costa Rica<\/td>\r\n<\/tr>\r\n<tr style=\"height: 45px;\">\r\n<td style=\"height: 45px;\">2010<\/td>\r\n<td style=\"height: 45px;\">Nem Luxo, Nem Lixo<\/td>\r\n<td style=\"height: 45px;\">Galer\u00eda OZ<\/td>\r\n<td style=\"height: 45px;\">Bs. As., Argentina<\/td>\r\n<\/tr>\r\n<tr style=\"height: 45px;\">\r\n<td style=\"height: 45px;\">2009<\/td>\r\n<td style=\"height: 45px;\">Superbacana<\/td>\r\n<td style=\"height: 45px;\">MEC - Plataforma<\/td>\r\n<td style=\"height: 45px;\">Montevideo, Uruguay<\/td>\r\n<\/tr>\r\n<tr style=\"height: 98px;\">\r\n<td style=\"height: 98px;\"><\/td>\r\n<td style=\"height: 98px;\">\r\n<h5><span style=\"color: #408edd;\">MUESTRAS COLECTIVAS\u00a0<\/span>(Selecci\u00f3n 2016)<\/h5>\r\n<\/td>\r\n<td style=\"height: 98px;\"><\/td>\r\n<td style=\"height: 98px;\"><\/td>\r\n<\/tr>\r\n<tr style=\"height: 45px;\">\r\n<td style=\"height: 45px;\">2012<\/td>\r\n<td style=\"height: 45px;\">El Gran Sur<\/td>\r\n<td style=\"height: 45px;\">Primera Bienal de Montevideo<\/td>\r\n<td style=\"height: 45px;\">Montevideo, Uruguay<\/td>\r\n<\/tr>\r\n<tr style=\"height: 21px;\">\r\n<td style=\"height: 21px;\">2010<\/td>\r\n<td style=\"height: 21px;\"><\/td>\r\n<td style=\"height: 21px;\">Bienal de Sao Paulo<\/td>\r\n<td style=\"height: 21px;\">SP, Brasil<\/td>\r\n<\/tr>\r\n<tr style=\"height: 60px;\">\r\n<td style=\"height: 60px;\"><\/td>\r\n<td style=\"height: 60px;\">\r\n<h5><span style=\"color: #408edd;\">PUBLICACIONES<\/span><\/h5>\r\n<\/td>\r\n<td style=\"height: 60px;\"><\/td>\r\n<td style=\"height: 60px;\"><\/td>\r\n<\/tr>\r\n<tr style=\"height: 69px;\">\r\n<td style=\"height: 69px;\">2013<\/td>\r\n<td style=\"height: 69px;\">Un poquito tarada<\/td>\r\n<td style=\"height: 69px;\">Novela<\/td>\r\n<td style=\"height: 69px;\">Ediciones Planeta, Argentina<\/td>\r\n<\/tr>\r\n<tr style=\"height: 69px;\">\r\n<td style=\"height: 69px;\">2011<\/td>\r\n<td style=\"height: 69px;\">El vestido de mam\u00e1<\/td>\r\n<td style=\"height: 69px;\">Libro infantil (ilustraciones: Rodrigo Moraes)<\/td>\r\n<td style=\"height: 69px;\">Ediciones Criatura, Argentina<\/td>\r\n<\/tr>\r\n<tr style=\"height: 69px;\">\r\n<td style=\"height: 69px;\">2010<\/td>\r\n<td style=\"height: 69px;\">La vueltita rid\u00edcula<\/td>\r\n<td style=\"height: 69px;\">Poemas (selecci\u00f3n)<\/td>\r\n<td style=\"height: 69px;\">Ediciones Vestales, Argentina<\/td>\r\n<\/tr>\r\n<tr style=\"height: 93px;\">\r\n<td style=\"height: 93px;\">2010<\/td>\r\n<td style=\"height: 93px;\">Ni\u00f1o rico con problemas<\/td>\r\n<td style=\"height: 93px;\">Cuentos<\/td>\r\n<td style=\"height: 93px;\">Ediciones La Propia Cartonera, Argentina<\/td>\r\n<\/tr>\r\n<tr style=\"height: 140px;\">\r\n<td style=\"height: 140px;\">2006<\/td>\r\n<td style=\"height: 140px;\">S\u00f3lo te quiero como amigo<\/td>\r\n<td style=\"height: 140px;\">Novela<\/td>\r\n<td style=\"height: 140px;\">Ediciones Interzona, Argentina y\r\nEdiciones Estruendomudo, Per\u00fa<\/td>\r\n<\/tr>\r\n<tr style=\"height: 69px;\">\r\n<td style=\"height: 69px;\">2004<\/td>\r\n<td style=\"height: 69px;\">Miss Tacuaremb\u00f3<\/td>\r\n<td style=\"height: 69px;\">Novela<\/td>\r\n<td style=\"height: 69px;\">Ediciones Interzona, Argentina<\/td>\r\n<\/tr>\r\n<tr style=\"height: 140px;\">\r\n<td style=\"height: 140px;\">2003<\/td>\r\n<td style=\"height: 140px;\">A\u00fan soltera<\/td>\r\n<td style=\"height: 140px;\">Novela<\/td>\r\n<td style=\"height: 140px;\">Ediciones Eloisa Cartonera, Argentina y\r\nEdiciones Mansalva, M\u00e9xico<\/td>\r\n<\/tr>\r\n<tr style=\"height: 98px;\">\r\n<td style=\"height: 98px;\"><\/td>\r\n<td style=\"height: 98px;\">\r\n<h5><span style=\"color: #408edd;\">INSTALACIONES, ACCIONES, M\u00daSICA Y PERFORMANCES<\/span><\/h5>\r\n<\/td>\r\n<td style=\"height: 98px;\"><\/td>\r\n<td style=\"height: 98px;\"><\/td>\r\n<\/tr>\r\n<tr style=\"height: 45px;\">\r\n<td style=\"height: 45px;\">2014<\/td>\r\n<td style=\"height: 45px;\">A Rainha da Beleza\u00a0(with Gustavo Bitencourt)<\/td>\r\n<td style=\"height: 45px;\">Ita\u00fa Cultural<\/td>\r\n<td style=\"height: 45px;\">Sao Paulo, Brasil<\/td>\r\n<\/tr>\r\n<tr style=\"height: 45px;\">\r\n<td style=\"height: 45px;\">2014<\/td>\r\n<td style=\"height: 45px;\">Parangol\u00e9s r\u00edgidos<\/td>\r\n<td style=\"height: 45px;\">MALBA<\/td>\r\n<td style=\"height: 45px;\">Bs. As., Argentina<\/td>\r\n<\/tr>\r\n<tr style=\"height: 45px;\">\r\n<td style=\"height: 45px;\">2014<\/td>\r\n<td style=\"height: 45px;\">Parangol\u00e9s r\u00edgidos<\/td>\r\n<td style=\"height: 45px;\">Casa de la Cultura Mario Quintana<\/td>\r\n<td style=\"height: 45px;\">Porto Alegre, Brazil<\/td>\r\n<\/tr>\r\n<tr style=\"height: 45px;\">\r\n<td style=\"height: 45px;\">2014<\/td>\r\n<td style=\"height: 45px;\">Piano<\/td>\r\n<td style=\"height: 45px;\">Yoo<\/td>\r\n<td style=\"height: 45px;\">Punta del Este, Uruguay<\/td>\r\n<\/tr>\r\n<tr style=\"height: 45px;\">\r\n<td style=\"height: 45px;\">2012<\/td>\r\n<td style=\"height: 45px;\">Marta, la musical (author and director)<\/td>\r\n<td style=\"height: 45px;\">Teatro Argentino de\u00a0La Plata<\/td>\r\n<td style=\"height: 45px;\">La Plata, Argentina<\/td>\r\n<\/tr>\r\n<tr style=\"height: 45px;\">\r\n<td style=\"height: 45px;\">2012<\/td>\r\n<td style=\"height: 45px;\">Dani Umpi Piano<\/td>\r\n<td style=\"height: 45px;\">Primera Bienal de Montevideo<\/td>\r\n<td style=\"height: 45px;\">Montevideo, Uruguay<\/td>\r\n<\/tr>\r\n<tr style=\"height: 45px;\">\r\n<td style=\"height: 45px;\">2010<\/td>\r\n<td style=\"height: 45px;\">FODA<\/td>\r\n<td style=\"height: 45px;\">Bienal de Sao Paulo<\/td>\r\n<td style=\"height: 45px;\">SP,\u00a0Brasil<\/td>\r\n<\/tr>\r\n<tr style=\"height: 69px;\">\r\n<td style=\"height: 69px;\">2009<\/td>\r\n<td style=\"height: 69px;\">Nena, no robar\u00e1s, (author and composer \u2013with Javier Vaz Martins\u2013)<\/td>\r\n<td style=\"height: 69px;\">Centro Cultural Rojas<\/td>\r\n<td style=\"height: 69px;\">Bs. As., Argentina<\/td>\r\n<\/tr>\r\n<tr style=\"height: 60px;\">\r\n<td style=\"height: 60px;\"><\/td>\r\n<td style=\"height: 60px;\">\r\n<h5><span style=\"color: #408edd;\">DISCOGRAF\u00cdA<\/span><\/h5>\r\n<\/td>\r\n<td style=\"height: 60px;\"><\/td>\r\n<td style=\"height: 60px;\"><\/td>\r\n<\/tr>\r\n<tr style=\"height: 45px;\">\r\n<td style=\"height: 45px;\">2017<\/td>\r\n<td style=\"height: 45px;\"><a href=\"https:\/\/itunes.apple.com\/cv\/album\/rosario-bl%C3%A9fari-y-dani-umpi-en-casa-brandon\/id1195631186\">Rosario Bl\u00e9fari y Dani Umpi en Casa Brandon<\/a><\/td>\r\n<td style=\"height: 45px;\">Contrapedal<\/td>\r\n<td style=\"height: 45px;\">Uruguay<\/td>\r\n<\/tr>\r\n<tr style=\"height: 21px;\">\r\n<td style=\"height: 21px;\">2016<\/td>\r\n<td style=\"height: 21px;\">Lechiguana<\/td>\r\n<td style=\"height: 21px;\">Contrapedal<\/td>\r\n<td style=\"height: 21px;\">Uruguay<\/td>\r\n<\/tr>\r\n<tr style=\"height: 45px;\">\r\n<td style=\"height: 45px;\">2016<\/td>\r\n<td style=\"height: 45px;\"><a href=\"https:\/\/itunes.apple.com\/cv\/album\/more-maxo-remixes-mormazo\/id1138711901\">More Maxo -Remixes Mormazo-\u00a0<\/a><\/td>\r\n<td style=\"height: 45px;\">Contrapedal<\/td>\r\n<td style=\"height: 45px;\">Uruguay<\/td>\r\n<\/tr>\r\n<tr style=\"height: 45px;\">\r\n<td style=\"height: 45px;\">2015<\/td>\r\n<td style=\"height: 45px;\"><a href=\"https:\/\/itunes.apple.com\/cv\/album\/piano-vol-2\/id1076421033\">Piano Vol. II<\/a> (with \u00c1lvaro S\u00e1nchez)<\/td>\r\n<td style=\"height: 45px;\">Contrapedal<\/td>\r\n<td style=\"height: 45px;\">Uruguay<\/td>\r\n<\/tr>\r\n<tr style=\"height: 45px;\">\r\n<td style=\"height: 45px;\">2014<\/td>\r\n<td style=\"height: 45px;\"><a href=\"https:\/\/itunes.apple.com\/cv\/album\/piano-vol-1-ep\/id1076420170\">Piano Vol. I<\/a> (with \u00c1lvaro S\u00e1nchez)<\/td>\r\n<td style=\"height: 45px;\">Contrapedal<\/td>\r\n<td style=\"height: 45px;\">Uruguay<\/td>\r\n<\/tr>\r\n<tr style=\"height: 69px;\">\r\n<td style=\"height: 69px;\">2013<\/td>\r\n<td style=\"height: 69px;\"><a href=\"https:\/\/itunes.apple.com\/cv\/album\/hijo-%C3%BAnico\/id1127337935\">Hijo \u00fanico<\/a>\u00a0(with Sof\u00eda Oportot and Ignacio Redard)<\/td>\r\n<td style=\"height: 69px;\"><\/td>\r\n<td style=\"height: 69px;\">Chile<\/td>\r\n<\/tr>\r\n<tr style=\"height: 45px;\">\r\n<td style=\"height: 45px;\">2011<\/td>\r\n<td style=\"height: 45px;\"><a href=\"https:\/\/itunes.apple.com\/cv\/album\/mormazo\/id477668070\">Mormazo<\/a><\/td>\r\n<td style=\"height: 45px;\">Contrapedal\r\nEMI Music \/ Crack<\/td>\r\n<td style=\"height: 45px;\">Uruguay\r\nArgentina<\/td>\r\n<\/tr>\r\n<tr style=\"height: 45px;\">\r\n<td style=\"height: 45px;\">2009<\/td>\r\n<td style=\"height: 45px;\"><a href=\"https:\/\/daniumpi.bandcamp.com\/album\/dram-tica\">Dram\u00e1tica<\/a> (with Adri\u00e1n Soiza)<\/td>\r\n<td style=\"height: 45px;\">Contrapedal\r\nLos A\u00f1os Luz<\/td>\r\n<td style=\"height: 45px;\">Uruguay\r\nArgentina<\/td>\r\n<\/tr>\r\n<tr style=\"height: 45px;\">\r\n<td style=\"height: 45px;\">2005<\/td>\r\n<td style=\"height: 45px;\"><a href=\"https:\/\/itunes.apple.com\/cv\/album\/perfecto\/id381313276\">Perfecto<\/a><\/td>\r\n<td style=\"height: 45px;\">Contrapedal\r\nEMI - Labels<\/td>\r\n<td style=\"height: 45px;\">Uruguay\r\nM\u00e9xico<\/td>\r\n<\/tr>\r\n<tr style=\"height: 60px;\">\r\n<td style=\"height: 60px;\"><\/td>\r\n<td style=\"height: 60px;\">\r\n<h5><span style=\"color: #408edd;\">VIDEOS<\/span><\/h5>\r\n<\/td>\r\n<td style=\"height: 60px;\"><\/td>\r\n<td style=\"height: 60px;\"><\/td>\r\n<\/tr>\r\n<tr style=\"height: 45px;\">\r\n<td style=\"height: 45px;\">2016<\/td>\r\n<td style=\"height: 45px;\"><a href=\"https:\/\/www.youtube.com\/watch?v=ng3fThp_Awk\">La Yuta<\/a><\/td>\r\n<td style=\"height: 45px;\">Lechiguana<\/td>\r\n<td style=\"height: 45px;\">por Emilio Bianchic<\/td>\r\n<\/tr>\r\n<tr style=\"height: 45px;\">\r\n<td style=\"height: 45px;\">2013<\/td>\r\n<td style=\"height: 45px;\"><a href=\"https:\/\/www.youtube.com\/watch?v=RmSPBNJqasQ\">Sambay\u00f3n<\/a><\/td>\r\n<td style=\"height: 45px;\">Mormazo<\/td>\r\n<td style=\"height: 45px;\">por Fredo Landaveri<\/td>\r\n<\/tr>\r\n<tr style=\"height: 21px;\">\r\n<td style=\"height: 21px;\">2013<\/td>\r\n<td style=\"height: 21px;\"><a href=\"https:\/\/www.youtube.com\/watch?v=vWxRK6RvJYc\">Mi charles Manson<\/a><\/td>\r\n<td style=\"height: 21px;\">Mormazo<\/td>\r\n<td style=\"height: 21px;\">por Tin Tan<\/td>\r\n<\/tr>\r\n<tr style=\"height: 45px;\">\r\n<td style=\"height: 45px;\">2012<\/td>\r\n<td style=\"height: 45px;\"><a href=\"https:\/\/www.youtube.com\/watch?v=5kX1EmmaeV4\">Tan Divertida\u00a0<\/a>(w\/Dios del Pop)<\/td>\r\n<td style=\"height: 45px;\"><\/td>\r\n<td style=\"height: 45px;\">por Dita Deren<\/td>\r\n<\/tr>\r\n<tr style=\"height: 69px;\">\r\n<td style=\"height: 69px;\">2012<\/td>\r\n<td style=\"height: 69px;\"><a href=\"https:\/\/www.youtube.com\/watch?v=XivyKWUYqXQ\">Johnny Depp\/Deep<\/a>\u00a0(w\/Portadores de Hip Hop)<\/td>\r\n<td style=\"height: 69px;\">Pol\u00e9mico<\/td>\r\n<td style=\"height: 69px;\">por Superio<\/td>\r\n<\/tr>\r\n<tr style=\"height: 45px;\">\r\n<td style=\"height: 45px;\">2011<\/td>\r\n<td style=\"height: 45px;\"><a href=\"https:\/\/www.youtube.com\/watch?v=2Nkfy1Z0rpo\">Tres Pasos<\/a>\u00a0feat. Marabish<\/td>\r\n<td style=\"height: 45px;\">Mormazo<\/td>\r\n<td style=\"height: 45px;\">por Luciano Demarco<\/td>\r\n<\/tr>\r\n<tr style=\"height: 69px;\">\r\n<td style=\"height: 69px;\">2011<\/td>\r\n<td style=\"height: 69px;\"><a href=\"https:\/\/www.youtube.com\/watch?v=Ms-qAXy81Ls\">\u00bfQu\u00e9 dir\u00eda tu madre?<\/a> (w\/Denise Murz)<\/td>\r\n<td style=\"height: 69px;\">Gran conquista<\/td>\r\n<td style=\"height: 69px;\">por B\u00e1rbara Vespa &amp; Agustin Ratti<\/td>\r\n<\/tr>\r\n<tr style=\"height: 69px;\">\r\n<td style=\"height: 69px;\">2009<\/td>\r\n<td style=\"height: 69px;\"><a href=\"https:\/\/www.youtube.com\/watch?v=iLWPWASrDz0\">Killer<\/a><\/td>\r\n<td style=\"height: 69px;\">Dram\u00e1tica<\/td>\r\n<td style=\"height: 69px;\">por Mart\u00edn Rivero\u00a0&amp; Mat\u00edas Paparamborda<\/td>\r\n<\/tr>\r\n<tr style=\"height: 45px;\">\r\n<td style=\"height: 45px;\">2009<\/td>\r\n<td style=\"height: 45px;\"><a href=\"https:\/\/www.youtube.com\/watch?v=-ut3OFmLLCQ\">California (el cielo existe)<\/a><\/td>\r\n<td style=\"height: 45px;\">Perfecto<\/td>\r\n<td style=\"height: 45px;\">por Gustavo Marras<\/td>\r\n<\/tr>\r\n<tr style=\"height: 69px;\">\r\n<td style=\"height: 69px;\">2008<\/td>\r\n<td style=\"height: 69px;\"><a href=\"https:\/\/www.youtube.com\/watch?v=T3EeRYY6nek\">Dark room<\/a><\/td>\r\n<td style=\"height: 69px;\">Perfecto<\/td>\r\n<td style=\"height: 69px;\">por Mat\u00edas y Agust\u00edn Ferrando<\/td>\r\n<\/tr>\r\n<tr style=\"height: 45px;\">\r\n<td style=\"height: 45px;\">2007<\/td>\r\n<td style=\"height: 45px;\"><a href=\"https:\/\/www.youtube.com\/watch?v=tTEWqmj6aAw\">Atracci\u00f3n<\/a><\/td>\r\n<td style=\"height: 45px;\">Perfecto<\/td>\r\n<td style=\"height: 45px;\">por Oliver Garland<\/td>\r\n<\/tr>\r\n<tr style=\"height: 69px;\">\r\n<td style=\"height: 69px;\">2006<\/td>\r\n<td style=\"height: 69px;\"><a href=\"https:\/\/www.youtube.com\/watch?v=2PG40qgz3Hk\">Nueva Generaci\u00f3n<\/a><\/td>\r\n<td style=\"height: 69px;\">Perfecto<\/td>\r\n<td style=\"height: 69px;\">por Mat\u00edas y Agust\u00edn Ferrando<\/td>\r\n<\/tr>\r\n<tr style=\"height: 45px;\">\r\n<td style=\"height: 45px;\">2006<\/td>\r\n<td style=\"height: 45px;\">Atracci\u00f3n<\/td>\r\n<td style=\"height: 45px;\">Perfecto<\/td>\r\n<td style=\"height: 45px;\">por Juan Iervolino &amp; Mart\u00edn Irrutia<\/td>\r\n<\/tr>\r\n<tr style=\"height: 21px;\">\r\n<td style=\"height: 21px;\">2006<\/td>\r\n<td style=\"height: 21px;\"><a href=\"https:\/\/www.youtube.com\/watch?v=9LeYQf7E9us\">No hay c\u00f3mplices<\/a><\/td>\r\n<td style=\"height: 21px;\">Perfecto<\/td>\r\n<td style=\"height: 21px;\">por Silvia Giusto<\/td>\r\n<\/tr>\r\n<tr style=\"height: 60px;\">\r\n<td style=\"height: 60px;\"><\/td>\r\n<td style=\"height: 60px;\">\r\n<h5><span style=\"color: #408edd;\">M\u00c1S VIDEOS<span style=\"color: #000000;\">\u00a0<\/span><\/span><\/h5>\r\n<\/td>\r\n<td style=\"height: 60px;\"><\/td>\r\n<td style=\"height: 60px;\">\r\n<h5><span style=\"color: #408edd;\"><span style=\"color: #000000;\">(por nosotres)<\/span><\/span><\/h5>\r\n<\/td>\r\n<\/tr>\r\n<tr style=\"height: 116px;\">\r\n<td style=\"height: 116px;\">2016<\/td>\r\n<td style=\"height: 116px;\"><a href=\"https:\/\/www.youtube.com\/watch?v=2ruJq8IvgEI\">Tres Pasos<\/a> (Sexydance remix)<\/td>\r\n<td style=\"height: 116px;\">Concert for machines #2: Dani Umpi, antipodes caf\u00e9 DEG15, Oslo, Norway.<\/td>\r\n<td style=\"height: 116px;\">antipodes caf\u00e9 + Borowiak Photography<\/td>\r\n<\/tr>\r\n<tr style=\"height: 93px;\">\r\n<td style=\"height: 93px;\">2010<\/td>\r\n<td style=\"height: 93px;\">Como eu quero<\/td>\r\n<td style=\"height: 93px;\">H\u00e1galo Usted Mismo, Itinerant BBQ, Montevideo, Uruguay (1 shot)<\/td>\r\n<td style=\"height: 93px;\">por Felipe Ridao for sonidoambiente TV, Argentina.<\/td>\r\n<\/tr>\r\n<tr style=\"height: 116px;\">\r\n<td style=\"height: 116px;\">2011<\/td>\r\n<td style=\"height: 116px;\"><a href=\"https:\/\/www.youtube.com\/watch?v=aA8EyOUBQ94\">California<\/a> (poem by Esteban Garc\u00eda)<\/td>\r\n<td style=\"height: 116px;\">Album: Perfecto.\u00a0Recorded in Helsinki and named \"desires\" (1 shot)<\/td>\r\n<td style=\"height: 116px;\">por Felipe Ridao<\/td>\r\n<\/tr>\r\n<\/tbody>\r\n<\/table>\r\n\r\n<hr \/>\r\n\r\n<h5><span style=\"color: #408edd;\">GRACIAS<\/span><\/h5>\r\nThon Hotels\r\n<span class=\"text_exposed_show\">Oslo Pride\r\nSyd Krochmalny\r\nAlvaro Miranda\r\n<\/span>","listing_featured_image":"https:\/\/www.antipodes.cafe\/wp-content\/uploads\/2016\/06\/ae16_aedeg15-exhibitions-daniumpi-featured-01.jpg","listing_featured_image_id":""},"listing_aedeg15_banner":{"listing_banner":"banner_image","listing_banner_image":"https:\/\/www.antipodes.cafe\/wp-content\/uploads\/2016\/06\/ae16_aedeg15-exhibitions-daniumpi-featured-00.jpg","listing_banner_image_id":"18802","listing_banner_video":"","listing_banner_video_id":"","listing_banner_video_embed":"","listing_banner_map_zoom":"12","listing_banner_map_type":"SATELLITE","listing_banner_map_marker":""},"listing_aedeg15_gallery":{"listing_gallery":{"18817":"https:\/\/www.antipodes.cafe\/wp-content\/uploads\/2016\/06\/ae16_aedeg15-exhibitions-daniumpi-00.jpg","18822":"https:\/\/www.antipodes.cafe\/wp-content\/uploads\/2016\/06\/ae16_aedeg15-exhibitions-daniumpi-01.jpg","18827":"https:\/\/www.antipodes.cafe\/wp-content\/uploads\/2016\/06\/ae16_aedeg15-exhibitions-daniumpi-02.jpg","18832":"https:\/\/www.antipodes.cafe\/wp-content\/uploads\/2016\/06\/ae16_aedeg15-exhibitions-daniumpi-03.jpg","18837":"https:\/\/www.antipodes.cafe\/wp-content\/uploads\/2016\/06\/ae16_aedeg15-exhibitions-daniumpi-04.jpg","18867":"https:\/\/www.antipodes.cafe\/wp-content\/uploads\/2016\/06\/ae16_aedeg15-exhibitions-daniumpi-11.jpg","18872":"https:\/\/www.antipodes.cafe\/wp-content\/uploads\/2016\/06\/ae16_aedeg15-exhibitions-daniumpi-30.jpg","18862":"https:\/\/www.antipodes.cafe\/wp-content\/uploads\/2016\/06\/ae16_aedeg15-exhibitions-daniumpi-10.jpg","18932":"https:\/\/www.antipodes.cafe\/wp-content\/uploads\/2016\/06\/ae16_aedeg15-exhibitions-daniumpi-49.jpg","18982":"https:\/\/www.antipodes.cafe\/wp-content\/uploads\/2016\/06\/ae16_aedeg15-exhibitions-daniumpi-490.jpg","18897":"https:\/\/www.antipodes.cafe\/wp-content\/uploads\/2016\/06\/ae16_aedeg15-exhibitions-daniumpi-42.jpg","18927":"https:\/\/www.antipodes.cafe\/wp-content\/uploads\/2016\/06\/ae16_aedeg15-exhibitions-daniumpi-48.jpg","18977":"https:\/\/www.antipodes.cafe\/wp-content\/uploads\/2016\/06\/ae16_aedeg15-exhibitions-daniumpi-410.jpg","18907":"https:\/\/www.antipodes.cafe\/wp-content\/uploads\/2016\/06\/ae16_aedeg15-exhibitions-daniumpi-44.jpg","18912":"https:\/\/www.antipodes.cafe\/wp-content\/uploads\/2016\/06\/ae16_aedeg15-exhibitions-daniumpi-45.jpg","18887":"https:\/\/www.antipodes.cafe\/wp-content\/uploads\/2016\/06\/ae16_aedeg15-exhibitions-daniumpi-40.jpg","18902":"https:\/\/www.antipodes.cafe\/wp-content\/uploads\/2016\/06\/ae16_aedeg15-exhibitions-daniumpi-43.jpg","18922":"https:\/\/www.antipodes.cafe\/wp-content\/uploads\/2016\/06\/ae16_aedeg15-exhibitions-daniumpi-47.jpg","18917":"https:\/\/www.antipodes.cafe\/wp-content\/uploads\/2016\/06\/ae16_aedeg15-exhibitions-daniumpi-46.jpg","18852":"https:\/\/www.antipodes.cafe\/wp-content\/uploads\/2016\/06\/ae16_aedeg15-exhibitions-daniumpi-08.jpg","18892":"https:\/\/www.antipodes.cafe\/wp-content\/uploads\/2016\/06\/ae16_aedeg15-exhibitions-daniumpi-41.jpg","18857":"https:\/\/www.antipodes.cafe\/wp-content\/uploads\/2016\/06\/ae16_aedeg15-exhibitions-daniumpi-09.jpg","18847":"https:\/\/www.antipodes.cafe\/wp-content\/uploads\/2016\/06\/ae16_aedeg15-exhibitions-daniumpi-07.jpg","18957":"https:\/\/www.antipodes.cafe\/wp-content\/uploads\/2016\/06\/ae16_aedeg15-exhibitions-daniumpi-62.jpg","18842":"https:\/\/www.antipodes.cafe\/wp-content\/uploads\/2016\/06\/ae16_aedeg15-exhibitions-daniumpi-05.jpg","18937":"https:\/\/www.antipodes.cafe\/wp-content\/uploads\/2016\/06\/ae16_aedeg15-exhibitions-daniumpi-50.jpg","18942":"https:\/\/www.antipodes.cafe\/wp-content\/uploads\/2016\/06\/ae16_aedeg15-exhibitions-daniumpi-53.jpg","18987":"https:\/\/www.antipodes.cafe\/wp-content\/uploads\/2016\/06\/ae16_aedeg15-exhibitions-daniumpi-featured01.jpg","18882":"https:\/\/www.antipodes.cafe\/wp-content\/uploads\/2016\/06\/ae16_aedeg15-exhibitions-daniumpi-32.jpg","18877":"https:\/\/www.antipodes.cafe\/wp-content\/uploads\/2016\/06\/ae16_aedeg15-exhibitions-daniumpi-31.jpg","18967":"https:\/\/www.antipodes.cafe\/wp-content\/uploads\/2016\/06\/ae16_aedeg15-exhibitions-daniumpi-83.jpg","18947":"https:\/\/www.antipodes.cafe\/wp-content\/uploads\/2016\/06\/ae16_aedeg15-exhibitions-daniumpi-60.jpg","18952":"https:\/\/www.antipodes.cafe\/wp-content\/uploads\/2016\/06\/ae16_aedeg15-exhibitions-daniumpi-61.jpg","18972":"https:\/\/www.antipodes.cafe\/wp-content\/uploads\/2016\/06\/ae16_aedeg15-exhibitions-daniumpi-84.jpg","18962":"https:\/\/www.antipodes.cafe\/wp-content\/uploads\/2016\/06\/ae16_aedeg15-exhibitions-daniumpi-73.jpg"}},"listing_aedeg15_video":{"listing_video":""},"listing_aedeg15_listing_category":{"listing_listing_category":["aedeg15-es"]},"listing_aedeg15_location":{"listing_address":"","listing_locations":["norway","oslo"],"listing_map_location":{"address":"","latitude":"","longitude":""},"listing_map_location_polygon":"","listing_street_view":"","listing_street_view_location":{"latitude":"37.81240457820649","longitude":"-122.47607752956908","zoom":"0.8720000000000002","heading":"-18","pitch":"25"},"listing_inside_view":"","listing_inside_view_location":{"latitude":"37.81240457820649","longitude":"-122.47607752956908","zoom":"0.8720000000000002","heading":"-18","pitch":"25"}},"listing_aedeg15_contact":{"listing_email":"","listing_phone":"","listing_website":"","listing_person":"","listing_address":""},"listing_aedeg15_opening_hours":{"listing_opening_hours":[{"listing_day":"MONDAY","listing_time_from":"","listing_time_to":"","listing_custom":""},{"listing_day":"TUESDAY","listing_time_from":"","listing_time_to":"","listing_custom":""},{"listing_day":"WEDNESDAY","listing_time_from":"","listing_time_to":"","listing_custom":""},{"listing_day":"THURSDAY","listing_time_from":"","listing_time_to":"","listing_custom":""},{"listing_day":"FRIDAY","listing_time_from":"","listing_time_to":"","listing_custom":""},{"listing_day":"SATURDAY","listing_time_from":"","listing_time_to":"","listing_custom":""},{"listing_day":"SUNDAY","listing_time_from":"","listing_time_to":"","listing_custom":""}]},"listing_aedeg15_date":{"listing_date":""},"listing_aedeg15_time":{"listing_time":""},"listing_aedeg15_date_interval":{"listing_date_from":"1498435200","listing_date_to":"1473984000"},"listing_aedeg15_datetime_interval":{"listing_datetime_from":"","listing_datetime_to":""}},"_links":{"self":[{"href":"https:\/\/www.antipodes.cafe\/es\/wp-json\/wp\/v2\/aedeg15\/22028","targetHints":{"allow":["GET"]}}],"collection":[{"href":"https:\/\/www.antipodes.cafe\/es\/wp-json\/wp\/v2\/aedeg15"}],"about":[{"href":"https:\/\/www.antipodes.cafe\/es\/wp-json\/wp\/v2\/types\/aedeg15"}],"author":[{"embeddable":true,"href":"https:\/\/www.antipodes.cafe\/es\/wp-json\/wp\/v2\/users\/11"}],"replies":[{"embeddable":true,"href":"https:\/\/www.antipodes.cafe\/es\/wp-json\/wp\/v2\/comments?post=22028"}],"wp:featuredmedia":[{"embeddable":true,"href":"https:\/\/www.antipodes.cafe\/es\/wp-json\/wp\/v2\/media\/18816"}],"wp:attachment":[{"href":"https:\/\/www.antipodes.cafe\/es\/wp-json\/wp\/v2\/media?parent=22028"}],"wp:term":[{"taxonomy":"locations","embeddable":true,"href":"https:\/\/www.antipodes.cafe\/es\/wp-json\/wp\/v2\/locations?post=22028"},{"taxonomy":"listing_categories","embeddable":true,"href":"https:\/\/www.antipodes.cafe\/es\/wp-json\/wp\/v2\/listing_categories?post=22028"}],"curies":[{"name":"wp","href":"https:\/\/api.w.org\/{rel}","templated":true}]}}