{"id":20318,"date":"2012-01-01T10:00:29","date_gmt":"2012-01-01T09:00:29","guid":{"rendered":"https:\/\/www.antipodes.cafe\/aeartworks\/local-cola\/"},"modified":"2018-07-31T17:19:39","modified_gmt":"2018-07-31T15:19:39","slug":"local-cola","status":"publish","type":"aeartworks","link":"https:\/\/www.antipodes.cafe\/es\/aethings\/local-cola\/","title":{"rendered":"Local cola"},"content":{"rendered":"<p>Local cola es una colecci\u00f3n\u00a0cotidiana de todas las botellas de este refresco \u00abcola\u00bb \u2014menores a medio litro\u2014 que emulan a la mundialmente reconocida y que son posibles de comprar en tiendas de una ubicaci\u00f3n dada, siendo producidas localmente o importadas. La adquisici\u00f3n de las botellas es realizada en relaci\u00f3n a la oferta y no en base a productores o importadores de bebidas registradas en ning\u00fan instituto de bromatolog\u00eda. La colecci\u00f3n puede ser presentada en diversas formas acorde al espacio expositivo, siempre mostrando las botellas del contexto de la sala de exposici\u00f3n en un momento dado. Se dar\u00e1 preferencia a la presentaci\u00f3n de las botellas en la vidriera de acceso a la sala expositiva en caso de existir. La colecci\u00f3n actual es de Oslo e iniciada en enero de 2012.<\/p>\n<p><em>\u00abProductos y marcas producidos en una forma marginal al de la enorme multinacional. Esta obra, que transita el borde de la etnograf\u00eda, contiene humor sarc\u00e1stico \u2013otra de las caracter\u00edsticas de la obra de Ridao\u2013 y explora como un producto de consumo masivo se torna en el arquetipo del refresco. Hurga en su condici\u00f3n de signo y lo impone como un elemento naturalizado de nuestra cultura.\u00bb *<\/em><\/p>\n<p><small>* Neves, M <em>Breve introducci\u00f3n a la obra de Felipe Ridao,<\/em> Brasilia 2013<br \/>\n(Manuel Neves es curador y cr\u00edtico (AICA) especializado en arte contempor\u00e1neo latinoamericano y formado en \u00abTeor\u00eda y pr\u00e1ctica del lenguaje y las artes\u00bb en la Escuela para estudios avanzados en ciencias sociales EHESS, France.<br \/>\nEs actualmente el Director Art\u00edstico del Centro Cultural Elefante, Brasilia, Brasil. \u2013ultima revisi\u00f3n: 2018.03\u2013)<\/small><\/p>\n","protected":false},"author":11,"featured_media":21434,"comment_status":"closed","ping_status":"closed","template":"","meta":{"ngg_post_thumbnail":0},"locations":[507,505],"listing_categories":[451],"class_list":["post-20318","aeartworks","type-aeartworks","status-publish","has-post-thumbnail","hentry","locations-norway-es","locations-oslo-es-2","listing_categories-artworks-es"],"cmb2":{"listing_aeartworks_general":{"listing_title":"Local cola","listing_description":"Local cola es una colecci\u00f3n\u00a0cotidiana de todas las botellas de este refresco \"cola\" \u2014menores a medio litro\u2014 que emulan a la mundialmente reconocida y que son posibles de comprar en tiendas de una ubicaci\u00f3n dada, siendo producidas localmente o importadas. La adquisici\u00f3n de las botellas es realizada en relaci\u00f3n a la oferta y no en base a productores o importadores de bebidas registradas en ning\u00fan instituto de bromatolog\u00eda. La colecci\u00f3n puede ser presentada en diversas formas acorde al espacio expositivo, siempre mostrando las botellas del contexto de la sala de exposici\u00f3n en un momento dado. Se dar\u00e1 preferencia a la presentaci\u00f3n de las botellas en la vidriera de acceso a la sala expositiva en caso de existir. La colecci\u00f3n actual es de Oslo e iniciada en enero de 2012.\r\n\r\n<em>\"Productos y marcas producidos en una forma marginal al de la enorme multinacional. Esta obra, que transita el borde de la etnograf\u00eda, contiene humor sarc\u00e1stico \u2013otra de las caracter\u00edsticas de la obra de Ridao\u2013 y explora como un producto de consumo masivo se torna en el arquetipo del refresco. Hurga en su condici\u00f3n de signo y lo impone como un elemento naturalizado de nuestra cultura.\" <\/em>\r\nNeves, M Breve introducci\u00f3n a la obra de Felipe Ridao, Brasilia 2013*\r\n\u2014\r\n<small>\r\n* Manuel Neves es curador y cr\u00edtico (AICA) especializado en arte contempor\u00e1neo latinoamericano y formado en \"Teor\u00eda y pr\u00e1ctica del lenguaje y las artes\" en la Escuela para estudios avanzados en ciencias sociales EHESS, France.\r\nEs actualmente el Director Art\u00edstico del Centro Cultural Elefante, Brasilia, Brasil. \u2013ultima revisi\u00f3n: 2018.03-<\/small>","listing_featured_image":"","listing_featured_image_id":""},"listing_aeartworks_banner":{"listing_banner":"banner_featured_image","listing_banner_image":"","listing_banner_image_id":"","listing_banner_video":"","listing_banner_video_id":"","listing_banner_video_embed":"","listing_banner_map_zoom":"12","listing_banner_map_type":"SATELLITE","listing_banner_map_marker":""},"listing_aeartworks_gallery":{"listing_gallery":""},"listing_aeartworks_video":{"listing_video":""},"listing_aeartworks_price":{"listing_price":"","listing_price_prefix":"","listing_price_suffix":"","listing_price_custom":""},"listing_aeartworks_listing_category":{"listing_listing_category":["artwork"]},"listing_aeartworks_location":{"listing_address":"","listing_locations":["norway","oslo"],"listing_map_location":{"address":"","latitude":"","longitude":""},"listing_map_location_polygon":"","listing_street_view":"","listing_street_view_location":{"latitude":"37.81240457820649","longitude":"-122.47607752956908","zoom":"1.2389999999999997","heading":"-18","pitch":"25"},"listing_inside_view":"","listing_inside_view_location":{"latitude":"37.81240457820649","longitude":"-122.47607752956908","zoom":"1.2389999999999997","heading":"-18","pitch":"25"}},"listing_aeartworks_date":{"listing_date":"1325289600"},"listing_aeartworks_date_interval":{"listing_date_from":"","listing_date_to":""}},"_links":{"self":[{"href":"https:\/\/www.antipodes.cafe\/es\/wp-json\/wp\/v2\/aeartworks\/20318","targetHints":{"allow":["GET"]}}],"collection":[{"href":"https:\/\/www.antipodes.cafe\/es\/wp-json\/wp\/v2\/aeartworks"}],"about":[{"href":"https:\/\/www.antipodes.cafe\/es\/wp-json\/wp\/v2\/types\/aeartworks"}],"author":[{"embeddable":true,"href":"https:\/\/www.antipodes.cafe\/es\/wp-json\/wp\/v2\/users\/11"}],"replies":[{"embeddable":true,"href":"https:\/\/www.antipodes.cafe\/es\/wp-json\/wp\/v2\/comments?post=20318"}],"wp:featuredmedia":[{"embeddable":true,"href":"https:\/\/www.antipodes.cafe\/es\/wp-json\/wp\/v2\/media\/21434"}],"wp:attachment":[{"href":"https:\/\/www.antipodes.cafe\/es\/wp-json\/wp\/v2\/media?parent=20318"}],"wp:term":[{"taxonomy":"locations","embeddable":true,"href":"https:\/\/www.antipodes.cafe\/es\/wp-json\/wp\/v2\/locations?post=20318"},{"taxonomy":"listing_categories","embeddable":true,"href":"https:\/\/www.antipodes.cafe\/es\/wp-json\/wp\/v2\/listing_categories?post=20318"}],"curies":[{"name":"wp","href":"https:\/\/api.w.org\/{rel}","templated":true}]}}